{"id":426,"date":"2021-07-29T13:11:09","date_gmt":"2021-07-29T13:11:09","guid":{"rendered":"http:\/\/casaedianatiago-stp.com\/?page_id=426"},"modified":"2021-08-06T00:25:29","modified_gmt":"2021-08-06T00:25:29","slug":"galeria-2","status":"publish","type":"page","link":"https:\/\/casaedianatiago-stp.com\/index.php\/galeria-2\/","title":{"rendered":"Galeria"},"content":{"rendered":"\t\t<div data-elementor-type=\"wp-page\" data-elementor-id=\"426\" class=\"elementor elementor-426\" data-elementor-settings=\"{&quot;ha_cmc_init_switcher&quot;:&quot;no&quot;}\">\n\t\t\t\t\t\t<section class=\"elementor-section elementor-top-section elementor-element elementor-element-ead201b elementor-section-boxed elementor-section-height-default elementor-section-height-default\" data-id=\"ead201b\" data-element_type=\"section\" data-e-type=\"section\" data-settings=\"{&quot;_ha_eqh_enable&quot;:false}\">\n\t\t\t\t\t\t<div class=\"elementor-container elementor-column-gap-default\">\n\t\t\t\t\t<div class=\"elementor-column elementor-col-100 elementor-top-column elementor-element elementor-element-5911ead\" data-id=\"5911ead\" data-element_type=\"column\" data-e-type=\"column\">\n\t\t\t<div class=\"elementor-widget-wrap elementor-element-populated\">\n\t\t\t\t\t\t<div class=\"elementor-element elementor-element-e9c9f6b ha-image-grid--even elementor-widget elementor-widget-ha-image-grid happy-addon ha-image-grid\" data-id=\"e9c9f6b\" data-element_type=\"widget\" data-e-type=\"widget\" data-settings=\"{&quot;layout&quot;:&quot;even&quot;,&quot;enable_popup&quot;:&quot;yes&quot;}\" data-widget_type=\"ha-image-grid.default\">\n\t\t\t\t<div class=\"elementor-widget-container\">\n\t\t\t\t\t\t\t\t<div class=\"ha-filter hajs-filter\" data-default-filter=\".__fltr-12\" role=\"navigation\" aria-label=\"Gallery filter\">\n\t\t\t\t\t\t\t\t\t<button class=\"ha-filter__item\" type=\"button\" data-filter=\"*\">All<\/button><\/li>\n\t\t\t\t\t\t\t\t\t\t\t\t\t<button class=\"ha-filter__item\" type=\"button\" data-filter=\".__fltr-1\">Casa Ediana <\/button><\/li>\n\t\t\t\t\t\t\t\t\t<button class=\"ha-filter__item\" type=\"button\" data-filter=\".__fltr-2\">Casa Tiago <\/button><\/li>\n\t\t\t\t\t\t\t\t\t<button class=\"ha-filter__item\" type=\"button\" data-filter=\".__fltr-3\">Casa Cadio<\/button><\/li>\n\t\t\t\t\t\t\t\t\t<button class=\"ha-filter__item\" type=\"button\" data-filter=\".__fltr-4\">Bel\u00e9m<\/button><\/li>\n\t\t\t\t\t\t\t\t\t<button class=\"ha-filter__item\" type=\"button\" data-filter=\".__fltr-5\">Trindade<\/button><\/li>\n\t\t\t\t\t\t\t\t\t<button class=\"ha-filter__item\" type=\"button\" data-filter=\".__fltr-6\">Parque Natural de Ob\u00f4 e Jardim Bot\u00e2nico <\/button><\/li>\n\t\t\t\t\t\t\t\t\t<button class=\"ha-filter__item\" type=\"button\" data-filter=\".__fltr-7\">Passeios e caminhadas no distrito de M\u00e9-Zochi<\/button><\/li>\n\t\t\t\t\t\t\t\t\t<button class=\"ha-filter__item\" type=\"button\" data-filter=\".__fltr-8\">Passeios na capital<\/button><\/li>\n\t\t\t\t\t\t\t\t\t<button class=\"ha-filter__item\" type=\"button\" data-filter=\".__fltr-9\">Festas e espet\u00e1culos de rua<\/button><\/li>\n\t\t\t\t\t\t\t\t\t<button class=\"ha-filter__item\" type=\"button\" data-filter=\".__fltr-10\">Conv\u00edvio e gastronomia<\/button><\/li>\n\t\t\t\t\t\t\t\t\t<button class=\"ha-filter__item\" type=\"button\" data-filter=\".__fltr-11\">Excurs\u00f5es na estrada do sul<\/button><\/li>\n\t\t\t\t\t\t\t\t\t<button class=\"ha-filter__item\" type=\"button\" data-filter=\".__fltr-12\">Excurs\u00f5es na estrada do norte<\/button><\/li>\n\t\t\t\t\t\t\t<\/div>\n\t\t\n\t\t<div class=\"ha-image-grid__wrap hajs-isotope ha-lightbox--has\">\n\t\t\t\t\t\t\t\n\t\t\t\t<a href=\"#\" data-mfp-src=\"https:\/\/casaedianatiago-stp.com\/wp-content\/uploads\/2021\/07\/1-Casa-Ediana-fac\u0327ade-nord-et-jardin-1-1024x765-1.jpeg\" class=\"ha-image-grid__item ha-js-lightbox __fltr-1\">\n\t\t\t\t\t<img fetchpriority=\"high\" decoding=\"async\" width=\"768\" height=\"574\" src=\"https:\/\/casaedianatiago-stp.com\/wp-content\/uploads\/2021\/07\/1-Casa-Ediana-fac\u0327ade-nord-et-jardin-1-1024x765-1-768x574.jpeg\" class=\"elementor-animation-grow\" alt=\"\" srcset=\"https:\/\/casaedianatiago-stp.com\/wp-content\/uploads\/2021\/07\/1-Casa-Ediana-fac\u0327ade-nord-et-jardin-1-1024x765-1-768x574.jpeg 768w, https:\/\/casaedianatiago-stp.com\/wp-content\/uploads\/2021\/07\/1-Casa-Ediana-fac\u0327ade-nord-et-jardin-1-1024x765-1-300x224.jpeg 300w, https:\/\/casaedianatiago-stp.com\/wp-content\/uploads\/2021\/07\/1-Casa-Ediana-fac\u0327ade-nord-et-jardin-1-1024x765-1.jpeg 1024w\" sizes=\"(max-width: 768px) 100vw, 768px\" \/>\t\t\t\t<\/a>\n\t\t\t\t\t\t\t\n\t\t\t\t<a href=\"#\" data-mfp-src=\"https:\/\/casaedianatiago-stp.com\/wp-content\/uploads\/2021\/08\/2-casaediana-fac\u0327ade2-1-1024x776.jpeg\" class=\"ha-image-grid__item ha-js-lightbox __fltr-1\">\n\t\t\t\t\t<img decoding=\"async\" width=\"768\" height=\"582\" src=\"https:\/\/casaedianatiago-stp.com\/wp-content\/uploads\/2021\/08\/2-casaediana-fac\u0327ade2-1-768x582.jpeg\" class=\"elementor-animation-grow\" alt=\"\" srcset=\"https:\/\/casaedianatiago-stp.com\/wp-content\/uploads\/2021\/08\/2-casaediana-fac\u0327ade2-1-768x582.jpeg 768w, https:\/\/casaedianatiago-stp.com\/wp-content\/uploads\/2021\/08\/2-casaediana-fac\u0327ade2-1-300x227.jpeg 300w, https:\/\/casaedianatiago-stp.com\/wp-content\/uploads\/2021\/08\/2-casaediana-fac\u0327ade2-1-1024x776.jpeg 1024w, https:\/\/casaedianatiago-stp.com\/wp-content\/uploads\/2021\/08\/2-casaediana-fac\u0327ade2-1-1536x1164.jpeg 1536w, https:\/\/casaedianatiago-stp.com\/wp-content\/uploads\/2021\/08\/2-casaediana-fac\u0327ade2-1.jpeg 1936w\" sizes=\"(max-width: 768px) 100vw, 768px\" \/>\t\t\t\t<\/a>\n\t\t\t\t\t\t\t\n\t\t\t\t<a href=\"#\" data-mfp-src=\"https:\/\/casaedianatiago-stp.com\/wp-content\/uploads\/2021\/07\/3-Casa-ediana-entre\u0301e-1-1024x768.jpeg\" class=\"ha-image-grid__item ha-js-lightbox __fltr-1\">\n\t\t\t\t\t<img decoding=\"async\" width=\"768\" height=\"576\" src=\"https:\/\/casaedianatiago-stp.com\/wp-content\/uploads\/2021\/07\/3-Casa-ediana-entre\u0301e-1-768x576.jpeg\" class=\"elementor-animation-grow\" alt=\"\" srcset=\"https:\/\/casaedianatiago-stp.com\/wp-content\/uploads\/2021\/07\/3-Casa-ediana-entre\u0301e-1-768x576.jpeg 768w, https:\/\/casaedianatiago-stp.com\/wp-content\/uploads\/2021\/07\/3-Casa-ediana-entre\u0301e-1-300x225.jpeg 300w, https:\/\/casaedianatiago-stp.com\/wp-content\/uploads\/2021\/07\/3-Casa-ediana-entre\u0301e-1-1024x768.jpeg 1024w, https:\/\/casaedianatiago-stp.com\/wp-content\/uploads\/2021\/07\/3-Casa-ediana-entre\u0301e-1-1536x1152.jpeg 1536w, https:\/\/casaedianatiago-stp.com\/wp-content\/uploads\/2021\/07\/3-Casa-ediana-entre\u0301e-1-2048x1536.jpeg 2048w\" sizes=\"(max-width: 768px) 100vw, 768px\" \/>\t\t\t\t<\/a>\n\t\t\t\t\t\t\t\n\t\t\t\t<a href=\"#\" data-mfp-src=\"https:\/\/casaedianatiago-stp.com\/wp-content\/uploads\/2021\/08\/4-casaediana-tableve\u0301randa-1-scaled-1-1024x765.jpeg\" class=\"ha-image-grid__item ha-js-lightbox __fltr-1\">\n\t\t\t\t\t<img loading=\"lazy\" decoding=\"async\" width=\"768\" height=\"574\" src=\"https:\/\/casaedianatiago-stp.com\/wp-content\/uploads\/2021\/08\/4-casaediana-tableve\u0301randa-1-scaled-1-768x574.jpeg\" class=\"elementor-animation-grow\" alt=\"\" srcset=\"https:\/\/casaedianatiago-stp.com\/wp-content\/uploads\/2021\/08\/4-casaediana-tableve\u0301randa-1-scaled-1-768x574.jpeg 768w, https:\/\/casaedianatiago-stp.com\/wp-content\/uploads\/2021\/08\/4-casaediana-tableve\u0301randa-1-scaled-1-300x224.jpeg 300w, https:\/\/casaedianatiago-stp.com\/wp-content\/uploads\/2021\/08\/4-casaediana-tableve\u0301randa-1-scaled-1-1024x765.jpeg 1024w, https:\/\/casaedianatiago-stp.com\/wp-content\/uploads\/2021\/08\/4-casaediana-tableve\u0301randa-1-scaled-1-1536x1147.jpeg 1536w, https:\/\/casaedianatiago-stp.com\/wp-content\/uploads\/2021\/08\/4-casaediana-tableve\u0301randa-1-scaled-1-2048x1530.jpeg 2048w\" sizes=\"(max-width: 768px) 100vw, 768px\" \/>\t\t\t\t<\/a>\n\t\t\t\t\t\t\t\n\t\t\t\t<a href=\"#\" data-mfp-src=\"https:\/\/casaedianatiago-stp.com\/wp-content\/uploads\/2021\/07\/5-Casa-Ediana-chambre-bambou-3-2-scaled-1-1024x768.jpeg\" class=\"ha-image-grid__item ha-js-lightbox __fltr-1\">\n\t\t\t\t\t<img loading=\"lazy\" decoding=\"async\" width=\"768\" height=\"576\" src=\"https:\/\/casaedianatiago-stp.com\/wp-content\/uploads\/2021\/07\/5-Casa-Ediana-chambre-bambou-3-2-scaled-1-768x576.jpeg\" class=\"elementor-animation-grow\" alt=\"\" srcset=\"https:\/\/casaedianatiago-stp.com\/wp-content\/uploads\/2021\/07\/5-Casa-Ediana-chambre-bambou-3-2-scaled-1-768x576.jpeg 768w, https:\/\/casaedianatiago-stp.com\/wp-content\/uploads\/2021\/07\/5-Casa-Ediana-chambre-bambou-3-2-scaled-1-300x225.jpeg 300w, https:\/\/casaedianatiago-stp.com\/wp-content\/uploads\/2021\/07\/5-Casa-Ediana-chambre-bambou-3-2-scaled-1-1024x768.jpeg 1024w, https:\/\/casaedianatiago-stp.com\/wp-content\/uploads\/2021\/07\/5-Casa-Ediana-chambre-bambou-3-2-scaled-1-1536x1152.jpeg 1536w, https:\/\/casaedianatiago-stp.com\/wp-content\/uploads\/2021\/07\/5-Casa-Ediana-chambre-bambou-3-2-scaled-1-2048x1536.jpeg 2048w\" sizes=\"(max-width: 768px) 100vw, 768px\" \/>\t\t\t\t<\/a>\n\t\t\t\t\t\t\t\n\t\t\t\t<a href=\"#\" data-mfp-src=\"https:\/\/casaedianatiago-stp.com\/wp-content\/uploads\/2021\/07\/6-Casa-Ediana-chambre-Cidrela-1-1-rotated-1-768x1024.jpeg\" class=\"ha-image-grid__item ha-js-lightbox __fltr-1\">\n\t\t\t\t\t<img loading=\"lazy\" decoding=\"async\" width=\"768\" height=\"1024\" src=\"https:\/\/casaedianatiago-stp.com\/wp-content\/uploads\/2021\/07\/6-Casa-Ediana-chambre-Cidrela-1-1-rotated-1-768x1024.jpeg\" class=\"elementor-animation-grow\" alt=\"\" srcset=\"https:\/\/casaedianatiago-stp.com\/wp-content\/uploads\/2021\/07\/6-Casa-Ediana-chambre-Cidrela-1-1-rotated-1-768x1024.jpeg 768w, https:\/\/casaedianatiago-stp.com\/wp-content\/uploads\/2021\/07\/6-Casa-Ediana-chambre-Cidrela-1-1-rotated-1-225x300.jpeg 225w, https:\/\/casaedianatiago-stp.com\/wp-content\/uploads\/2021\/07\/6-Casa-Ediana-chambre-Cidrela-1-1-rotated-1-1152x1536.jpeg 1152w, https:\/\/casaedianatiago-stp.com\/wp-content\/uploads\/2021\/07\/6-Casa-Ediana-chambre-Cidrela-1-1-rotated-1-1536x2048.jpeg 1536w, https:\/\/casaedianatiago-stp.com\/wp-content\/uploads\/2021\/07\/6-Casa-Ediana-chambre-Cidrela-1-1-rotated-1.jpeg 1875w\" sizes=\"(max-width: 768px) 100vw, 768px\" \/>\t\t\t\t<\/a>\n\t\t\t\t\t\t\t\n\t\t\t\t<a href=\"#\" data-mfp-src=\"https:\/\/casaedianatiago-stp.com\/wp-content\/uploads\/2021\/07\/CE-fene\u0302tre-sur-jardin.jpeg\" class=\"ha-image-grid__item ha-js-lightbox __fltr-1\">\n\t\t\t\t\t<img loading=\"lazy\" decoding=\"async\" width=\"577\" height=\"433\" src=\"https:\/\/casaedianatiago-stp.com\/wp-content\/uploads\/2021\/07\/CE-fene\u0302tre-sur-jardin.jpeg\" class=\"elementor-animation-grow\" alt=\"\" srcset=\"https:\/\/casaedianatiago-stp.com\/wp-content\/uploads\/2021\/07\/CE-fene\u0302tre-sur-jardin.jpeg 577w, https:\/\/casaedianatiago-stp.com\/wp-content\/uploads\/2021\/07\/CE-fene\u0302tre-sur-jardin-300x225.jpeg 300w\" sizes=\"(max-width: 577px) 100vw, 577px\" \/>\t\t\t\t<\/a>\n\t\t\t\t\t\t\t\n\t\t\t\t<a href=\"#\" data-mfp-src=\"https:\/\/casaedianatiago-stp.com\/wp-content\/uploads\/2021\/07\/8-Casa-Ediana-salle-de-bain.jpeg\" class=\"ha-image-grid__item ha-js-lightbox __fltr-1\">\n\t\t\t\t\t<img loading=\"lazy\" decoding=\"async\" width=\"717\" height=\"960\" src=\"https:\/\/casaedianatiago-stp.com\/wp-content\/uploads\/2021\/07\/8-Casa-Ediana-salle-de-bain.jpeg\" class=\"elementor-animation-grow\" alt=\"\" srcset=\"https:\/\/casaedianatiago-stp.com\/wp-content\/uploads\/2021\/07\/8-Casa-Ediana-salle-de-bain.jpeg 717w, https:\/\/casaedianatiago-stp.com\/wp-content\/uploads\/2021\/07\/8-Casa-Ediana-salle-de-bain-224x300.jpeg 224w\" sizes=\"(max-width: 717px) 100vw, 717px\" \/>\t\t\t\t<\/a>\n\t\t\t\t\t\t\t\n\t\t\t\t<a href=\"#\" data-mfp-src=\"https:\/\/casaedianatiago-stp.com\/wp-content\/uploads\/2021\/07\/9-Casa-Ediana-salle-a\u0300-manger-cuisine-en-ve\u0301randa-scaled-1-1024x765.jpeg\" class=\"ha-image-grid__item ha-js-lightbox __fltr-1\">\n\t\t\t\t\t<img loading=\"lazy\" decoding=\"async\" width=\"768\" height=\"574\" src=\"https:\/\/casaedianatiago-stp.com\/wp-content\/uploads\/2021\/07\/9-Casa-Ediana-salle-a\u0300-manger-cuisine-en-ve\u0301randa-scaled-1-768x574.jpeg\" class=\"elementor-animation-grow\" alt=\"\" srcset=\"https:\/\/casaedianatiago-stp.com\/wp-content\/uploads\/2021\/07\/9-Casa-Ediana-salle-a\u0300-manger-cuisine-en-ve\u0301randa-scaled-1-768x574.jpeg 768w, https:\/\/casaedianatiago-stp.com\/wp-content\/uploads\/2021\/07\/9-Casa-Ediana-salle-a\u0300-manger-cuisine-en-ve\u0301randa-scaled-1-300x224.jpeg 300w, https:\/\/casaedianatiago-stp.com\/wp-content\/uploads\/2021\/07\/9-Casa-Ediana-salle-a\u0300-manger-cuisine-en-ve\u0301randa-scaled-1-1024x765.jpeg 1024w, https:\/\/casaedianatiago-stp.com\/wp-content\/uploads\/2021\/07\/9-Casa-Ediana-salle-a\u0300-manger-cuisine-en-ve\u0301randa-scaled-1-1536x1147.jpeg 1536w, https:\/\/casaedianatiago-stp.com\/wp-content\/uploads\/2021\/07\/9-Casa-Ediana-salle-a\u0300-manger-cuisine-en-ve\u0301randa-scaled-1-2048x1530.jpeg 2048w\" sizes=\"(max-width: 768px) 100vw, 768px\" \/>\t\t\t\t<\/a>\n\t\t\t\t\t\t\t\n\t\t\t\t<a href=\"#\" data-mfp-src=\"https:\/\/casaedianatiago-stp.com\/wp-content\/uploads\/2021\/07\/10-petit-de\u0301jeuner-Casa-Ediana-1-scaled-1-1024x768.jpeg\" class=\"ha-image-grid__item ha-js-lightbox __fltr-1\">\n\t\t\t\t\t<img loading=\"lazy\" decoding=\"async\" width=\"768\" height=\"576\" src=\"https:\/\/casaedianatiago-stp.com\/wp-content\/uploads\/2021\/07\/10-petit-de\u0301jeuner-Casa-Ediana-1-scaled-1-768x576.jpeg\" class=\"elementor-animation-grow\" alt=\"\" srcset=\"https:\/\/casaedianatiago-stp.com\/wp-content\/uploads\/2021\/07\/10-petit-de\u0301jeuner-Casa-Ediana-1-scaled-1-768x576.jpeg 768w, https:\/\/casaedianatiago-stp.com\/wp-content\/uploads\/2021\/07\/10-petit-de\u0301jeuner-Casa-Ediana-1-scaled-1-300x225.jpeg 300w, https:\/\/casaedianatiago-stp.com\/wp-content\/uploads\/2021\/07\/10-petit-de\u0301jeuner-Casa-Ediana-1-scaled-1-1024x768.jpeg 1024w, https:\/\/casaedianatiago-stp.com\/wp-content\/uploads\/2021\/07\/10-petit-de\u0301jeuner-Casa-Ediana-1-scaled-1-1536x1152.jpeg 1536w, https:\/\/casaedianatiago-stp.com\/wp-content\/uploads\/2021\/07\/10-petit-de\u0301jeuner-Casa-Ediana-1-scaled-1-2048x1536.jpeg 2048w\" sizes=\"(max-width: 768px) 100vw, 768px\" \/>\t\t\t\t<\/a>\n\t\t\t\t\t\t\t\n\t\t\t\t<a href=\"#\" data-mfp-src=\"https:\/\/casaedianatiago-stp.com\/wp-content\/uploads\/2021\/07\/10-Casa-Ediana-jardin-fleuri-1-rotated-1-768x1024.jpeg\" class=\"ha-image-grid__item ha-js-lightbox __fltr-1\">\n\t\t\t\t\t<img loading=\"lazy\" decoding=\"async\" width=\"768\" height=\"1024\" src=\"https:\/\/casaedianatiago-stp.com\/wp-content\/uploads\/2021\/07\/10-Casa-Ediana-jardin-fleuri-1-rotated-1-768x1024.jpeg\" class=\"elementor-animation-grow\" alt=\"\" srcset=\"https:\/\/casaedianatiago-stp.com\/wp-content\/uploads\/2021\/07\/10-Casa-Ediana-jardin-fleuri-1-rotated-1-768x1024.jpeg 768w, https:\/\/casaedianatiago-stp.com\/wp-content\/uploads\/2021\/07\/10-Casa-Ediana-jardin-fleuri-1-rotated-1-225x300.jpeg 225w, https:\/\/casaedianatiago-stp.com\/wp-content\/uploads\/2021\/07\/10-Casa-Ediana-jardin-fleuri-1-rotated-1-1152x1536.jpeg 1152w, https:\/\/casaedianatiago-stp.com\/wp-content\/uploads\/2021\/07\/10-Casa-Ediana-jardin-fleuri-1-rotated-1-1536x2048.jpeg 1536w, https:\/\/casaedianatiago-stp.com\/wp-content\/uploads\/2021\/07\/10-Casa-Ediana-jardin-fleuri-1-rotated-1.jpeg 1875w\" sizes=\"(max-width: 768px) 100vw, 768px\" \/>\t\t\t\t<\/a>\n\t\t\t\t\t\t\t\n\t\t\t\t<a href=\"#\" data-mfp-src=\"https:\/\/casaedianatiago-stp.com\/wp-content\/uploads\/2021\/08\/Copie-de-1-Casa-Tiago-fac\u0327ade-et-jardin-2-1-1024x461.jpeg\" class=\"ha-image-grid__item ha-js-lightbox __fltr-2\">\n\t\t\t\t\t<img loading=\"lazy\" decoding=\"async\" width=\"768\" height=\"346\" src=\"https:\/\/casaedianatiago-stp.com\/wp-content\/uploads\/2021\/08\/Copie-de-1-Casa-Tiago-fac\u0327ade-et-jardin-2-1-768x346.jpeg\" class=\"elementor-animation-grow\" alt=\"\" srcset=\"https:\/\/casaedianatiago-stp.com\/wp-content\/uploads\/2021\/08\/Copie-de-1-Casa-Tiago-fac\u0327ade-et-jardin-2-1-768x346.jpeg 768w, https:\/\/casaedianatiago-stp.com\/wp-content\/uploads\/2021\/08\/Copie-de-1-Casa-Tiago-fac\u0327ade-et-jardin-2-1-300x135.jpeg 300w, https:\/\/casaedianatiago-stp.com\/wp-content\/uploads\/2021\/08\/Copie-de-1-Casa-Tiago-fac\u0327ade-et-jardin-2-1-1024x461.jpeg 1024w, https:\/\/casaedianatiago-stp.com\/wp-content\/uploads\/2021\/08\/Copie-de-1-Casa-Tiago-fac\u0327ade-et-jardin-2-1-1536x691.jpeg 1536w, https:\/\/casaedianatiago-stp.com\/wp-content\/uploads\/2021\/08\/Copie-de-1-Casa-Tiago-fac\u0327ade-et-jardin-2-1-2048x922.jpeg 2048w\" sizes=\"(max-width: 768px) 100vw, 768px\" \/>\t\t\t\t<\/a>\n\t\t\t\t\t\t\t\n\t\t\t\t<a href=\"#\" data-mfp-src=\"https:\/\/casaedianatiago-stp.com\/wp-content\/uploads\/2021\/08\/2-Casa-Tiago-escalier-dentre\u0301e-matin-de-soleil-1024x768.jpeg\" class=\"ha-image-grid__item ha-js-lightbox __fltr-2\">\n\t\t\t\t\t<img loading=\"lazy\" decoding=\"async\" width=\"768\" height=\"576\" src=\"https:\/\/casaedianatiago-stp.com\/wp-content\/uploads\/2021\/08\/2-Casa-Tiago-escalier-dentre\u0301e-matin-de-soleil-768x576.jpeg\" class=\"elementor-animation-grow\" alt=\"\" srcset=\"https:\/\/casaedianatiago-stp.com\/wp-content\/uploads\/2021\/08\/2-Casa-Tiago-escalier-dentre\u0301e-matin-de-soleil-768x576.jpeg 768w, https:\/\/casaedianatiago-stp.com\/wp-content\/uploads\/2021\/08\/2-Casa-Tiago-escalier-dentre\u0301e-matin-de-soleil-300x225.jpeg 300w, https:\/\/casaedianatiago-stp.com\/wp-content\/uploads\/2021\/08\/2-Casa-Tiago-escalier-dentre\u0301e-matin-de-soleil-1024x768.jpeg 1024w, https:\/\/casaedianatiago-stp.com\/wp-content\/uploads\/2021\/08\/2-Casa-Tiago-escalier-dentre\u0301e-matin-de-soleil-1536x1152.jpeg 1536w, https:\/\/casaedianatiago-stp.com\/wp-content\/uploads\/2021\/08\/2-Casa-Tiago-escalier-dentre\u0301e-matin-de-soleil-2048x1536.jpeg 2048w\" sizes=\"(max-width: 768px) 100vw, 768px\" \/>\t\t\t\t<\/a>\n\t\t\t\t\t\t\t\n\t\t\t\t<a href=\"#\" data-mfp-src=\"https:\/\/casaedianatiago-stp.com\/wp-content\/uploads\/2021\/07\/Casa-Tiago-veranda-1-1024x768.jpeg\" class=\"ha-image-grid__item ha-js-lightbox __fltr-2\">\n\t\t\t\t\t<img loading=\"lazy\" decoding=\"async\" width=\"768\" height=\"576\" src=\"https:\/\/casaedianatiago-stp.com\/wp-content\/uploads\/2021\/07\/Casa-Tiago-veranda-1-768x576.jpeg\" class=\"elementor-animation-grow\" alt=\"\" srcset=\"https:\/\/casaedianatiago-stp.com\/wp-content\/uploads\/2021\/07\/Casa-Tiago-veranda-1-768x576.jpeg 768w, https:\/\/casaedianatiago-stp.com\/wp-content\/uploads\/2021\/07\/Casa-Tiago-veranda-1-300x225.jpeg 300w, https:\/\/casaedianatiago-stp.com\/wp-content\/uploads\/2021\/07\/Casa-Tiago-veranda-1-1024x768.jpeg 1024w, https:\/\/casaedianatiago-stp.com\/wp-content\/uploads\/2021\/07\/Casa-Tiago-veranda-1-1536x1152.jpeg 1536w, https:\/\/casaedianatiago-stp.com\/wp-content\/uploads\/2021\/07\/Casa-Tiago-veranda-1-2048x1536.jpeg 2048w, https:\/\/casaedianatiago-stp.com\/wp-content\/uploads\/2021\/07\/Casa-Tiago-veranda-1-1568x1176.jpeg 1568w\" sizes=\"(max-width: 768px) 100vw, 768px\" \/>\t\t\t\t<\/a>\n\t\t\t\t\t\t\t\n\t\t\t\t<a href=\"#\" data-mfp-src=\"https:\/\/casaedianatiago-stp.com\/wp-content\/uploads\/2021\/07\/1-Casa-Tiago-table-mise-sur-la-ve\u0301randa-pm.jpeg\" class=\"ha-image-grid__item ha-js-lightbox __fltr-2\">\n\t\t\t\t\t<img loading=\"lazy\" decoding=\"async\" width=\"612\" height=\"408\" src=\"https:\/\/casaedianatiago-stp.com\/wp-content\/uploads\/2021\/07\/1-Casa-Tiago-table-mise-sur-la-ve\u0301randa-pm.jpeg\" class=\"elementor-animation-grow\" alt=\"\" srcset=\"https:\/\/casaedianatiago-stp.com\/wp-content\/uploads\/2021\/07\/1-Casa-Tiago-table-mise-sur-la-ve\u0301randa-pm.jpeg 612w, https:\/\/casaedianatiago-stp.com\/wp-content\/uploads\/2021\/07\/1-Casa-Tiago-table-mise-sur-la-ve\u0301randa-pm-300x200.jpeg 300w\" sizes=\"(max-width: 612px) 100vw, 612px\" \/>\t\t\t\t<\/a>\n\t\t\t\t\t\t\t\n\t\t\t\t<a href=\"#\" data-mfp-src=\"https:\/\/casaedianatiago-stp.com\/wp-content\/uploads\/2021\/07\/9-Casa-Tiago-chambre-Obo\u0302-pm.jpeg\" class=\"ha-image-grid__item ha-js-lightbox __fltr-2\">\n\t\t\t\t\t<img loading=\"lazy\" decoding=\"async\" width=\"577\" height=\"433\" src=\"https:\/\/casaedianatiago-stp.com\/wp-content\/uploads\/2021\/07\/9-Casa-Tiago-chambre-Obo\u0302-pm.jpeg\" class=\"elementor-animation-grow\" alt=\"\" srcset=\"https:\/\/casaedianatiago-stp.com\/wp-content\/uploads\/2021\/07\/9-Casa-Tiago-chambre-Obo\u0302-pm.jpeg 577w, https:\/\/casaedianatiago-stp.com\/wp-content\/uploads\/2021\/07\/9-Casa-Tiago-chambre-Obo\u0302-pm-300x225.jpeg 300w\" sizes=\"(max-width: 577px) 100vw, 577px\" \/>\t\t\t\t<\/a>\n\t\t\t\t\t\t\t\n\t\t\t\t<a href=\"#\" data-mfp-src=\"https:\/\/casaedianatiago-stp.com\/wp-content\/uploads\/2021\/07\/6-Casa-Tiago-chambre-Praia-scaled-1-1024x768.jpeg\" class=\"ha-image-grid__item ha-js-lightbox __fltr-2\">\n\t\t\t\t\t<img loading=\"lazy\" decoding=\"async\" width=\"768\" height=\"576\" src=\"https:\/\/casaedianatiago-stp.com\/wp-content\/uploads\/2021\/07\/6-Casa-Tiago-chambre-Praia-scaled-1-768x576.jpeg\" class=\"elementor-animation-grow\" alt=\"\" srcset=\"https:\/\/casaedianatiago-stp.com\/wp-content\/uploads\/2021\/07\/6-Casa-Tiago-chambre-Praia-scaled-1-768x576.jpeg 768w, https:\/\/casaedianatiago-stp.com\/wp-content\/uploads\/2021\/07\/6-Casa-Tiago-chambre-Praia-scaled-1-300x225.jpeg 300w, https:\/\/casaedianatiago-stp.com\/wp-content\/uploads\/2021\/07\/6-Casa-Tiago-chambre-Praia-scaled-1-1024x768.jpeg 1024w, https:\/\/casaedianatiago-stp.com\/wp-content\/uploads\/2021\/07\/6-Casa-Tiago-chambre-Praia-scaled-1-1536x1152.jpeg 1536w, https:\/\/casaedianatiago-stp.com\/wp-content\/uploads\/2021\/07\/6-Casa-Tiago-chambre-Praia-scaled-1-2048x1536.jpeg 2048w\" sizes=\"(max-width: 768px) 100vw, 768px\" \/>\t\t\t\t<\/a>\n\t\t\t\t\t\t\t\n\t\t\t\t<a href=\"#\" data-mfp-src=\"https:\/\/casaedianatiago-stp.com\/wp-content\/uploads\/2021\/07\/11-Casa-Tiago-chambre-Roc\u0327a-pm.jpeg\" class=\"ha-image-grid__item ha-js-lightbox __fltr-2\">\n\t\t\t\t\t<img loading=\"lazy\" decoding=\"async\" width=\"577\" height=\"433\" src=\"https:\/\/casaedianatiago-stp.com\/wp-content\/uploads\/2021\/07\/11-Casa-Tiago-chambre-Roc\u0327a-pm.jpeg\" class=\"elementor-animation-grow\" alt=\"\" srcset=\"https:\/\/casaedianatiago-stp.com\/wp-content\/uploads\/2021\/07\/11-Casa-Tiago-chambre-Roc\u0327a-pm.jpeg 577w, https:\/\/casaedianatiago-stp.com\/wp-content\/uploads\/2021\/07\/11-Casa-Tiago-chambre-Roc\u0327a-pm-300x225.jpeg 300w\" sizes=\"(max-width: 577px) 100vw, 577px\" \/>\t\t\t\t<\/a>\n\t\t\t\t\t\t\t\n\t\t\t\t<a href=\"#\" data-mfp-src=\"https:\/\/casaedianatiago-stp.com\/wp-content\/uploads\/2021\/07\/12-Casa-Tiago-salle-de-bain-pm.jpeg\" class=\"ha-image-grid__item ha-js-lightbox __fltr-2\">\n\t\t\t\t\t<img loading=\"lazy\" decoding=\"async\" width=\"577\" height=\"433\" src=\"https:\/\/casaedianatiago-stp.com\/wp-content\/uploads\/2021\/07\/12-Casa-Tiago-salle-de-bain-pm.jpeg\" class=\"elementor-animation-grow\" alt=\"\" srcset=\"https:\/\/casaedianatiago-stp.com\/wp-content\/uploads\/2021\/07\/12-Casa-Tiago-salle-de-bain-pm.jpeg 577w, https:\/\/casaedianatiago-stp.com\/wp-content\/uploads\/2021\/07\/12-Casa-Tiago-salle-de-bain-pm-300x225.jpeg 300w\" sizes=\"(max-width: 577px) 100vw, 577px\" \/>\t\t\t\t<\/a>\n\t\t\t\t\t\t\t\n\t\t\t\t<a href=\"#\" data-mfp-src=\"https:\/\/casaedianatiago-stp.com\/wp-content\/uploads\/2021\/07\/2-jardin-Casa-Tiago-pm.jpeg\" class=\"ha-image-grid__item ha-js-lightbox __fltr-2\">\n\t\t\t\t\t<img loading=\"lazy\" decoding=\"async\" width=\"577\" height=\"433\" src=\"https:\/\/casaedianatiago-stp.com\/wp-content\/uploads\/2021\/07\/2-jardin-Casa-Tiago-pm.jpeg\" class=\"elementor-animation-grow\" alt=\"\" srcset=\"https:\/\/casaedianatiago-stp.com\/wp-content\/uploads\/2021\/07\/2-jardin-Casa-Tiago-pm.jpeg 577w, https:\/\/casaedianatiago-stp.com\/wp-content\/uploads\/2021\/07\/2-jardin-Casa-Tiago-pm-300x225.jpeg 300w\" sizes=\"(max-width: 577px) 100vw, 577px\" \/>\t\t\t\t<\/a>\n\t\t\t\t\t\t\t\n\t\t\t\t<a href=\"#\" data-mfp-src=\"https:\/\/casaedianatiago-stp.com\/wp-content\/uploads\/2021\/07\/Casa-Tiago-de-nuit-2-1-1024x768.jpeg\" class=\"ha-image-grid__item ha-js-lightbox __fltr-2\">\n\t\t\t\t\t<img loading=\"lazy\" decoding=\"async\" width=\"768\" height=\"576\" src=\"https:\/\/casaedianatiago-stp.com\/wp-content\/uploads\/2021\/07\/Casa-Tiago-de-nuit-2-1-768x576.jpeg\" class=\"elementor-animation-grow\" alt=\"\" srcset=\"https:\/\/casaedianatiago-stp.com\/wp-content\/uploads\/2021\/07\/Casa-Tiago-de-nuit-2-1-768x576.jpeg 768w, https:\/\/casaedianatiago-stp.com\/wp-content\/uploads\/2021\/07\/Casa-Tiago-de-nuit-2-1-300x225.jpeg 300w, https:\/\/casaedianatiago-stp.com\/wp-content\/uploads\/2021\/07\/Casa-Tiago-de-nuit-2-1-1024x768.jpeg 1024w, https:\/\/casaedianatiago-stp.com\/wp-content\/uploads\/2021\/07\/Casa-Tiago-de-nuit-2-1-1536x1152.jpeg 1536w, https:\/\/casaedianatiago-stp.com\/wp-content\/uploads\/2021\/07\/Casa-Tiago-de-nuit-2-1-2048x1536.jpeg 2048w\" sizes=\"(max-width: 768px) 100vw, 768px\" \/>\t\t\t\t<\/a>\n\t\t\t\t\t\t\t\n\t\t\t\t<a href=\"#\" data-mfp-src=\"https:\/\/casaedianatiago-stp.com\/wp-content\/uploads\/2021\/07\/Casa-Tiago-bien-de\u0301gage\u0301e-pm.jpeg\" class=\"ha-image-grid__item ha-js-lightbox __fltr-2\">\n\t\t\t\t\t<img loading=\"lazy\" decoding=\"async\" width=\"745\" height=\"335\" src=\"https:\/\/casaedianatiago-stp.com\/wp-content\/uploads\/2021\/07\/Casa-Tiago-bien-de\u0301gage\u0301e-pm.jpeg\" class=\"elementor-animation-grow\" alt=\"\" srcset=\"https:\/\/casaedianatiago-stp.com\/wp-content\/uploads\/2021\/07\/Casa-Tiago-bien-de\u0301gage\u0301e-pm.jpeg 745w, https:\/\/casaedianatiago-stp.com\/wp-content\/uploads\/2021\/07\/Casa-Tiago-bien-de\u0301gage\u0301e-pm-300x135.jpeg 300w\" sizes=\"(max-width: 745px) 100vw, 745px\" \/>\t\t\t\t<\/a>\n\t\t\t\t\t\t\t\n\t\t\t\t<a href=\"#\" data-mfp-src=\"https:\/\/casaedianatiago-stp.com\/wp-content\/uploads\/2021\/07\/13-Casa-Cadio-Bele\u0301m-pm.jpeg\" class=\"ha-image-grid__item ha-js-lightbox __fltr-3\">\n\t\t\t\t\t<img loading=\"lazy\" decoding=\"async\" width=\"578\" height=\"432\" src=\"https:\/\/casaedianatiago-stp.com\/wp-content\/uploads\/2021\/07\/13-Casa-Cadio-Bele\u0301m-pm.jpeg\" class=\"elementor-animation-grow\" alt=\"\" srcset=\"https:\/\/casaedianatiago-stp.com\/wp-content\/uploads\/2021\/07\/13-Casa-Cadio-Bele\u0301m-pm.jpeg 578w, https:\/\/casaedianatiago-stp.com\/wp-content\/uploads\/2021\/07\/13-Casa-Cadio-Bele\u0301m-pm-300x224.jpeg 300w\" sizes=\"(max-width: 578px) 100vw, 578px\" \/>\t\t\t\t<\/a>\n\t\t\t\t\t\t\t\n\t\t\t\t<a href=\"#\" data-mfp-src=\"https:\/\/casaedianatiago-stp.com\/wp-content\/uploads\/2021\/07\/2-Casa-Cadio-chambre-A4-scaled-1-768x1024.jpeg\" class=\"ha-image-grid__item ha-js-lightbox __fltr-3\">\n\t\t\t\t\t<img loading=\"lazy\" decoding=\"async\" width=\"768\" height=\"1024\" src=\"https:\/\/casaedianatiago-stp.com\/wp-content\/uploads\/2021\/07\/2-Casa-Cadio-chambre-A4-scaled-1-768x1024.jpeg\" class=\"elementor-animation-grow\" alt=\"\" srcset=\"https:\/\/casaedianatiago-stp.com\/wp-content\/uploads\/2021\/07\/2-Casa-Cadio-chambre-A4-scaled-1-768x1024.jpeg 768w, https:\/\/casaedianatiago-stp.com\/wp-content\/uploads\/2021\/07\/2-Casa-Cadio-chambre-A4-scaled-1-225x300.jpeg 225w, https:\/\/casaedianatiago-stp.com\/wp-content\/uploads\/2021\/07\/2-Casa-Cadio-chambre-A4-scaled-1-1152x1536.jpeg 1152w, https:\/\/casaedianatiago-stp.com\/wp-content\/uploads\/2021\/07\/2-Casa-Cadio-chambre-A4-scaled-1-1536x2048.jpeg 1536w, https:\/\/casaedianatiago-stp.com\/wp-content\/uploads\/2021\/07\/2-Casa-Cadio-chambre-A4-scaled-1.jpeg 1920w\" sizes=\"(max-width: 768px) 100vw, 768px\" \/>\t\t\t\t<\/a>\n\t\t\t\t\t\t\t\n\t\t\t\t<a href=\"#\" data-mfp-src=\"https:\/\/casaedianatiago-stp.com\/wp-content\/uploads\/2021\/07\/16-Casa-Cadio-salle-de-bain-2-pm-rotated-1.jpeg\" class=\"ha-image-grid__item ha-js-lightbox __fltr-3\">\n\t\t\t\t\t<img loading=\"lazy\" decoding=\"async\" width=\"433\" height=\"577\" src=\"https:\/\/casaedianatiago-stp.com\/wp-content\/uploads\/2021\/07\/16-Casa-Cadio-salle-de-bain-2-pm-rotated-1.jpeg\" class=\"elementor-animation-grow\" alt=\"\" srcset=\"https:\/\/casaedianatiago-stp.com\/wp-content\/uploads\/2021\/07\/16-Casa-Cadio-salle-de-bain-2-pm-rotated-1.jpeg 433w, https:\/\/casaedianatiago-stp.com\/wp-content\/uploads\/2021\/07\/16-Casa-Cadio-salle-de-bain-2-pm-rotated-1-225x300.jpeg 225w\" sizes=\"(max-width: 433px) 100vw, 433px\" \/>\t\t\t\t<\/a>\n\t\t\t\t\t\t\t\n\t\t\t\t<a href=\"#\" data-mfp-src=\"https:\/\/casaedianatiago-stp.com\/wp-content\/uploads\/2021\/08\/4-Casa-Cadio-petit-salon-scaled-1-1024x768.jpeg\" class=\"ha-image-grid__item ha-js-lightbox __fltr-3\">\n\t\t\t\t\t<img loading=\"lazy\" decoding=\"async\" width=\"768\" height=\"576\" src=\"https:\/\/casaedianatiago-stp.com\/wp-content\/uploads\/2021\/08\/4-Casa-Cadio-petit-salon-scaled-1-768x576.jpeg\" class=\"elementor-animation-grow\" alt=\"\" srcset=\"https:\/\/casaedianatiago-stp.com\/wp-content\/uploads\/2021\/08\/4-Casa-Cadio-petit-salon-scaled-1-768x576.jpeg 768w, https:\/\/casaedianatiago-stp.com\/wp-content\/uploads\/2021\/08\/4-Casa-Cadio-petit-salon-scaled-1-300x225.jpeg 300w, https:\/\/casaedianatiago-stp.com\/wp-content\/uploads\/2021\/08\/4-Casa-Cadio-petit-salon-scaled-1-1024x768.jpeg 1024w, https:\/\/casaedianatiago-stp.com\/wp-content\/uploads\/2021\/08\/4-Casa-Cadio-petit-salon-scaled-1-1536x1152.jpeg 1536w, https:\/\/casaedianatiago-stp.com\/wp-content\/uploads\/2021\/08\/4-Casa-Cadio-petit-salon-scaled-1-2048x1536.jpeg 2048w\" sizes=\"(max-width: 768px) 100vw, 768px\" \/>\t\t\t\t<\/a>\n\t\t\t\t\t\t\t\n\t\t\t\t<a href=\"#\" data-mfp-src=\"https:\/\/casaedianatiago-stp.com\/wp-content\/uploads\/2021\/08\/5-la-route-vue-de-Casa-Cadio-scaled-1-1024x768.jpeg\" class=\"ha-image-grid__item ha-js-lightbox __fltr-3\">\n\t\t\t\t\t<img loading=\"lazy\" decoding=\"async\" width=\"768\" height=\"576\" src=\"https:\/\/casaedianatiago-stp.com\/wp-content\/uploads\/2021\/08\/5-la-route-vue-de-Casa-Cadio-scaled-1-768x576.jpeg\" class=\"elementor-animation-grow\" alt=\"\" srcset=\"https:\/\/casaedianatiago-stp.com\/wp-content\/uploads\/2021\/08\/5-la-route-vue-de-Casa-Cadio-scaled-1-768x576.jpeg 768w, https:\/\/casaedianatiago-stp.com\/wp-content\/uploads\/2021\/08\/5-la-route-vue-de-Casa-Cadio-scaled-1-300x225.jpeg 300w, https:\/\/casaedianatiago-stp.com\/wp-content\/uploads\/2021\/08\/5-la-route-vue-de-Casa-Cadio-scaled-1-1024x768.jpeg 1024w, https:\/\/casaedianatiago-stp.com\/wp-content\/uploads\/2021\/08\/5-la-route-vue-de-Casa-Cadio-scaled-1-1536x1152.jpeg 1536w, https:\/\/casaedianatiago-stp.com\/wp-content\/uploads\/2021\/08\/5-la-route-vue-de-Casa-Cadio-scaled-1-2048x1536.jpeg 2048w\" sizes=\"(max-width: 768px) 100vw, 768px\" \/>\t\t\t\t<\/a>\n\t\t\t\t\t\t\t\n\t\t\t\t<a href=\"#\" data-mfp-src=\"https:\/\/casaedianatiago-stp.com\/wp-content\/uploads\/2021\/08\/4-SJ-casa-na-floresta-3674-scaled-1-768x1024.jpeg\" class=\"ha-image-grid__item ha-js-lightbox __fltr-4\">\n\t\t\t\t\t<img loading=\"lazy\" decoding=\"async\" width=\"768\" height=\"1024\" src=\"https:\/\/casaedianatiago-stp.com\/wp-content\/uploads\/2021\/08\/4-SJ-casa-na-floresta-3674-scaled-1-768x1024.jpeg\" class=\"elementor-animation-grow\" alt=\"\" srcset=\"https:\/\/casaedianatiago-stp.com\/wp-content\/uploads\/2021\/08\/4-SJ-casa-na-floresta-3674-scaled-1-768x1024.jpeg 768w, https:\/\/casaedianatiago-stp.com\/wp-content\/uploads\/2021\/08\/4-SJ-casa-na-floresta-3674-scaled-1-225x300.jpeg 225w, https:\/\/casaedianatiago-stp.com\/wp-content\/uploads\/2021\/08\/4-SJ-casa-na-floresta-3674-scaled-1-1152x1536.jpeg 1152w, https:\/\/casaedianatiago-stp.com\/wp-content\/uploads\/2021\/08\/4-SJ-casa-na-floresta-3674-scaled-1-1536x2048.jpeg 1536w, https:\/\/casaedianatiago-stp.com\/wp-content\/uploads\/2021\/08\/4-SJ-casa-na-floresta-3674-scaled-1.jpeg 1920w\" sizes=\"(max-width: 768px) 100vw, 768px\" \/>\t\t\t\t<\/a>\n\t\t\t\t\t\t\t\n\t\t\t\t<a href=\"#\" data-mfp-src=\"https:\/\/casaedianatiago-stp.com\/wp-content\/uploads\/2021\/08\/1-Bele\u0301m-rond-point-du-caroceiro-1-scaled-1-1024x768.jpeg\" class=\"ha-image-grid__item ha-js-lightbox __fltr-4\">\n\t\t\t\t\t<img loading=\"lazy\" decoding=\"async\" width=\"768\" height=\"576\" src=\"https:\/\/casaedianatiago-stp.com\/wp-content\/uploads\/2021\/08\/1-Bele\u0301m-rond-point-du-caroceiro-1-scaled-1-768x576.jpeg\" class=\"elementor-animation-grow\" alt=\"\" srcset=\"https:\/\/casaedianatiago-stp.com\/wp-content\/uploads\/2021\/08\/1-Bele\u0301m-rond-point-du-caroceiro-1-scaled-1-768x576.jpeg 768w, https:\/\/casaedianatiago-stp.com\/wp-content\/uploads\/2021\/08\/1-Bele\u0301m-rond-point-du-caroceiro-1-scaled-1-300x225.jpeg 300w, https:\/\/casaedianatiago-stp.com\/wp-content\/uploads\/2021\/08\/1-Bele\u0301m-rond-point-du-caroceiro-1-scaled-1-1024x768.jpeg 1024w, https:\/\/casaedianatiago-stp.com\/wp-content\/uploads\/2021\/08\/1-Bele\u0301m-rond-point-du-caroceiro-1-scaled-1-1536x1152.jpeg 1536w, https:\/\/casaedianatiago-stp.com\/wp-content\/uploads\/2021\/08\/1-Bele\u0301m-rond-point-du-caroceiro-1-scaled-1-2048x1536.jpeg 2048w\" sizes=\"(max-width: 768px) 100vw, 768px\" \/>\t\t\t\t<\/a>\n\t\t\t\t\t\t\t\n\t\t\t\t<a href=\"#\" data-mfp-src=\"https:\/\/casaedianatiago-stp.com\/wp-content\/uploads\/2021\/08\/2-Bele\u0301m-rond-point-du-caroceiro-2-scaled-1-1024x768.jpeg\" class=\"ha-image-grid__item ha-js-lightbox __fltr-4\">\n\t\t\t\t\t<img loading=\"lazy\" decoding=\"async\" width=\"768\" height=\"576\" src=\"https:\/\/casaedianatiago-stp.com\/wp-content\/uploads\/2021\/08\/2-Bele\u0301m-rond-point-du-caroceiro-2-scaled-1-768x576.jpeg\" class=\"elementor-animation-grow\" alt=\"\" srcset=\"https:\/\/casaedianatiago-stp.com\/wp-content\/uploads\/2021\/08\/2-Bele\u0301m-rond-point-du-caroceiro-2-scaled-1-768x576.jpeg 768w, https:\/\/casaedianatiago-stp.com\/wp-content\/uploads\/2021\/08\/2-Bele\u0301m-rond-point-du-caroceiro-2-scaled-1-300x225.jpeg 300w, https:\/\/casaedianatiago-stp.com\/wp-content\/uploads\/2021\/08\/2-Bele\u0301m-rond-point-du-caroceiro-2-scaled-1-1024x768.jpeg 1024w, https:\/\/casaedianatiago-stp.com\/wp-content\/uploads\/2021\/08\/2-Bele\u0301m-rond-point-du-caroceiro-2-scaled-1-1536x1152.jpeg 1536w, https:\/\/casaedianatiago-stp.com\/wp-content\/uploads\/2021\/08\/2-Bele\u0301m-rond-point-du-caroceiro-2-scaled-1-2048x1536.jpeg 2048w\" sizes=\"(max-width: 768px) 100vw, 768px\" \/>\t\t\t\t<\/a>\n\t\t\t\t\t\t\t\n\t\t\t\t<a href=\"#\" data-mfp-src=\"https:\/\/casaedianatiago-stp.com\/wp-content\/uploads\/2021\/08\/3-Bele\u0301m-maison-a\u0300-lentre\u0301e-de-la-route-pour-Molembu-scaled-1-1024x768.jpeg\" class=\"ha-image-grid__item ha-js-lightbox __fltr-4\">\n\t\t\t\t\t<img loading=\"lazy\" decoding=\"async\" width=\"768\" height=\"576\" src=\"https:\/\/casaedianatiago-stp.com\/wp-content\/uploads\/2021\/08\/3-Bele\u0301m-maison-a\u0300-lentre\u0301e-de-la-route-pour-Molembu-scaled-1-768x576.jpeg\" class=\"elementor-animation-grow\" alt=\"\" srcset=\"https:\/\/casaedianatiago-stp.com\/wp-content\/uploads\/2021\/08\/3-Bele\u0301m-maison-a\u0300-lentre\u0301e-de-la-route-pour-Molembu-scaled-1-768x576.jpeg 768w, https:\/\/casaedianatiago-stp.com\/wp-content\/uploads\/2021\/08\/3-Bele\u0301m-maison-a\u0300-lentre\u0301e-de-la-route-pour-Molembu-scaled-1-300x225.jpeg 300w, https:\/\/casaedianatiago-stp.com\/wp-content\/uploads\/2021\/08\/3-Bele\u0301m-maison-a\u0300-lentre\u0301e-de-la-route-pour-Molembu-scaled-1-1024x768.jpeg 1024w, https:\/\/casaedianatiago-stp.com\/wp-content\/uploads\/2021\/08\/3-Bele\u0301m-maison-a\u0300-lentre\u0301e-de-la-route-pour-Molembu-scaled-1-1536x1152.jpeg 1536w, https:\/\/casaedianatiago-stp.com\/wp-content\/uploads\/2021\/08\/3-Bele\u0301m-maison-a\u0300-lentre\u0301e-de-la-route-pour-Molembu-scaled-1-2048x1536.jpeg 2048w\" sizes=\"(max-width: 768px) 100vw, 768px\" \/>\t\t\t\t<\/a>\n\t\t\t\t\t\t\t\n\t\t\t\t<a href=\"#\" data-mfp-src=\"https:\/\/casaedianatiago-stp.com\/wp-content\/uploads\/2021\/08\/5-Bele\u0301m-maison-aux-volets-aubergine-scaled-1-1024x768.jpeg\" class=\"ha-image-grid__item ha-js-lightbox __fltr-4\">\n\t\t\t\t\t<img loading=\"lazy\" decoding=\"async\" width=\"768\" height=\"576\" src=\"https:\/\/casaedianatiago-stp.com\/wp-content\/uploads\/2021\/08\/5-Bele\u0301m-maison-aux-volets-aubergine-scaled-1-768x576.jpeg\" class=\"elementor-animation-grow\" alt=\"\" srcset=\"https:\/\/casaedianatiago-stp.com\/wp-content\/uploads\/2021\/08\/5-Bele\u0301m-maison-aux-volets-aubergine-scaled-1-768x576.jpeg 768w, https:\/\/casaedianatiago-stp.com\/wp-content\/uploads\/2021\/08\/5-Bele\u0301m-maison-aux-volets-aubergine-scaled-1-300x225.jpeg 300w, https:\/\/casaedianatiago-stp.com\/wp-content\/uploads\/2021\/08\/5-Bele\u0301m-maison-aux-volets-aubergine-scaled-1-1024x768.jpeg 1024w, https:\/\/casaedianatiago-stp.com\/wp-content\/uploads\/2021\/08\/5-Bele\u0301m-maison-aux-volets-aubergine-scaled-1-1536x1152.jpeg 1536w, https:\/\/casaedianatiago-stp.com\/wp-content\/uploads\/2021\/08\/5-Bele\u0301m-maison-aux-volets-aubergine-scaled-1-2048x1536.jpeg 2048w\" sizes=\"(max-width: 768px) 100vw, 768px\" \/>\t\t\t\t<\/a>\n\t\t\t\t\t\t\t\n\t\t\t\t<a href=\"#\" data-mfp-src=\"https:\/\/casaedianatiago-stp.com\/wp-content\/uploads\/2021\/08\/6-Bele\u0301m-enfants-sur-bancs-publics-scaled-1-1024x768.jpeg\" class=\"ha-image-grid__item ha-js-lightbox __fltr-4\">\n\t\t\t\t\t<img loading=\"lazy\" decoding=\"async\" width=\"768\" height=\"576\" src=\"https:\/\/casaedianatiago-stp.com\/wp-content\/uploads\/2021\/08\/6-Bele\u0301m-enfants-sur-bancs-publics-scaled-1-768x576.jpeg\" class=\"elementor-animation-grow\" alt=\"\" srcset=\"https:\/\/casaedianatiago-stp.com\/wp-content\/uploads\/2021\/08\/6-Bele\u0301m-enfants-sur-bancs-publics-scaled-1-768x576.jpeg 768w, https:\/\/casaedianatiago-stp.com\/wp-content\/uploads\/2021\/08\/6-Bele\u0301m-enfants-sur-bancs-publics-scaled-1-300x225.jpeg 300w, https:\/\/casaedianatiago-stp.com\/wp-content\/uploads\/2021\/08\/6-Bele\u0301m-enfants-sur-bancs-publics-scaled-1-1024x768.jpeg 1024w, https:\/\/casaedianatiago-stp.com\/wp-content\/uploads\/2021\/08\/6-Bele\u0301m-enfants-sur-bancs-publics-scaled-1-1536x1152.jpeg 1536w, https:\/\/casaedianatiago-stp.com\/wp-content\/uploads\/2021\/08\/6-Bele\u0301m-enfants-sur-bancs-publics-scaled-1-2048x1536.jpeg 2048w\" sizes=\"(max-width: 768px) 100vw, 768px\" \/>\t\t\t\t<\/a>\n\t\t\t\t\t\t\t\n\t\t\t\t<a href=\"#\" data-mfp-src=\"https:\/\/casaedianatiago-stp.com\/wp-content\/uploads\/2021\/08\/7-kiosque-Bele\u0301m-de-baixo-scaled-1-1024x768.jpeg\" class=\"ha-image-grid__item ha-js-lightbox __fltr-4\">\n\t\t\t\t\t<img loading=\"lazy\" decoding=\"async\" width=\"768\" height=\"576\" src=\"https:\/\/casaedianatiago-stp.com\/wp-content\/uploads\/2021\/08\/7-kiosque-Bele\u0301m-de-baixo-scaled-1-768x576.jpeg\" class=\"elementor-animation-grow\" alt=\"\" srcset=\"https:\/\/casaedianatiago-stp.com\/wp-content\/uploads\/2021\/08\/7-kiosque-Bele\u0301m-de-baixo-scaled-1-768x576.jpeg 768w, https:\/\/casaedianatiago-stp.com\/wp-content\/uploads\/2021\/08\/7-kiosque-Bele\u0301m-de-baixo-scaled-1-300x225.jpeg 300w, https:\/\/casaedianatiago-stp.com\/wp-content\/uploads\/2021\/08\/7-kiosque-Bele\u0301m-de-baixo-scaled-1-1024x768.jpeg 1024w, https:\/\/casaedianatiago-stp.com\/wp-content\/uploads\/2021\/08\/7-kiosque-Bele\u0301m-de-baixo-scaled-1-1536x1152.jpeg 1536w, https:\/\/casaedianatiago-stp.com\/wp-content\/uploads\/2021\/08\/7-kiosque-Bele\u0301m-de-baixo-scaled-1-2048x1536.jpeg 2048w\" sizes=\"(max-width: 768px) 100vw, 768px\" \/>\t\t\t\t<\/a>\n\t\t\t\t\t\t\t\n\t\t\t\t<a href=\"#\" data-mfp-src=\"https:\/\/casaedianatiago-stp.com\/wp-content\/uploads\/2021\/08\/8-moto-taxi-a\u0300-Bele\u0301m-scaled-1-1024x683.jpeg\" class=\"ha-image-grid__item ha-js-lightbox __fltr-4\">\n\t\t\t\t\t<img loading=\"lazy\" decoding=\"async\" width=\"768\" height=\"512\" src=\"https:\/\/casaedianatiago-stp.com\/wp-content\/uploads\/2021\/08\/8-moto-taxi-a\u0300-Bele\u0301m-scaled-1-768x512.jpeg\" class=\"elementor-animation-grow\" alt=\"\" srcset=\"https:\/\/casaedianatiago-stp.com\/wp-content\/uploads\/2021\/08\/8-moto-taxi-a\u0300-Bele\u0301m-scaled-1-768x512.jpeg 768w, https:\/\/casaedianatiago-stp.com\/wp-content\/uploads\/2021\/08\/8-moto-taxi-a\u0300-Bele\u0301m-scaled-1-300x200.jpeg 300w, https:\/\/casaedianatiago-stp.com\/wp-content\/uploads\/2021\/08\/8-moto-taxi-a\u0300-Bele\u0301m-scaled-1-1024x683.jpeg 1024w, https:\/\/casaedianatiago-stp.com\/wp-content\/uploads\/2021\/08\/8-moto-taxi-a\u0300-Bele\u0301m-scaled-1-1536x1024.jpeg 1536w, https:\/\/casaedianatiago-stp.com\/wp-content\/uploads\/2021\/08\/8-moto-taxi-a\u0300-Bele\u0301m-scaled-1-2048x1366.jpeg 2048w\" sizes=\"(max-width: 768px) 100vw, 768px\" \/>\t\t\t\t<\/a>\n\t\t\t\t\t\t\t\n\t\t\t\t<a href=\"#\" data-mfp-src=\"https:\/\/casaedianatiago-stp.com\/wp-content\/uploads\/2021\/07\/9-Bele\u0301m-la-rue-sert-de-terrain-de-foot-scaled-1-1024x768.jpeg\" class=\"ha-image-grid__item ha-js-lightbox __fltr-4\">\n\t\t\t\t\t<img loading=\"lazy\" decoding=\"async\" width=\"768\" height=\"576\" src=\"https:\/\/casaedianatiago-stp.com\/wp-content\/uploads\/2021\/07\/9-Bele\u0301m-la-rue-sert-de-terrain-de-foot-scaled-1-768x576.jpeg\" class=\"elementor-animation-grow\" alt=\"\" srcset=\"https:\/\/casaedianatiago-stp.com\/wp-content\/uploads\/2021\/07\/9-Bele\u0301m-la-rue-sert-de-terrain-de-foot-scaled-1-768x576.jpeg 768w, https:\/\/casaedianatiago-stp.com\/wp-content\/uploads\/2021\/07\/9-Bele\u0301m-la-rue-sert-de-terrain-de-foot-scaled-1-300x225.jpeg 300w, https:\/\/casaedianatiago-stp.com\/wp-content\/uploads\/2021\/07\/9-Bele\u0301m-la-rue-sert-de-terrain-de-foot-scaled-1-1024x768.jpeg 1024w, https:\/\/casaedianatiago-stp.com\/wp-content\/uploads\/2021\/07\/9-Bele\u0301m-la-rue-sert-de-terrain-de-foot-scaled-1-1536x1152.jpeg 1536w, https:\/\/casaedianatiago-stp.com\/wp-content\/uploads\/2021\/07\/9-Bele\u0301m-la-rue-sert-de-terrain-de-foot-scaled-1-2048x1536.jpeg 2048w\" sizes=\"(max-width: 768px) 100vw, 768px\" \/>\t\t\t\t<\/a>\n\t\t\t\t\t\t\t\n\t\t\t\t<a href=\"#\" data-mfp-src=\"https:\/\/casaedianatiago-stp.com\/wp-content\/uploads\/2021\/07\/3-Agua-Seca-escaliers-passants-pm.jpeg\" class=\"ha-image-grid__item ha-js-lightbox __fltr-4\">\n\t\t\t\t\t<img loading=\"lazy\" decoding=\"async\" width=\"577\" height=\"433\" src=\"https:\/\/casaedianatiago-stp.com\/wp-content\/uploads\/2021\/07\/3-Agua-Seca-escaliers-passants-pm.jpeg\" class=\"elementor-animation-grow\" alt=\"\" srcset=\"https:\/\/casaedianatiago-stp.com\/wp-content\/uploads\/2021\/07\/3-Agua-Seca-escaliers-passants-pm.jpeg 577w, https:\/\/casaedianatiago-stp.com\/wp-content\/uploads\/2021\/07\/3-Agua-Seca-escaliers-passants-pm-300x225.jpeg 300w\" sizes=\"(max-width: 577px) 100vw, 577px\" \/>\t\t\t\t<\/a>\n\t\t\t\t\t\t\t\n\t\t\t\t<a href=\"#\" data-mfp-src=\"https:\/\/casaedianatiago-stp.com\/wp-content\/uploads\/2021\/08\/11-vaisselle-au-lavoir-recadre\u0301e-filtre\u0301e-scaled-1-1024x904.jpeg\" class=\"ha-image-grid__item ha-js-lightbox __fltr-4\">\n\t\t\t\t\t<img loading=\"lazy\" decoding=\"async\" width=\"768\" height=\"678\" src=\"https:\/\/casaedianatiago-stp.com\/wp-content\/uploads\/2021\/08\/11-vaisselle-au-lavoir-recadre\u0301e-filtre\u0301e-scaled-1-768x678.jpeg\" class=\"elementor-animation-grow\" alt=\"\" srcset=\"https:\/\/casaedianatiago-stp.com\/wp-content\/uploads\/2021\/08\/11-vaisselle-au-lavoir-recadre\u0301e-filtre\u0301e-scaled-1-768x678.jpeg 768w, https:\/\/casaedianatiago-stp.com\/wp-content\/uploads\/2021\/08\/11-vaisselle-au-lavoir-recadre\u0301e-filtre\u0301e-scaled-1-300x265.jpeg 300w, https:\/\/casaedianatiago-stp.com\/wp-content\/uploads\/2021\/08\/11-vaisselle-au-lavoir-recadre\u0301e-filtre\u0301e-scaled-1-1024x904.jpeg 1024w, https:\/\/casaedianatiago-stp.com\/wp-content\/uploads\/2021\/08\/11-vaisselle-au-lavoir-recadre\u0301e-filtre\u0301e-scaled-1-1536x1356.jpeg 1536w, https:\/\/casaedianatiago-stp.com\/wp-content\/uploads\/2021\/08\/11-vaisselle-au-lavoir-recadre\u0301e-filtre\u0301e-scaled-1-2048x1808.jpeg 2048w\" sizes=\"(max-width: 768px) 100vw, 768px\" \/>\t\t\t\t<\/a>\n\t\t\t\t\t\t\t\n\t\t\t\t<a href=\"#\" data-mfp-src=\"https:\/\/casaedianatiago-stp.com\/wp-content\/uploads\/2021\/07\/10-Bele\u0301m-Danc\u0327o-Congo-fe\u0302te-du-Bom-Jesu-pm.jpeg\" class=\"ha-image-grid__item ha-js-lightbox __fltr-4\">\n\t\t\t\t\t<img loading=\"lazy\" decoding=\"async\" width=\"577\" height=\"433\" src=\"https:\/\/casaedianatiago-stp.com\/wp-content\/uploads\/2021\/07\/10-Bele\u0301m-Danc\u0327o-Congo-fe\u0302te-du-Bom-Jesu-pm.jpeg\" class=\"elementor-animation-grow\" alt=\"\" srcset=\"https:\/\/casaedianatiago-stp.com\/wp-content\/uploads\/2021\/07\/10-Bele\u0301m-Danc\u0327o-Congo-fe\u0302te-du-Bom-Jesu-pm.jpeg 577w, https:\/\/casaedianatiago-stp.com\/wp-content\/uploads\/2021\/07\/10-Bele\u0301m-Danc\u0327o-Congo-fe\u0302te-du-Bom-Jesu-pm-300x225.jpeg 300w\" sizes=\"(max-width: 577px) 100vw, 577px\" \/>\t\t\t\t<\/a>\n\t\t\t\t\t\t\t\n\t\t\t\t<a href=\"#\" data-mfp-src=\"https:\/\/casaedianatiago-stp.com\/wp-content\/uploads\/2021\/07\/13-Bele\u0301m-fe\u0302te-du-Bom-Jesu-scaled-1-1024x768.jpeg\" class=\"ha-image-grid__item ha-js-lightbox __fltr-4\">\n\t\t\t\t\t<img loading=\"lazy\" decoding=\"async\" width=\"768\" height=\"576\" src=\"https:\/\/casaedianatiago-stp.com\/wp-content\/uploads\/2021\/07\/13-Bele\u0301m-fe\u0302te-du-Bom-Jesu-scaled-1-768x576.jpeg\" class=\"elementor-animation-grow\" alt=\"\" srcset=\"https:\/\/casaedianatiago-stp.com\/wp-content\/uploads\/2021\/07\/13-Bele\u0301m-fe\u0302te-du-Bom-Jesu-scaled-1-768x576.jpeg 768w, https:\/\/casaedianatiago-stp.com\/wp-content\/uploads\/2021\/07\/13-Bele\u0301m-fe\u0302te-du-Bom-Jesu-scaled-1-300x225.jpeg 300w, https:\/\/casaedianatiago-stp.com\/wp-content\/uploads\/2021\/07\/13-Bele\u0301m-fe\u0302te-du-Bom-Jesu-scaled-1-1024x768.jpeg 1024w, https:\/\/casaedianatiago-stp.com\/wp-content\/uploads\/2021\/07\/13-Bele\u0301m-fe\u0302te-du-Bom-Jesu-scaled-1-1536x1152.jpeg 1536w, https:\/\/casaedianatiago-stp.com\/wp-content\/uploads\/2021\/07\/13-Bele\u0301m-fe\u0302te-du-Bom-Jesu-scaled-1-2048x1536.jpeg 2048w\" sizes=\"(max-width: 768px) 100vw, 768px\" \/>\t\t\t\t<\/a>\n\t\t\t\t\t\t\t\n\t\t\t\t<a href=\"#\" data-mfp-src=\"https:\/\/casaedianatiago-stp.com\/wp-content\/uploads\/2021\/07\/1-Trindade-Prac\u0327a-2-scaled-1-1024x768.jpeg\" class=\"ha-image-grid__item ha-js-lightbox __fltr-5\">\n\t\t\t\t\t<img loading=\"lazy\" decoding=\"async\" width=\"768\" height=\"576\" src=\"https:\/\/casaedianatiago-stp.com\/wp-content\/uploads\/2021\/07\/1-Trindade-Prac\u0327a-2-scaled-1-768x576.jpeg\" class=\"elementor-animation-grow\" alt=\"\" srcset=\"https:\/\/casaedianatiago-stp.com\/wp-content\/uploads\/2021\/07\/1-Trindade-Prac\u0327a-2-scaled-1-768x576.jpeg 768w, https:\/\/casaedianatiago-stp.com\/wp-content\/uploads\/2021\/07\/1-Trindade-Prac\u0327a-2-scaled-1-300x225.jpeg 300w, https:\/\/casaedianatiago-stp.com\/wp-content\/uploads\/2021\/07\/1-Trindade-Prac\u0327a-2-scaled-1-1024x768.jpeg 1024w, https:\/\/casaedianatiago-stp.com\/wp-content\/uploads\/2021\/07\/1-Trindade-Prac\u0327a-2-scaled-1-1536x1152.jpeg 1536w, https:\/\/casaedianatiago-stp.com\/wp-content\/uploads\/2021\/07\/1-Trindade-Prac\u0327a-2-scaled-1-2048x1536.jpeg 2048w\" sizes=\"(max-width: 768px) 100vw, 768px\" \/>\t\t\t\t<\/a>\n\t\t\t\t\t\t\t\n\t\t\t\t<a href=\"#\" data-mfp-src=\"https:\/\/casaedianatiago-stp.com\/wp-content\/uploads\/2021\/08\/2-e\u0301glise-de-Trindade-et-maison-des-Clare\u0301tiens-scaled-1-1024x768.jpeg\" class=\"ha-image-grid__item ha-js-lightbox __fltr-5\">\n\t\t\t\t\t<img loading=\"lazy\" decoding=\"async\" width=\"768\" height=\"576\" src=\"https:\/\/casaedianatiago-stp.com\/wp-content\/uploads\/2021\/08\/2-e\u0301glise-de-Trindade-et-maison-des-Clare\u0301tiens-scaled-1-768x576.jpeg\" class=\"elementor-animation-grow\" alt=\"\" srcset=\"https:\/\/casaedianatiago-stp.com\/wp-content\/uploads\/2021\/08\/2-e\u0301glise-de-Trindade-et-maison-des-Clare\u0301tiens-scaled-1-768x576.jpeg 768w, https:\/\/casaedianatiago-stp.com\/wp-content\/uploads\/2021\/08\/2-e\u0301glise-de-Trindade-et-maison-des-Clare\u0301tiens-scaled-1-300x225.jpeg 300w, https:\/\/casaedianatiago-stp.com\/wp-content\/uploads\/2021\/08\/2-e\u0301glise-de-Trindade-et-maison-des-Clare\u0301tiens-scaled-1-1024x768.jpeg 1024w, https:\/\/casaedianatiago-stp.com\/wp-content\/uploads\/2021\/08\/2-e\u0301glise-de-Trindade-et-maison-des-Clare\u0301tiens-scaled-1-1536x1152.jpeg 1536w, https:\/\/casaedianatiago-stp.com\/wp-content\/uploads\/2021\/08\/2-e\u0301glise-de-Trindade-et-maison-des-Clare\u0301tiens-scaled-1-2048x1536.jpeg 2048w\" sizes=\"(max-width: 768px) 100vw, 768px\" \/>\t\t\t\t<\/a>\n\t\t\t\t\t\t\t\n\t\t\t\t<a href=\"#\" data-mfp-src=\"https:\/\/casaedianatiago-stp.com\/wp-content\/uploads\/2021\/07\/escalier-de-le\u0301glise-de-Trindade-1-pm.jpeg\" class=\"ha-image-grid__item ha-js-lightbox __fltr-5\">\n\t\t\t\t\t<img loading=\"lazy\" decoding=\"async\" width=\"433\" height=\"577\" src=\"https:\/\/casaedianatiago-stp.com\/wp-content\/uploads\/2021\/07\/escalier-de-le\u0301glise-de-Trindade-1-pm.jpeg\" class=\"elementor-animation-grow\" alt=\"\" srcset=\"https:\/\/casaedianatiago-stp.com\/wp-content\/uploads\/2021\/07\/escalier-de-le\u0301glise-de-Trindade-1-pm.jpeg 433w, https:\/\/casaedianatiago-stp.com\/wp-content\/uploads\/2021\/07\/escalier-de-le\u0301glise-de-Trindade-1-pm-225x300.jpeg 225w\" sizes=\"(max-width: 433px) 100vw, 433px\" \/>\t\t\t\t<\/a>\n\t\t\t\t\t\t\t\n\t\t\t\t<a href=\"#\" data-mfp-src=\"https:\/\/casaedianatiago-stp.com\/wp-content\/uploads\/2021\/08\/4-vue-depuis-le\u0301glise-de-Trindade-scaled-1-1024x768.jpeg\" class=\"ha-image-grid__item ha-js-lightbox __fltr-5\">\n\t\t\t\t\t<img loading=\"lazy\" decoding=\"async\" width=\"768\" height=\"576\" src=\"https:\/\/casaedianatiago-stp.com\/wp-content\/uploads\/2021\/08\/4-vue-depuis-le\u0301glise-de-Trindade-scaled-1-768x576.jpeg\" class=\"elementor-animation-grow\" alt=\"\" srcset=\"https:\/\/casaedianatiago-stp.com\/wp-content\/uploads\/2021\/08\/4-vue-depuis-le\u0301glise-de-Trindade-scaled-1-768x576.jpeg 768w, https:\/\/casaedianatiago-stp.com\/wp-content\/uploads\/2021\/08\/4-vue-depuis-le\u0301glise-de-Trindade-scaled-1-300x225.jpeg 300w, https:\/\/casaedianatiago-stp.com\/wp-content\/uploads\/2021\/08\/4-vue-depuis-le\u0301glise-de-Trindade-scaled-1-1024x768.jpeg 1024w, https:\/\/casaedianatiago-stp.com\/wp-content\/uploads\/2021\/08\/4-vue-depuis-le\u0301glise-de-Trindade-scaled-1-1536x1152.jpeg 1536w, https:\/\/casaedianatiago-stp.com\/wp-content\/uploads\/2021\/08\/4-vue-depuis-le\u0301glise-de-Trindade-scaled-1-2048x1536.jpeg 2048w\" sizes=\"(max-width: 768px) 100vw, 768px\" \/>\t\t\t\t<\/a>\n\t\t\t\t\t\t\t\n\t\t\t\t<a href=\"#\" data-mfp-src=\"https:\/\/casaedianatiago-stp.com\/wp-content\/uploads\/2021\/08\/5-maison-des-Clare\u0301tiens-Trindade-1-scaled-1-1024x768.jpeg\" class=\"ha-image-grid__item ha-js-lightbox __fltr-5\">\n\t\t\t\t\t<img loading=\"lazy\" decoding=\"async\" width=\"768\" height=\"576\" src=\"https:\/\/casaedianatiago-stp.com\/wp-content\/uploads\/2021\/08\/5-maison-des-Clare\u0301tiens-Trindade-1-scaled-1-768x576.jpeg\" class=\"elementor-animation-grow\" alt=\"\" srcset=\"https:\/\/casaedianatiago-stp.com\/wp-content\/uploads\/2021\/08\/5-maison-des-Clare\u0301tiens-Trindade-1-scaled-1-768x576.jpeg 768w, https:\/\/casaedianatiago-stp.com\/wp-content\/uploads\/2021\/08\/5-maison-des-Clare\u0301tiens-Trindade-1-scaled-1-300x225.jpeg 300w, https:\/\/casaedianatiago-stp.com\/wp-content\/uploads\/2021\/08\/5-maison-des-Clare\u0301tiens-Trindade-1-scaled-1-1024x768.jpeg 1024w, https:\/\/casaedianatiago-stp.com\/wp-content\/uploads\/2021\/08\/5-maison-des-Clare\u0301tiens-Trindade-1-scaled-1-1536x1152.jpeg 1536w, https:\/\/casaedianatiago-stp.com\/wp-content\/uploads\/2021\/08\/5-maison-des-Clare\u0301tiens-Trindade-1-scaled-1-2048x1536.jpeg 2048w\" sizes=\"(max-width: 768px) 100vw, 768px\" \/>\t\t\t\t<\/a>\n\t\t\t\t\t\t\t\n\t\t\t\t<a href=\"#\" data-mfp-src=\"https:\/\/casaedianatiago-stp.com\/wp-content\/uploads\/2021\/08\/6-enfants-au-square-scaled-1-768x1024.jpeg\" class=\"ha-image-grid__item ha-js-lightbox __fltr-5\">\n\t\t\t\t\t<img loading=\"lazy\" decoding=\"async\" width=\"768\" height=\"1024\" src=\"https:\/\/casaedianatiago-stp.com\/wp-content\/uploads\/2021\/08\/6-enfants-au-square-scaled-1-768x1024.jpeg\" class=\"elementor-animation-grow\" alt=\"\" srcset=\"https:\/\/casaedianatiago-stp.com\/wp-content\/uploads\/2021\/08\/6-enfants-au-square-scaled-1-768x1024.jpeg 768w, https:\/\/casaedianatiago-stp.com\/wp-content\/uploads\/2021\/08\/6-enfants-au-square-scaled-1-225x300.jpeg 225w, https:\/\/casaedianatiago-stp.com\/wp-content\/uploads\/2021\/08\/6-enfants-au-square-scaled-1-1152x1536.jpeg 1152w, https:\/\/casaedianatiago-stp.com\/wp-content\/uploads\/2021\/08\/6-enfants-au-square-scaled-1-1536x2048.jpeg 1536w, https:\/\/casaedianatiago-stp.com\/wp-content\/uploads\/2021\/08\/6-enfants-au-square-scaled-1.jpeg 1920w\" sizes=\"(max-width: 768px) 100vw, 768px\" \/>\t\t\t\t<\/a>\n\t\t\t\t\t\t\t\n\t\t\t\t<a href=\"#\" data-mfp-src=\"https:\/\/casaedianatiago-stp.com\/wp-content\/uploads\/2021\/08\/7-Trindade-prac\u0327a-fast-food-nuit-scaled-1-1024x768.jpeg\" class=\"ha-image-grid__item ha-js-lightbox __fltr-5\">\n\t\t\t\t\t<img loading=\"lazy\" decoding=\"async\" width=\"768\" height=\"576\" src=\"https:\/\/casaedianatiago-stp.com\/wp-content\/uploads\/2021\/08\/7-Trindade-prac\u0327a-fast-food-nuit-scaled-1-768x576.jpeg\" class=\"elementor-animation-grow\" alt=\"\" srcset=\"https:\/\/casaedianatiago-stp.com\/wp-content\/uploads\/2021\/08\/7-Trindade-prac\u0327a-fast-food-nuit-scaled-1-768x576.jpeg 768w, https:\/\/casaedianatiago-stp.com\/wp-content\/uploads\/2021\/08\/7-Trindade-prac\u0327a-fast-food-nuit-scaled-1-300x225.jpeg 300w, https:\/\/casaedianatiago-stp.com\/wp-content\/uploads\/2021\/08\/7-Trindade-prac\u0327a-fast-food-nuit-scaled-1-1024x768.jpeg 1024w, https:\/\/casaedianatiago-stp.com\/wp-content\/uploads\/2021\/08\/7-Trindade-prac\u0327a-fast-food-nuit-scaled-1-1536x1152.jpeg 1536w, https:\/\/casaedianatiago-stp.com\/wp-content\/uploads\/2021\/08\/7-Trindade-prac\u0327a-fast-food-nuit-scaled-1-2048x1536.jpeg 2048w\" sizes=\"(max-width: 768px) 100vw, 768px\" \/>\t\t\t\t<\/a>\n\t\t\t\t\t\t\t\n\t\t\t\t<a href=\"#\" data-mfp-src=\"https:\/\/casaedianatiago-stp.com\/wp-content\/uploads\/2021\/08\/8-fe\u0302te-de-Notre-Dame-de-Nazareth-a\u0300-Trindade-scaled-1-768x1024.jpeg\" class=\"ha-image-grid__item ha-js-lightbox __fltr-5\">\n\t\t\t\t\t<img loading=\"lazy\" decoding=\"async\" width=\"768\" height=\"1024\" src=\"https:\/\/casaedianatiago-stp.com\/wp-content\/uploads\/2021\/08\/8-fe\u0302te-de-Notre-Dame-de-Nazareth-a\u0300-Trindade-scaled-1-768x1024.jpeg\" class=\"elementor-animation-grow\" alt=\"\" srcset=\"https:\/\/casaedianatiago-stp.com\/wp-content\/uploads\/2021\/08\/8-fe\u0302te-de-Notre-Dame-de-Nazareth-a\u0300-Trindade-scaled-1-768x1024.jpeg 768w, https:\/\/casaedianatiago-stp.com\/wp-content\/uploads\/2021\/08\/8-fe\u0302te-de-Notre-Dame-de-Nazareth-a\u0300-Trindade-scaled-1-225x300.jpeg 225w, https:\/\/casaedianatiago-stp.com\/wp-content\/uploads\/2021\/08\/8-fe\u0302te-de-Notre-Dame-de-Nazareth-a\u0300-Trindade-scaled-1-1152x1536.jpeg 1152w, https:\/\/casaedianatiago-stp.com\/wp-content\/uploads\/2021\/08\/8-fe\u0302te-de-Notre-Dame-de-Nazareth-a\u0300-Trindade-scaled-1-1536x2048.jpeg 1536w, https:\/\/casaedianatiago-stp.com\/wp-content\/uploads\/2021\/08\/8-fe\u0302te-de-Notre-Dame-de-Nazareth-a\u0300-Trindade-scaled-1.jpeg 1920w\" sizes=\"(max-width: 768px) 100vw, 768px\" \/>\t\t\t\t<\/a>\n\t\t\t\t\t\t\t\n\t\t\t\t<a href=\"#\" data-mfp-src=\"https:\/\/casaedianatiago-stp.com\/wp-content\/uploads\/2021\/08\/9-procession-Trindade-scaled-1-1024x753.jpeg\" class=\"ha-image-grid__item ha-js-lightbox __fltr-5\">\n\t\t\t\t\t<img loading=\"lazy\" decoding=\"async\" width=\"768\" height=\"565\" src=\"https:\/\/casaedianatiago-stp.com\/wp-content\/uploads\/2021\/08\/9-procession-Trindade-scaled-1-768x565.jpeg\" class=\"elementor-animation-grow\" alt=\"\" srcset=\"https:\/\/casaedianatiago-stp.com\/wp-content\/uploads\/2021\/08\/9-procession-Trindade-scaled-1-768x565.jpeg 768w, https:\/\/casaedianatiago-stp.com\/wp-content\/uploads\/2021\/08\/9-procession-Trindade-scaled-1-300x221.jpeg 300w, https:\/\/casaedianatiago-stp.com\/wp-content\/uploads\/2021\/08\/9-procession-Trindade-scaled-1-1024x753.jpeg 1024w, https:\/\/casaedianatiago-stp.com\/wp-content\/uploads\/2021\/08\/9-procession-Trindade-scaled-1-1536x1129.jpeg 1536w, https:\/\/casaedianatiago-stp.com\/wp-content\/uploads\/2021\/08\/9-procession-Trindade-scaled-1-2048x1506.jpeg 2048w\" sizes=\"(max-width: 768px) 100vw, 768px\" \/>\t\t\t\t<\/a>\n\t\t\t\t\t\t\t\n\t\t\t\t<a href=\"#\" data-mfp-src=\"https:\/\/casaedianatiago-stp.com\/wp-content\/uploads\/2021\/07\/6-Danc\u0327ocongo-Trindade-2-acheval-pm.jpeg\" class=\"ha-image-grid__item ha-js-lightbox __fltr-5\">\n\t\t\t\t\t<img loading=\"lazy\" decoding=\"async\" width=\"720\" height=\"960\" src=\"https:\/\/casaedianatiago-stp.com\/wp-content\/uploads\/2021\/07\/6-Danc\u0327ocongo-Trindade-2-acheval-pm.jpeg\" class=\"elementor-animation-grow\" alt=\"\" srcset=\"https:\/\/casaedianatiago-stp.com\/wp-content\/uploads\/2021\/07\/6-Danc\u0327ocongo-Trindade-2-acheval-pm.jpeg 720w, https:\/\/casaedianatiago-stp.com\/wp-content\/uploads\/2021\/07\/6-Danc\u0327ocongo-Trindade-2-acheval-pm-225x300.jpeg 225w\" sizes=\"(max-width: 720px) 100vw, 720px\" \/>\t\t\t\t<\/a>\n\t\t\t\t\t\t\t\n\t\t\t\t<a href=\"#\" data-mfp-src=\"https:\/\/casaedianatiago-stp.com\/wp-content\/uploads\/2021\/07\/3-a\u0300-lentre\u0301e-du-Jardin-Botanique-de-Bom-Sucesso-pm.jpeg\" class=\"ha-image-grid__item ha-js-lightbox __fltr-6\">\n\t\t\t\t\t<img loading=\"lazy\" decoding=\"async\" width=\"577\" height=\"433\" src=\"https:\/\/casaedianatiago-stp.com\/wp-content\/uploads\/2021\/07\/3-a\u0300-lentre\u0301e-du-Jardin-Botanique-de-Bom-Sucesso-pm.jpeg\" class=\"elementor-animation-grow\" alt=\"\" srcset=\"https:\/\/casaedianatiago-stp.com\/wp-content\/uploads\/2021\/07\/3-a\u0300-lentre\u0301e-du-Jardin-Botanique-de-Bom-Sucesso-pm.jpeg 577w, https:\/\/casaedianatiago-stp.com\/wp-content\/uploads\/2021\/07\/3-a\u0300-lentre\u0301e-du-Jardin-Botanique-de-Bom-Sucesso-pm-300x225.jpeg 300w\" sizes=\"(max-width: 577px) 100vw, 577px\" \/>\t\t\t\t<\/a>\n\t\t\t\t\t\t\t\n\t\t\t\t<a href=\"#\" data-mfp-src=\"https:\/\/casaedianatiago-stp.com\/wp-content\/uploads\/2021\/07\/2-Jardim-Botanico-scaled-1-1024x768.jpeg\" class=\"ha-image-grid__item ha-js-lightbox __fltr-6\">\n\t\t\t\t\t<img loading=\"lazy\" decoding=\"async\" width=\"768\" height=\"576\" src=\"https:\/\/casaedianatiago-stp.com\/wp-content\/uploads\/2021\/07\/2-Jardim-Botanico-scaled-1-768x576.jpeg\" class=\"elementor-animation-grow\" alt=\"\" srcset=\"https:\/\/casaedianatiago-stp.com\/wp-content\/uploads\/2021\/07\/2-Jardim-Botanico-scaled-1-768x576.jpeg 768w, https:\/\/casaedianatiago-stp.com\/wp-content\/uploads\/2021\/07\/2-Jardim-Botanico-scaled-1-300x225.jpeg 300w, https:\/\/casaedianatiago-stp.com\/wp-content\/uploads\/2021\/07\/2-Jardim-Botanico-scaled-1-1024x768.jpeg 1024w, https:\/\/casaedianatiago-stp.com\/wp-content\/uploads\/2021\/07\/2-Jardim-Botanico-scaled-1-1536x1152.jpeg 1536w, https:\/\/casaedianatiago-stp.com\/wp-content\/uploads\/2021\/07\/2-Jardim-Botanico-scaled-1-2048x1536.jpeg 2048w\" sizes=\"(max-width: 768px) 100vw, 768px\" \/>\t\t\t\t<\/a>\n\t\t\t\t\t\t\t\n\t\t\t\t<a href=\"#\" data-mfp-src=\"https:\/\/casaedianatiago-stp.com\/wp-content\/uploads\/2021\/08\/3-P1030417-scaled-1-768x1024.jpeg\" class=\"ha-image-grid__item ha-js-lightbox __fltr-6\">\n\t\t\t\t\t<img loading=\"lazy\" decoding=\"async\" width=\"768\" height=\"1024\" src=\"https:\/\/casaedianatiago-stp.com\/wp-content\/uploads\/2021\/08\/3-P1030417-scaled-1-768x1024.jpeg\" class=\"elementor-animation-grow\" alt=\"\" srcset=\"https:\/\/casaedianatiago-stp.com\/wp-content\/uploads\/2021\/08\/3-P1030417-scaled-1-768x1024.jpeg 768w, https:\/\/casaedianatiago-stp.com\/wp-content\/uploads\/2021\/08\/3-P1030417-scaled-1-225x300.jpeg 225w, https:\/\/casaedianatiago-stp.com\/wp-content\/uploads\/2021\/08\/3-P1030417-scaled-1-1152x1536.jpeg 1152w, https:\/\/casaedianatiago-stp.com\/wp-content\/uploads\/2021\/08\/3-P1030417-scaled-1-1536x2048.jpeg 1536w, https:\/\/casaedianatiago-stp.com\/wp-content\/uploads\/2021\/08\/3-P1030417-scaled-1.jpeg 1920w\" sizes=\"(max-width: 768px) 100vw, 768px\" \/>\t\t\t\t<\/a>\n\t\t\t\t\t\t\t\n\t\t\t\t<a href=\"#\" data-mfp-src=\"https:\/\/casaedianatiago-stp.com\/wp-content\/uploads\/2021\/07\/Dalio-Tati-3-marcheuses.jpeg\" class=\"ha-image-grid__item ha-js-lightbox __fltr-6\">\n\t\t\t\t\t<img loading=\"lazy\" decoding=\"async\" width=\"768\" height=\"576\" src=\"https:\/\/casaedianatiago-stp.com\/wp-content\/uploads\/2021\/07\/Dalio-Tati-3-marcheuses-768x576.jpeg\" class=\"elementor-animation-grow\" alt=\"\" srcset=\"https:\/\/casaedianatiago-stp.com\/wp-content\/uploads\/2021\/07\/Dalio-Tati-3-marcheuses-768x576.jpeg 768w, https:\/\/casaedianatiago-stp.com\/wp-content\/uploads\/2021\/07\/Dalio-Tati-3-marcheuses-300x225.jpeg 300w, https:\/\/casaedianatiago-stp.com\/wp-content\/uploads\/2021\/07\/Dalio-Tati-3-marcheuses.jpeg 960w\" sizes=\"(max-width: 768px) 100vw, 768px\" \/>\t\t\t\t<\/a>\n\t\t\t\t\t\t\t\n\t\t\t\t<a href=\"#\" data-mfp-src=\"https:\/\/casaedianatiago-stp.com\/wp-content\/uploads\/2021\/08\/4-SJ-murailleverdure3201-scaled-1-1024x768.jpeg\" class=\"ha-image-grid__item ha-js-lightbox __fltr-6\">\n\t\t\t\t\t<img loading=\"lazy\" decoding=\"async\" width=\"768\" height=\"576\" src=\"https:\/\/casaedianatiago-stp.com\/wp-content\/uploads\/2021\/08\/4-SJ-murailleverdure3201-scaled-1-768x576.jpeg\" class=\"elementor-animation-grow\" alt=\"\" srcset=\"https:\/\/casaedianatiago-stp.com\/wp-content\/uploads\/2021\/08\/4-SJ-murailleverdure3201-scaled-1-768x576.jpeg 768w, https:\/\/casaedianatiago-stp.com\/wp-content\/uploads\/2021\/08\/4-SJ-murailleverdure3201-scaled-1-300x225.jpeg 300w, https:\/\/casaedianatiago-stp.com\/wp-content\/uploads\/2021\/08\/4-SJ-murailleverdure3201-scaled-1-1024x768.jpeg 1024w, https:\/\/casaedianatiago-stp.com\/wp-content\/uploads\/2021\/08\/4-SJ-murailleverdure3201-scaled-1-1536x1152.jpeg 1536w, https:\/\/casaedianatiago-stp.com\/wp-content\/uploads\/2021\/08\/4-SJ-murailleverdure3201-scaled-1-2048x1536.jpeg 2048w\" sizes=\"(max-width: 768px) 100vw, 768px\" \/>\t\t\t\t<\/a>\n\t\t\t\t\t\t\t\n\t\t\t\t<a href=\"#\" data-mfp-src=\"https:\/\/casaedianatiago-stp.com\/wp-content\/uploads\/2021\/07\/marche-dans-lObo\u0302.jpeg\" class=\"ha-image-grid__item ha-js-lightbox __fltr-6\">\n\t\t\t\t\t<img loading=\"lazy\" decoding=\"async\" width=\"720\" height=\"960\" src=\"https:\/\/casaedianatiago-stp.com\/wp-content\/uploads\/2021\/07\/marche-dans-lObo\u0302.jpeg\" class=\"elementor-animation-grow\" alt=\"\" srcset=\"https:\/\/casaedianatiago-stp.com\/wp-content\/uploads\/2021\/07\/marche-dans-lObo\u0302.jpeg 720w, https:\/\/casaedianatiago-stp.com\/wp-content\/uploads\/2021\/07\/marche-dans-lObo\u0302-225x300.jpeg 225w\" sizes=\"(max-width: 720px) 100vw, 720px\" \/>\t\t\t\t<\/a>\n\t\t\t\t\t\t\t\n\t\t\t\t<a href=\"#\" data-mfp-src=\"https:\/\/casaedianatiago-stp.com\/wp-content\/uploads\/2021\/07\/6-SJ-Lagoa-Amelia-arbre_IMG_3554-scaled-1-768x1024.jpeg\" class=\"ha-image-grid__item ha-js-lightbox __fltr-6\">\n\t\t\t\t\t<img loading=\"lazy\" decoding=\"async\" width=\"768\" height=\"1024\" src=\"https:\/\/casaedianatiago-stp.com\/wp-content\/uploads\/2021\/07\/6-SJ-Lagoa-Amelia-arbre_IMG_3554-scaled-1-768x1024.jpeg\" class=\"elementor-animation-grow\" alt=\"\" srcset=\"https:\/\/casaedianatiago-stp.com\/wp-content\/uploads\/2021\/07\/6-SJ-Lagoa-Amelia-arbre_IMG_3554-scaled-1-768x1024.jpeg 768w, https:\/\/casaedianatiago-stp.com\/wp-content\/uploads\/2021\/07\/6-SJ-Lagoa-Amelia-arbre_IMG_3554-scaled-1-225x300.jpeg 225w, https:\/\/casaedianatiago-stp.com\/wp-content\/uploads\/2021\/07\/6-SJ-Lagoa-Amelia-arbre_IMG_3554-scaled-1-1152x1536.jpeg 1152w, https:\/\/casaedianatiago-stp.com\/wp-content\/uploads\/2021\/07\/6-SJ-Lagoa-Amelia-arbre_IMG_3554-scaled-1-1536x2048.jpeg 1536w, https:\/\/casaedianatiago-stp.com\/wp-content\/uploads\/2021\/07\/6-SJ-Lagoa-Amelia-arbre_IMG_3554-scaled-1.jpeg 1920w\" sizes=\"(max-width: 768px) 100vw, 768px\" \/>\t\t\t\t<\/a>\n\t\t\t\t\t\t\t\n\t\t\t\t<a href=\"#\" data-mfp-src=\"https:\/\/casaedianatiago-stp.com\/wp-content\/uploads\/2021\/07\/7-Obo\u0302-jeux-de-lumie\u0300re-Cl-scaled-1-1024x576.jpeg\" class=\"ha-image-grid__item ha-js-lightbox __fltr-6\">\n\t\t\t\t\t<img loading=\"lazy\" decoding=\"async\" width=\"768\" height=\"432\" src=\"https:\/\/casaedianatiago-stp.com\/wp-content\/uploads\/2021\/07\/7-Obo\u0302-jeux-de-lumie\u0300re-Cl-scaled-1-768x432.jpeg\" class=\"elementor-animation-grow\" alt=\"\" srcset=\"https:\/\/casaedianatiago-stp.com\/wp-content\/uploads\/2021\/07\/7-Obo\u0302-jeux-de-lumie\u0300re-Cl-scaled-1-768x432.jpeg 768w, https:\/\/casaedianatiago-stp.com\/wp-content\/uploads\/2021\/07\/7-Obo\u0302-jeux-de-lumie\u0300re-Cl-scaled-1-300x169.jpeg 300w, https:\/\/casaedianatiago-stp.com\/wp-content\/uploads\/2021\/07\/7-Obo\u0302-jeux-de-lumie\u0300re-Cl-scaled-1-1024x576.jpeg 1024w, https:\/\/casaedianatiago-stp.com\/wp-content\/uploads\/2021\/07\/7-Obo\u0302-jeux-de-lumie\u0300re-Cl-scaled-1-1536x864.jpeg 1536w, https:\/\/casaedianatiago-stp.com\/wp-content\/uploads\/2021\/07\/7-Obo\u0302-jeux-de-lumie\u0300re-Cl-scaled-1-2048x1152.jpeg 2048w\" sizes=\"(max-width: 768px) 100vw, 768px\" \/>\t\t\t\t<\/a>\n\t\t\t\t\t\t\t\n\t\t\t\t<a href=\"#\" data-mfp-src=\"https:\/\/casaedianatiago-stp.com\/wp-content\/uploads\/2021\/07\/8-Obo\u0302-larrive\u0301e-au-sommet-du-crate\u0300re-de-Lagoa-Amelia-1024x576.jpeg\" class=\"ha-image-grid__item ha-js-lightbox __fltr-6\">\n\t\t\t\t\t<img loading=\"lazy\" decoding=\"async\" width=\"768\" height=\"432\" src=\"https:\/\/casaedianatiago-stp.com\/wp-content\/uploads\/2021\/07\/8-Obo\u0302-larrive\u0301e-au-sommet-du-crate\u0300re-de-Lagoa-Amelia-768x432.jpeg\" class=\"elementor-animation-grow\" alt=\"\" srcset=\"https:\/\/casaedianatiago-stp.com\/wp-content\/uploads\/2021\/07\/8-Obo\u0302-larrive\u0301e-au-sommet-du-crate\u0300re-de-Lagoa-Amelia-768x432.jpeg 768w, https:\/\/casaedianatiago-stp.com\/wp-content\/uploads\/2021\/07\/8-Obo\u0302-larrive\u0301e-au-sommet-du-crate\u0300re-de-Lagoa-Amelia-300x169.jpeg 300w, https:\/\/casaedianatiago-stp.com\/wp-content\/uploads\/2021\/07\/8-Obo\u0302-larrive\u0301e-au-sommet-du-crate\u0300re-de-Lagoa-Amelia-1024x576.jpeg 1024w, https:\/\/casaedianatiago-stp.com\/wp-content\/uploads\/2021\/07\/8-Obo\u0302-larrive\u0301e-au-sommet-du-crate\u0300re-de-Lagoa-Amelia.jpeg 1280w\" sizes=\"(max-width: 768px) 100vw, 768px\" \/>\t\t\t\t<\/a>\n\t\t\t\t\t\t\t\n\t\t\t\t<a href=\"#\" data-mfp-src=\"https:\/\/casaedianatiago-stp.com\/wp-content\/uploads\/2021\/07\/Lagoa-Ame\u0301lia-Arlindo-et-enfants.jpeg\" class=\"ha-image-grid__item ha-js-lightbox __fltr-6\">\n\t\t\t\t\t<img loading=\"lazy\" decoding=\"async\" width=\"720\" height=\"960\" src=\"https:\/\/casaedianatiago-stp.com\/wp-content\/uploads\/2021\/07\/Lagoa-Ame\u0301lia-Arlindo-et-enfants.jpeg\" class=\"elementor-animation-grow\" alt=\"\" srcset=\"https:\/\/casaedianatiago-stp.com\/wp-content\/uploads\/2021\/07\/Lagoa-Ame\u0301lia-Arlindo-et-enfants.jpeg 720w, https:\/\/casaedianatiago-stp.com\/wp-content\/uploads\/2021\/07\/Lagoa-Ame\u0301lia-Arlindo-et-enfants-225x300.jpeg 225w\" sizes=\"(max-width: 720px) 100vw, 720px\" \/>\t\t\t\t<\/a>\n\t\t\t\t\t\t\t\n\t\t\t\t<a href=\"#\" data-mfp-src=\"https:\/\/casaedianatiago-stp.com\/wp-content\/uploads\/2021\/08\/10-Sao\u0303T-Nature-2848-scaled-1-1024x768.jpeg\" class=\"ha-image-grid__item ha-js-lightbox __fltr-6\">\n\t\t\t\t\t<img loading=\"lazy\" decoding=\"async\" width=\"768\" height=\"576\" src=\"https:\/\/casaedianatiago-stp.com\/wp-content\/uploads\/2021\/08\/10-Sao\u0303T-Nature-2848-scaled-1-768x576.jpeg\" class=\"elementor-animation-grow\" alt=\"\" srcset=\"https:\/\/casaedianatiago-stp.com\/wp-content\/uploads\/2021\/08\/10-Sao\u0303T-Nature-2848-scaled-1-768x576.jpeg 768w, https:\/\/casaedianatiago-stp.com\/wp-content\/uploads\/2021\/08\/10-Sao\u0303T-Nature-2848-scaled-1-300x225.jpeg 300w, https:\/\/casaedianatiago-stp.com\/wp-content\/uploads\/2021\/08\/10-Sao\u0303T-Nature-2848-scaled-1-1024x768.jpeg 1024w, https:\/\/casaedianatiago-stp.com\/wp-content\/uploads\/2021\/08\/10-Sao\u0303T-Nature-2848-scaled-1-1536x1152.jpeg 1536w, https:\/\/casaedianatiago-stp.com\/wp-content\/uploads\/2021\/08\/10-Sao\u0303T-Nature-2848-scaled-1-2048x1536.jpeg 2048w\" sizes=\"(max-width: 768px) 100vw, 768px\" \/>\t\t\t\t<\/a>\n\t\t\t\t\t\t\t\n\t\t\t\t<a href=\"#\" data-mfp-src=\"https:\/\/casaedianatiago-stp.com\/wp-content\/uploads\/2021\/08\/1-Cacaoyeraie-a\u0300-la-Watteau-copie-horizontale-scaled-1-1024x672.jpeg\" class=\"ha-image-grid__item ha-js-lightbox __fltr-7\">\n\t\t\t\t\t<img loading=\"lazy\" decoding=\"async\" width=\"768\" height=\"504\" src=\"https:\/\/casaedianatiago-stp.com\/wp-content\/uploads\/2021\/08\/1-Cacaoyeraie-a\u0300-la-Watteau-copie-horizontale-scaled-1-768x504.jpeg\" class=\"elementor-animation-grow\" alt=\"\" srcset=\"https:\/\/casaedianatiago-stp.com\/wp-content\/uploads\/2021\/08\/1-Cacaoyeraie-a\u0300-la-Watteau-copie-horizontale-scaled-1-768x504.jpeg 768w, https:\/\/casaedianatiago-stp.com\/wp-content\/uploads\/2021\/08\/1-Cacaoyeraie-a\u0300-la-Watteau-copie-horizontale-scaled-1-300x197.jpeg 300w, https:\/\/casaedianatiago-stp.com\/wp-content\/uploads\/2021\/08\/1-Cacaoyeraie-a\u0300-la-Watteau-copie-horizontale-scaled-1-1024x672.jpeg 1024w, https:\/\/casaedianatiago-stp.com\/wp-content\/uploads\/2021\/08\/1-Cacaoyeraie-a\u0300-la-Watteau-copie-horizontale-scaled-1-1536x1008.jpeg 1536w, https:\/\/casaedianatiago-stp.com\/wp-content\/uploads\/2021\/08\/1-Cacaoyeraie-a\u0300-la-Watteau-copie-horizontale-scaled-1-2048x1344.jpeg 2048w\" sizes=\"(max-width: 768px) 100vw, 768px\" \/>\t\t\t\t<\/a>\n\t\t\t\t\t\t\t\n\t\t\t\t<a href=\"#\" data-mfp-src=\"https:\/\/casaedianatiago-stp.com\/wp-content\/uploads\/2021\/07\/2-cascade-S.-Nicolau-e\u0301chelle-Luc-1024x395.jpg\" class=\"ha-image-grid__item ha-js-lightbox __fltr-7\">\n\t\t\t\t\t<img loading=\"lazy\" decoding=\"async\" width=\"768\" height=\"296\" src=\"https:\/\/casaedianatiago-stp.com\/wp-content\/uploads\/2021\/07\/2-cascade-S.-Nicolau-e\u0301chelle-Luc-768x296.jpg\" class=\"elementor-animation-grow\" alt=\"\" srcset=\"https:\/\/casaedianatiago-stp.com\/wp-content\/uploads\/2021\/07\/2-cascade-S.-Nicolau-e\u0301chelle-Luc-768x296.jpg 768w, https:\/\/casaedianatiago-stp.com\/wp-content\/uploads\/2021\/07\/2-cascade-S.-Nicolau-e\u0301chelle-Luc-300x116.jpg 300w, https:\/\/casaedianatiago-stp.com\/wp-content\/uploads\/2021\/07\/2-cascade-S.-Nicolau-e\u0301chelle-Luc-1024x395.jpg 1024w, https:\/\/casaedianatiago-stp.com\/wp-content\/uploads\/2021\/07\/2-cascade-S.-Nicolau-e\u0301chelle-Luc-1536x592.jpg 1536w, https:\/\/casaedianatiago-stp.com\/wp-content\/uploads\/2021\/07\/2-cascade-S.-Nicolau-e\u0301chelle-Luc.jpg 1744w\" sizes=\"(max-width: 768px) 100vw, 768px\" \/>\t\t\t\t<\/a>\n\t\t\t\t\t\t\t\n\t\t\t\t<a href=\"#\" data-mfp-src=\"https:\/\/casaedianatiago-stp.com\/wp-content\/uploads\/2021\/07\/3-Cascata-S.-Nicolau-Cl-scaled-1-768x1024.jpg\" class=\"ha-image-grid__item ha-js-lightbox __fltr-7\">\n\t\t\t\t\t<img loading=\"lazy\" decoding=\"async\" width=\"768\" height=\"1024\" src=\"https:\/\/casaedianatiago-stp.com\/wp-content\/uploads\/2021\/07\/3-Cascata-S.-Nicolau-Cl-scaled-1-768x1024.jpg\" class=\"elementor-animation-grow\" alt=\"\" srcset=\"https:\/\/casaedianatiago-stp.com\/wp-content\/uploads\/2021\/07\/3-Cascata-S.-Nicolau-Cl-scaled-1-768x1024.jpg 768w, https:\/\/casaedianatiago-stp.com\/wp-content\/uploads\/2021\/07\/3-Cascata-S.-Nicolau-Cl-scaled-1-225x300.jpg 225w, https:\/\/casaedianatiago-stp.com\/wp-content\/uploads\/2021\/07\/3-Cascata-S.-Nicolau-Cl-scaled-1-1152x1536.jpg 1152w, https:\/\/casaedianatiago-stp.com\/wp-content\/uploads\/2021\/07\/3-Cascata-S.-Nicolau-Cl-scaled-1-1536x2048.jpg 1536w, https:\/\/casaedianatiago-stp.com\/wp-content\/uploads\/2021\/07\/3-Cascata-S.-Nicolau-Cl-scaled-1.jpg 1920w\" sizes=\"(max-width: 768px) 100vw, 768px\" \/>\t\t\t\t<\/a>\n\t\t\t\t\t\t\t\n\t\t\t\t<a href=\"#\" data-mfp-src=\"https:\/\/casaedianatiago-stp.com\/wp-content\/uploads\/2021\/08\/4-PP-MZ-03-erythrines-2-mm-1024x768.jpeg\" class=\"ha-image-grid__item ha-js-lightbox __fltr-7\">\n\t\t\t\t\t<img loading=\"lazy\" decoding=\"async\" width=\"768\" height=\"576\" src=\"https:\/\/casaedianatiago-stp.com\/wp-content\/uploads\/2021\/08\/4-PP-MZ-03-erythrines-2-mm-768x576.jpeg\" class=\"elementor-animation-grow\" alt=\"\" srcset=\"https:\/\/casaedianatiago-stp.com\/wp-content\/uploads\/2021\/08\/4-PP-MZ-03-erythrines-2-mm-768x576.jpeg 768w, https:\/\/casaedianatiago-stp.com\/wp-content\/uploads\/2021\/08\/4-PP-MZ-03-erythrines-2-mm-300x225.jpeg 300w, https:\/\/casaedianatiago-stp.com\/wp-content\/uploads\/2021\/08\/4-PP-MZ-03-erythrines-2-mm-1024x768.jpeg 1024w, https:\/\/casaedianatiago-stp.com\/wp-content\/uploads\/2021\/08\/4-PP-MZ-03-erythrines-2-mm-1536x1152.jpeg 1536w, https:\/\/casaedianatiago-stp.com\/wp-content\/uploads\/2021\/08\/4-PP-MZ-03-erythrines-2-mm.jpeg 1632w\" sizes=\"(max-width: 768px) 100vw, 768px\" \/>\t\t\t\t<\/a>\n\t\t\t\t\t\t\t\n\t\t\t\t<a href=\"#\" data-mfp-src=\"https:\/\/casaedianatiago-stp.com\/wp-content\/uploads\/2021\/07\/3-PPMZ05-alle\u0301e-des-e\u0301rythrines3-pm.jpeg\" class=\"ha-image-grid__item ha-js-lightbox __fltr-7\">\n\t\t\t\t\t<img loading=\"lazy\" decoding=\"async\" width=\"433\" height=\"577\" src=\"https:\/\/casaedianatiago-stp.com\/wp-content\/uploads\/2021\/07\/3-PPMZ05-alle\u0301e-des-e\u0301rythrines3-pm.jpeg\" class=\"elementor-animation-grow\" alt=\"\" srcset=\"https:\/\/casaedianatiago-stp.com\/wp-content\/uploads\/2021\/07\/3-PPMZ05-alle\u0301e-des-e\u0301rythrines3-pm.jpeg 433w, https:\/\/casaedianatiago-stp.com\/wp-content\/uploads\/2021\/07\/3-PPMZ05-alle\u0301e-des-e\u0301rythrines3-pm-225x300.jpeg 225w\" sizes=\"(max-width: 433px) 100vw, 433px\" \/>\t\t\t\t<\/a>\n\t\t\t\t\t\t\t\n\t\t\t\t<a href=\"#\" data-mfp-src=\"https:\/\/casaedianatiago-stp.com\/wp-content\/uploads\/2021\/07\/4-PPMZ01-passeio-pm.jpeg\" class=\"ha-image-grid__item ha-js-lightbox __fltr-7\">\n\t\t\t\t\t<img loading=\"lazy\" decoding=\"async\" width=\"577\" height=\"433\" src=\"https:\/\/casaedianatiago-stp.com\/wp-content\/uploads\/2021\/07\/4-PPMZ01-passeio-pm.jpeg\" class=\"elementor-animation-grow\" alt=\"\" srcset=\"https:\/\/casaedianatiago-stp.com\/wp-content\/uploads\/2021\/07\/4-PPMZ01-passeio-pm.jpeg 577w, https:\/\/casaedianatiago-stp.com\/wp-content\/uploads\/2021\/07\/4-PPMZ01-passeio-pm-300x225.jpeg 300w\" sizes=\"(max-width: 577px) 100vw, 577px\" \/>\t\t\t\t<\/a>\n\t\t\t\t\t\t\t\n\t\t\t\t<a href=\"#\" data-mfp-src=\"https:\/\/casaedianatiago-stp.com\/wp-content\/uploads\/2021\/08\/7-PPMZ01-arbre-scaled-1-1024x768.jpeg\" class=\"ha-image-grid__item ha-js-lightbox __fltr-7\">\n\t\t\t\t\t<img loading=\"lazy\" decoding=\"async\" width=\"768\" height=\"576\" src=\"https:\/\/casaedianatiago-stp.com\/wp-content\/uploads\/2021\/08\/7-PPMZ01-arbre-scaled-1-768x576.jpeg\" class=\"elementor-animation-grow\" alt=\"\" srcset=\"https:\/\/casaedianatiago-stp.com\/wp-content\/uploads\/2021\/08\/7-PPMZ01-arbre-scaled-1-768x576.jpeg 768w, https:\/\/casaedianatiago-stp.com\/wp-content\/uploads\/2021\/08\/7-PPMZ01-arbre-scaled-1-300x225.jpeg 300w, https:\/\/casaedianatiago-stp.com\/wp-content\/uploads\/2021\/08\/7-PPMZ01-arbre-scaled-1-1024x768.jpeg 1024w, https:\/\/casaedianatiago-stp.com\/wp-content\/uploads\/2021\/08\/7-PPMZ01-arbre-scaled-1-1536x1152.jpeg 1536w, https:\/\/casaedianatiago-stp.com\/wp-content\/uploads\/2021\/08\/7-PPMZ01-arbre-scaled-1-2048x1536.jpeg 2048w\" sizes=\"(max-width: 768px) 100vw, 768px\" \/>\t\t\t\t<\/a>\n\t\t\t\t\t\t\t\n\t\t\t\t<a href=\"#\" data-mfp-src=\"https:\/\/casaedianatiago-stp.com\/wp-content\/uploads\/2021\/08\/unnamed-file-1024x768.jpeg\" class=\"ha-image-grid__item ha-js-lightbox __fltr-7\">\n\t\t\t\t\t<img loading=\"lazy\" decoding=\"async\" width=\"768\" height=\"576\" src=\"https:\/\/casaedianatiago-stp.com\/wp-content\/uploads\/2021\/08\/unnamed-file-768x576.jpeg\" class=\"elementor-animation-grow\" alt=\"\" srcset=\"https:\/\/casaedianatiago-stp.com\/wp-content\/uploads\/2021\/08\/unnamed-file-768x576.jpeg 768w, https:\/\/casaedianatiago-stp.com\/wp-content\/uploads\/2021\/08\/unnamed-file-300x225.jpeg 300w, https:\/\/casaedianatiago-stp.com\/wp-content\/uploads\/2021\/08\/unnamed-file-1024x768.jpeg 1024w, https:\/\/casaedianatiago-stp.com\/wp-content\/uploads\/2021\/08\/unnamed-file-1536x1152.jpeg 1536w, https:\/\/casaedianatiago-stp.com\/wp-content\/uploads\/2021\/08\/unnamed-file-2048x1536.jpeg 2048w\" sizes=\"(max-width: 768px) 100vw, 768px\" \/>\t\t\t\t<\/a>\n\t\t\t\t\t\t\t\n\t\t\t\t<a href=\"#\" data-mfp-src=\"https:\/\/casaedianatiago-stp.com\/wp-content\/uploads\/2021\/08\/9-PPMZ05-Muse\u0301e-du-Cafe\u0301-scaled-1-1024x768.jpeg\" class=\"ha-image-grid__item ha-js-lightbox __fltr-7\">\n\t\t\t\t\t<img loading=\"lazy\" decoding=\"async\" width=\"768\" height=\"576\" src=\"https:\/\/casaedianatiago-stp.com\/wp-content\/uploads\/2021\/08\/9-PPMZ05-Muse\u0301e-du-Cafe\u0301-scaled-1-768x576.jpeg\" class=\"elementor-animation-grow\" alt=\"\" srcset=\"https:\/\/casaedianatiago-stp.com\/wp-content\/uploads\/2021\/08\/9-PPMZ05-Muse\u0301e-du-Cafe\u0301-scaled-1-768x576.jpeg 768w, https:\/\/casaedianatiago-stp.com\/wp-content\/uploads\/2021\/08\/9-PPMZ05-Muse\u0301e-du-Cafe\u0301-scaled-1-300x225.jpeg 300w, https:\/\/casaedianatiago-stp.com\/wp-content\/uploads\/2021\/08\/9-PPMZ05-Muse\u0301e-du-Cafe\u0301-scaled-1-1024x768.jpeg 1024w, https:\/\/casaedianatiago-stp.com\/wp-content\/uploads\/2021\/08\/9-PPMZ05-Muse\u0301e-du-Cafe\u0301-scaled-1-1536x1152.jpeg 1536w, https:\/\/casaedianatiago-stp.com\/wp-content\/uploads\/2021\/08\/9-PPMZ05-Muse\u0301e-du-Cafe\u0301-scaled-1-2048x1536.jpeg 2048w\" sizes=\"(max-width: 768px) 100vw, 768px\" \/>\t\t\t\t<\/a>\n\t\t\t\t\t\t\t\n\t\t\t\t<a href=\"#\" data-mfp-src=\"https:\/\/casaedianatiago-stp.com\/wp-content\/uploads\/2021\/08\/10-Vue-sur-Roc\u0327a-Saudade-scaled-1-1024x768.jpeg\" class=\"ha-image-grid__item ha-js-lightbox __fltr-7\">\n\t\t\t\t\t<img loading=\"lazy\" decoding=\"async\" width=\"768\" height=\"576\" src=\"https:\/\/casaedianatiago-stp.com\/wp-content\/uploads\/2021\/08\/10-Vue-sur-Roc\u0327a-Saudade-scaled-1-768x576.jpeg\" class=\"elementor-animation-grow\" alt=\"\" srcset=\"https:\/\/casaedianatiago-stp.com\/wp-content\/uploads\/2021\/08\/10-Vue-sur-Roc\u0327a-Saudade-scaled-1-768x576.jpeg 768w, https:\/\/casaedianatiago-stp.com\/wp-content\/uploads\/2021\/08\/10-Vue-sur-Roc\u0327a-Saudade-scaled-1-300x225.jpeg 300w, https:\/\/casaedianatiago-stp.com\/wp-content\/uploads\/2021\/08\/10-Vue-sur-Roc\u0327a-Saudade-scaled-1-1024x768.jpeg 1024w, https:\/\/casaedianatiago-stp.com\/wp-content\/uploads\/2021\/08\/10-Vue-sur-Roc\u0327a-Saudade-scaled-1-1536x1152.jpeg 1536w, https:\/\/casaedianatiago-stp.com\/wp-content\/uploads\/2021\/08\/10-Vue-sur-Roc\u0327a-Saudade-scaled-1-2048x1536.jpeg 2048w\" sizes=\"(max-width: 768px) 100vw, 768px\" \/>\t\t\t\t<\/a>\n\t\t\t\t\t\t\t\n\t\t\t\t<a href=\"#\" data-mfp-src=\"https:\/\/casaedianatiago-stp.com\/wp-content\/uploads\/2021\/07\/11-SJ-Roc\u0327a-Saudade-a\u0300-Bom-Sucesso-1024x768.jpeg\" class=\"ha-image-grid__item ha-js-lightbox __fltr-7\">\n\t\t\t\t\t<img loading=\"lazy\" decoding=\"async\" width=\"768\" height=\"576\" src=\"https:\/\/casaedianatiago-stp.com\/wp-content\/uploads\/2021\/07\/11-SJ-Roc\u0327a-Saudade-a\u0300-Bom-Sucesso-768x576.jpeg\" class=\"elementor-animation-grow\" alt=\"\" srcset=\"https:\/\/casaedianatiago-stp.com\/wp-content\/uploads\/2021\/07\/11-SJ-Roc\u0327a-Saudade-a\u0300-Bom-Sucesso-768x576.jpeg 768w, https:\/\/casaedianatiago-stp.com\/wp-content\/uploads\/2021\/07\/11-SJ-Roc\u0327a-Saudade-a\u0300-Bom-Sucesso-300x225.jpeg 300w, https:\/\/casaedianatiago-stp.com\/wp-content\/uploads\/2021\/07\/11-SJ-Roc\u0327a-Saudade-a\u0300-Bom-Sucesso-1024x768.jpeg 1024w, https:\/\/casaedianatiago-stp.com\/wp-content\/uploads\/2021\/07\/11-SJ-Roc\u0327a-Saudade-a\u0300-Bom-Sucesso.jpeg 1200w\" sizes=\"(max-width: 768px) 100vw, 768px\" \/>\t\t\t\t<\/a>\n\t\t\t\t\t\t\t\n\t\t\t\t<a href=\"#\" data-mfp-src=\"https:\/\/casaedianatiago-stp.com\/wp-content\/uploads\/2021\/08\/12-PP-MZ-03-cultures-en-terrasses-scaled-1-1024x768.jpeg\" class=\"ha-image-grid__item ha-js-lightbox __fltr-7\">\n\t\t\t\t\t<img loading=\"lazy\" decoding=\"async\" width=\"768\" height=\"576\" src=\"https:\/\/casaedianatiago-stp.com\/wp-content\/uploads\/2021\/08\/12-PP-MZ-03-cultures-en-terrasses-scaled-1-768x576.jpeg\" class=\"elementor-animation-grow\" alt=\"\" srcset=\"https:\/\/casaedianatiago-stp.com\/wp-content\/uploads\/2021\/08\/12-PP-MZ-03-cultures-en-terrasses-scaled-1-768x576.jpeg 768w, https:\/\/casaedianatiago-stp.com\/wp-content\/uploads\/2021\/08\/12-PP-MZ-03-cultures-en-terrasses-scaled-1-300x225.jpeg 300w, https:\/\/casaedianatiago-stp.com\/wp-content\/uploads\/2021\/08\/12-PP-MZ-03-cultures-en-terrasses-scaled-1-1024x768.jpeg 1024w, https:\/\/casaedianatiago-stp.com\/wp-content\/uploads\/2021\/08\/12-PP-MZ-03-cultures-en-terrasses-scaled-1-1536x1152.jpeg 1536w, https:\/\/casaedianatiago-stp.com\/wp-content\/uploads\/2021\/08\/12-PP-MZ-03-cultures-en-terrasses-scaled-1-2048x1536.jpeg 2048w\" sizes=\"(max-width: 768px) 100vw, 768px\" \/>\t\t\t\t<\/a>\n\t\t\t\t\t\t\t\n\t\t\t\t<a href=\"#\" data-mfp-src=\"https:\/\/casaedianatiago-stp.com\/wp-content\/uploads\/2021\/08\/13-route-Bombaim-Milagrosa-pont-sur-rio-Me\u0301-Zochi-scaled-1-1024x768.jpeg\" class=\"ha-image-grid__item ha-js-lightbox __fltr-7\">\n\t\t\t\t\t<img loading=\"lazy\" decoding=\"async\" width=\"768\" height=\"576\" src=\"https:\/\/casaedianatiago-stp.com\/wp-content\/uploads\/2021\/08\/13-route-Bombaim-Milagrosa-pont-sur-rio-Me\u0301-Zochi-scaled-1-768x576.jpeg\" class=\"elementor-animation-grow\" alt=\"\" srcset=\"https:\/\/casaedianatiago-stp.com\/wp-content\/uploads\/2021\/08\/13-route-Bombaim-Milagrosa-pont-sur-rio-Me\u0301-Zochi-scaled-1-768x576.jpeg 768w, https:\/\/casaedianatiago-stp.com\/wp-content\/uploads\/2021\/08\/13-route-Bombaim-Milagrosa-pont-sur-rio-Me\u0301-Zochi-scaled-1-300x225.jpeg 300w, https:\/\/casaedianatiago-stp.com\/wp-content\/uploads\/2021\/08\/13-route-Bombaim-Milagrosa-pont-sur-rio-Me\u0301-Zochi-scaled-1-1024x768.jpeg 1024w, https:\/\/casaedianatiago-stp.com\/wp-content\/uploads\/2021\/08\/13-route-Bombaim-Milagrosa-pont-sur-rio-Me\u0301-Zochi-scaled-1-1536x1152.jpeg 1536w, https:\/\/casaedianatiago-stp.com\/wp-content\/uploads\/2021\/08\/13-route-Bombaim-Milagrosa-pont-sur-rio-Me\u0301-Zochi-scaled-1-2048x1536.jpeg 2048w\" sizes=\"(max-width: 768px) 100vw, 768px\" \/>\t\t\t\t<\/a>\n\t\t\t\t\t\t\t\n\t\t\t\t<a href=\"#\" data-mfp-src=\"https:\/\/casaedianatiago-stp.com\/wp-content\/uploads\/2021\/08\/14-route-Bombaim-Milagrosa-2-scaled-1-1024x768.jpeg\" class=\"ha-image-grid__item ha-js-lightbox __fltr-7\">\n\t\t\t\t\t<img loading=\"lazy\" decoding=\"async\" width=\"768\" height=\"576\" src=\"https:\/\/casaedianatiago-stp.com\/wp-content\/uploads\/2021\/08\/14-route-Bombaim-Milagrosa-2-scaled-1-768x576.jpeg\" class=\"elementor-animation-grow\" alt=\"\" srcset=\"https:\/\/casaedianatiago-stp.com\/wp-content\/uploads\/2021\/08\/14-route-Bombaim-Milagrosa-2-scaled-1-768x576.jpeg 768w, https:\/\/casaedianatiago-stp.com\/wp-content\/uploads\/2021\/08\/14-route-Bombaim-Milagrosa-2-scaled-1-300x225.jpeg 300w, https:\/\/casaedianatiago-stp.com\/wp-content\/uploads\/2021\/08\/14-route-Bombaim-Milagrosa-2-scaled-1-1024x768.jpeg 1024w, https:\/\/casaedianatiago-stp.com\/wp-content\/uploads\/2021\/08\/14-route-Bombaim-Milagrosa-2-scaled-1-1536x1152.jpeg 1536w, https:\/\/casaedianatiago-stp.com\/wp-content\/uploads\/2021\/08\/14-route-Bombaim-Milagrosa-2-scaled-1-2048x1536.jpeg 2048w\" sizes=\"(max-width: 768px) 100vw, 768px\" \/>\t\t\t\t<\/a>\n\t\t\t\t\t\t\t\n\t\t\t\t<a href=\"#\" data-mfp-src=\"https:\/\/casaedianatiago-stp.com\/wp-content\/uploads\/2021\/08\/15-Roc\u0327a-Bombaim-fac\u0327ade-scaled-1-1024x768.jpeg\" class=\"ha-image-grid__item ha-js-lightbox __fltr-7\">\n\t\t\t\t\t<img loading=\"lazy\" decoding=\"async\" width=\"768\" height=\"576\" src=\"https:\/\/casaedianatiago-stp.com\/wp-content\/uploads\/2021\/08\/15-Roc\u0327a-Bombaim-fac\u0327ade-scaled-1-768x576.jpeg\" class=\"elementor-animation-grow\" alt=\"\" srcset=\"https:\/\/casaedianatiago-stp.com\/wp-content\/uploads\/2021\/08\/15-Roc\u0327a-Bombaim-fac\u0327ade-scaled-1-768x576.jpeg 768w, https:\/\/casaedianatiago-stp.com\/wp-content\/uploads\/2021\/08\/15-Roc\u0327a-Bombaim-fac\u0327ade-scaled-1-300x225.jpeg 300w, https:\/\/casaedianatiago-stp.com\/wp-content\/uploads\/2021\/08\/15-Roc\u0327a-Bombaim-fac\u0327ade-scaled-1-1024x768.jpeg 1024w, https:\/\/casaedianatiago-stp.com\/wp-content\/uploads\/2021\/08\/15-Roc\u0327a-Bombaim-fac\u0327ade-scaled-1-1536x1152.jpeg 1536w, https:\/\/casaedianatiago-stp.com\/wp-content\/uploads\/2021\/08\/15-Roc\u0327a-Bombaim-fac\u0327ade-scaled-1-2048x1536.jpeg 2048w\" sizes=\"(max-width: 768px) 100vw, 768px\" \/>\t\t\t\t<\/a>\n\t\t\t\t\t\t\t\n\t\t\t\t<a href=\"#\" data-mfp-src=\"https:\/\/casaedianatiago-stp.com\/wp-content\/uploads\/2021\/07\/4-cascade-Bombaim-haute-pm-rotated-1.jpeg\" class=\"ha-image-grid__item ha-js-lightbox __fltr-7\">\n\t\t\t\t\t<img loading=\"lazy\" decoding=\"async\" width=\"433\" height=\"577\" src=\"https:\/\/casaedianatiago-stp.com\/wp-content\/uploads\/2021\/07\/4-cascade-Bombaim-haute-pm-rotated-1.jpeg\" class=\"elementor-animation-grow\" alt=\"\" srcset=\"https:\/\/casaedianatiago-stp.com\/wp-content\/uploads\/2021\/07\/4-cascade-Bombaim-haute-pm-rotated-1.jpeg 433w, https:\/\/casaedianatiago-stp.com\/wp-content\/uploads\/2021\/07\/4-cascade-Bombaim-haute-pm-rotated-1-225x300.jpeg 225w\" sizes=\"(max-width: 433px) 100vw, 433px\" \/>\t\t\t\t<\/a>\n\t\t\t\t\t\t\t\n\t\t\t\t<a href=\"#\" data-mfp-src=\"https:\/\/casaedianatiago-stp.com\/wp-content\/uploads\/2021\/08\/17-vue-depuis-Roc\u0327a-Bombaim-scaled-1-768x1024.jpeg\" class=\"ha-image-grid__item ha-js-lightbox __fltr-7\">\n\t\t\t\t\t<img loading=\"lazy\" decoding=\"async\" width=\"768\" height=\"1024\" src=\"https:\/\/casaedianatiago-stp.com\/wp-content\/uploads\/2021\/08\/17-vue-depuis-Roc\u0327a-Bombaim-scaled-1-768x1024.jpeg\" class=\"elementor-animation-grow\" alt=\"\" srcset=\"https:\/\/casaedianatiago-stp.com\/wp-content\/uploads\/2021\/08\/17-vue-depuis-Roc\u0327a-Bombaim-scaled-1-768x1024.jpeg 768w, https:\/\/casaedianatiago-stp.com\/wp-content\/uploads\/2021\/08\/17-vue-depuis-Roc\u0327a-Bombaim-scaled-1-225x300.jpeg 225w, https:\/\/casaedianatiago-stp.com\/wp-content\/uploads\/2021\/08\/17-vue-depuis-Roc\u0327a-Bombaim-scaled-1-1152x1536.jpeg 1152w, https:\/\/casaedianatiago-stp.com\/wp-content\/uploads\/2021\/08\/17-vue-depuis-Roc\u0327a-Bombaim-scaled-1-1536x2048.jpeg 1536w, https:\/\/casaedianatiago-stp.com\/wp-content\/uploads\/2021\/08\/17-vue-depuis-Roc\u0327a-Bombaim-scaled-1.jpeg 1920w\" sizes=\"(max-width: 768px) 100vw, 768px\" \/>\t\t\t\t<\/a>\n\t\t\t\t\t\t\t\n\t\t\t\t<a href=\"#\" data-mfp-src=\"https:\/\/casaedianatiago-stp.com\/wp-content\/uploads\/2021\/07\/18-entre\u0301e-de-la-grotte-cascade-de-Santa-Fe\u0301-scaled-1-768x1024.jpeg\" class=\"ha-image-grid__item ha-js-lightbox __fltr-7\">\n\t\t\t\t\t<img loading=\"lazy\" decoding=\"async\" width=\"768\" height=\"1024\" src=\"https:\/\/casaedianatiago-stp.com\/wp-content\/uploads\/2021\/07\/18-entre\u0301e-de-la-grotte-cascade-de-Santa-Fe\u0301-scaled-1-768x1024.jpeg\" class=\"elementor-animation-grow\" alt=\"\" srcset=\"https:\/\/casaedianatiago-stp.com\/wp-content\/uploads\/2021\/07\/18-entre\u0301e-de-la-grotte-cascade-de-Santa-Fe\u0301-scaled-1-768x1024.jpeg 768w, https:\/\/casaedianatiago-stp.com\/wp-content\/uploads\/2021\/07\/18-entre\u0301e-de-la-grotte-cascade-de-Santa-Fe\u0301-scaled-1-225x300.jpeg 225w, https:\/\/casaedianatiago-stp.com\/wp-content\/uploads\/2021\/07\/18-entre\u0301e-de-la-grotte-cascade-de-Santa-Fe\u0301-scaled-1-1152x1536.jpeg 1152w, https:\/\/casaedianatiago-stp.com\/wp-content\/uploads\/2021\/07\/18-entre\u0301e-de-la-grotte-cascade-de-Santa-Fe\u0301-scaled-1-1536x2048.jpeg 1536w, https:\/\/casaedianatiago-stp.com\/wp-content\/uploads\/2021\/07\/18-entre\u0301e-de-la-grotte-cascade-de-Santa-Fe\u0301-scaled-1.jpeg 1920w\" sizes=\"(max-width: 768px) 100vw, 768px\" \/>\t\t\t\t<\/a>\n\t\t\t\t\t\t\t\n\t\t\t\t<a href=\"#\" data-mfp-src=\"https:\/\/casaedianatiago-stp.com\/wp-content\/uploads\/2021\/07\/19-grotte-de-Santa-Fe\u0301-scaled-1-768x1024.jpeg\" class=\"ha-image-grid__item ha-js-lightbox __fltr-7\">\n\t\t\t\t\t<img loading=\"lazy\" decoding=\"async\" width=\"768\" height=\"1024\" src=\"https:\/\/casaedianatiago-stp.com\/wp-content\/uploads\/2021\/07\/19-grotte-de-Santa-Fe\u0301-scaled-1-768x1024.jpeg\" class=\"elementor-animation-grow\" alt=\"\" srcset=\"https:\/\/casaedianatiago-stp.com\/wp-content\/uploads\/2021\/07\/19-grotte-de-Santa-Fe\u0301-scaled-1-768x1024.jpeg 768w, https:\/\/casaedianatiago-stp.com\/wp-content\/uploads\/2021\/07\/19-grotte-de-Santa-Fe\u0301-scaled-1-225x300.jpeg 225w, https:\/\/casaedianatiago-stp.com\/wp-content\/uploads\/2021\/07\/19-grotte-de-Santa-Fe\u0301-scaled-1-1152x1536.jpeg 1152w, https:\/\/casaedianatiago-stp.com\/wp-content\/uploads\/2021\/07\/19-grotte-de-Santa-Fe\u0301-scaled-1-1536x2048.jpeg 1536w, https:\/\/casaedianatiago-stp.com\/wp-content\/uploads\/2021\/07\/19-grotte-de-Santa-Fe\u0301-scaled-1.jpeg 1920w\" sizes=\"(max-width: 768px) 100vw, 768px\" \/>\t\t\t\t<\/a>\n\t\t\t\t\t\t\t\n\t\t\t\t<a href=\"#\" data-mfp-src=\"https:\/\/casaedianatiago-stp.com\/wp-content\/uploads\/2021\/08\/20-PP-MZ-09-a-scaled-1-1024x768.jpeg\" class=\"ha-image-grid__item ha-js-lightbox __fltr-7\">\n\t\t\t\t\t<img loading=\"lazy\" decoding=\"async\" width=\"768\" height=\"576\" src=\"https:\/\/casaedianatiago-stp.com\/wp-content\/uploads\/2021\/08\/20-PP-MZ-09-a-scaled-1-768x576.jpeg\" class=\"elementor-animation-grow\" alt=\"\" srcset=\"https:\/\/casaedianatiago-stp.com\/wp-content\/uploads\/2021\/08\/20-PP-MZ-09-a-scaled-1-768x576.jpeg 768w, https:\/\/casaedianatiago-stp.com\/wp-content\/uploads\/2021\/08\/20-PP-MZ-09-a-scaled-1-300x225.jpeg 300w, https:\/\/casaedianatiago-stp.com\/wp-content\/uploads\/2021\/08\/20-PP-MZ-09-a-scaled-1-1024x768.jpeg 1024w, https:\/\/casaedianatiago-stp.com\/wp-content\/uploads\/2021\/08\/20-PP-MZ-09-a-scaled-1-1536x1152.jpeg 1536w, https:\/\/casaedianatiago-stp.com\/wp-content\/uploads\/2021\/08\/20-PP-MZ-09-a-scaled-1-2048x1536.jpeg 2048w\" sizes=\"(max-width: 768px) 100vw, 768px\" \/>\t\t\t\t<\/a>\n\t\t\t\t\t\t\t\n\t\t\t\t<a href=\"#\" data-mfp-src=\"https:\/\/casaedianatiago-stp.com\/wp-content\/uploads\/2021\/08\/21-route-encaisse\u0301e-scaled-1-1024x768.jpeg\" class=\"ha-image-grid__item ha-js-lightbox __fltr-7\">\n\t\t\t\t\t<img loading=\"lazy\" decoding=\"async\" width=\"768\" height=\"576\" src=\"https:\/\/casaedianatiago-stp.com\/wp-content\/uploads\/2021\/08\/21-route-encaisse\u0301e-scaled-1-768x576.jpeg\" class=\"elementor-animation-grow\" alt=\"\" srcset=\"https:\/\/casaedianatiago-stp.com\/wp-content\/uploads\/2021\/08\/21-route-encaisse\u0301e-scaled-1-768x576.jpeg 768w, https:\/\/casaedianatiago-stp.com\/wp-content\/uploads\/2021\/08\/21-route-encaisse\u0301e-scaled-1-300x225.jpeg 300w, https:\/\/casaedianatiago-stp.com\/wp-content\/uploads\/2021\/08\/21-route-encaisse\u0301e-scaled-1-1024x768.jpeg 1024w, https:\/\/casaedianatiago-stp.com\/wp-content\/uploads\/2021\/08\/21-route-encaisse\u0301e-scaled-1-1536x1152.jpeg 1536w, https:\/\/casaedianatiago-stp.com\/wp-content\/uploads\/2021\/08\/21-route-encaisse\u0301e-scaled-1-2048x1536.jpeg 2048w\" sizes=\"(max-width: 768px) 100vw, 768px\" \/>\t\t\t\t<\/a>\n\t\t\t\t\t\t\t\n\t\t\t\t<a href=\"#\" data-mfp-src=\"https:\/\/casaedianatiago-stp.com\/wp-content\/uploads\/2021\/08\/22-lavandie\u0300res-a\u0300-Agua-Crioula-scaled-1-1024x768.jpeg\" class=\"ha-image-grid__item ha-js-lightbox __fltr-7\">\n\t\t\t\t\t<img loading=\"lazy\" decoding=\"async\" width=\"768\" height=\"576\" src=\"https:\/\/casaedianatiago-stp.com\/wp-content\/uploads\/2021\/08\/22-lavandie\u0300res-a\u0300-Agua-Crioula-scaled-1-768x576.jpeg\" class=\"elementor-animation-grow\" alt=\"\" srcset=\"https:\/\/casaedianatiago-stp.com\/wp-content\/uploads\/2021\/08\/22-lavandie\u0300res-a\u0300-Agua-Crioula-scaled-1-768x576.jpeg 768w, https:\/\/casaedianatiago-stp.com\/wp-content\/uploads\/2021\/08\/22-lavandie\u0300res-a\u0300-Agua-Crioula-scaled-1-300x225.jpeg 300w, https:\/\/casaedianatiago-stp.com\/wp-content\/uploads\/2021\/08\/22-lavandie\u0300res-a\u0300-Agua-Crioula-scaled-1-1024x768.jpeg 1024w, https:\/\/casaedianatiago-stp.com\/wp-content\/uploads\/2021\/08\/22-lavandie\u0300res-a\u0300-Agua-Crioula-scaled-1-1536x1152.jpeg 1536w, https:\/\/casaedianatiago-stp.com\/wp-content\/uploads\/2021\/08\/22-lavandie\u0300res-a\u0300-Agua-Crioula-scaled-1-2048x1536.jpeg 2048w\" sizes=\"(max-width: 768px) 100vw, 768px\" \/>\t\t\t\t<\/a>\n\t\t\t\t\t\t\t\n\t\t\t\t<a href=\"#\" data-mfp-src=\"https:\/\/casaedianatiago-stp.com\/wp-content\/uploads\/2021\/07\/Santa-Mocamba-ou-Santo-Mocambo-1024x768.jpeg\" class=\"ha-image-grid__item ha-js-lightbox __fltr-7\">\n\t\t\t\t\t<img loading=\"lazy\" decoding=\"async\" width=\"768\" height=\"576\" src=\"https:\/\/casaedianatiago-stp.com\/wp-content\/uploads\/2021\/07\/Santa-Mocamba-ou-Santo-Mocambo-768x576.jpeg\" class=\"elementor-animation-grow\" alt=\"\" srcset=\"https:\/\/casaedianatiago-stp.com\/wp-content\/uploads\/2021\/07\/Santa-Mocamba-ou-Santo-Mocambo-768x576.jpeg 768w, https:\/\/casaedianatiago-stp.com\/wp-content\/uploads\/2021\/07\/Santa-Mocamba-ou-Santo-Mocambo-300x225.jpeg 300w, https:\/\/casaedianatiago-stp.com\/wp-content\/uploads\/2021\/07\/Santa-Mocamba-ou-Santo-Mocambo-1024x768.jpeg 1024w, https:\/\/casaedianatiago-stp.com\/wp-content\/uploads\/2021\/07\/Santa-Mocamba-ou-Santo-Mocambo-1536x1152.jpeg 1536w, https:\/\/casaedianatiago-stp.com\/wp-content\/uploads\/2021\/07\/Santa-Mocamba-ou-Santo-Mocambo-2048x1536.jpeg 2048w\" sizes=\"(max-width: 768px) 100vw, 768px\" \/>\t\t\t\t<\/a>\n\t\t\t\t\t\t\t\n\t\t\t\t<a href=\"#\" data-mfp-src=\"https:\/\/casaedianatiago-stp.com\/wp-content\/uploads\/2021\/08\/1-Baie-et-BISTP-1612-scaled-1-1024x768.jpeg\" class=\"ha-image-grid__item ha-js-lightbox __fltr-8\">\n\t\t\t\t\t<img loading=\"lazy\" decoding=\"async\" width=\"768\" height=\"576\" src=\"https:\/\/casaedianatiago-stp.com\/wp-content\/uploads\/2021\/08\/1-Baie-et-BISTP-1612-scaled-1-768x576.jpeg\" class=\"elementor-animation-grow\" alt=\"\" srcset=\"https:\/\/casaedianatiago-stp.com\/wp-content\/uploads\/2021\/08\/1-Baie-et-BISTP-1612-scaled-1-768x576.jpeg 768w, https:\/\/casaedianatiago-stp.com\/wp-content\/uploads\/2021\/08\/1-Baie-et-BISTP-1612-scaled-1-300x225.jpeg 300w, https:\/\/casaedianatiago-stp.com\/wp-content\/uploads\/2021\/08\/1-Baie-et-BISTP-1612-scaled-1-1024x768.jpeg 1024w, https:\/\/casaedianatiago-stp.com\/wp-content\/uploads\/2021\/08\/1-Baie-et-BISTP-1612-scaled-1-1536x1152.jpeg 1536w, https:\/\/casaedianatiago-stp.com\/wp-content\/uploads\/2021\/08\/1-Baie-et-BISTP-1612-scaled-1-2048x1536.jpeg 2048w\" sizes=\"(max-width: 768px) 100vw, 768px\" \/>\t\t\t\t<\/a>\n\t\t\t\t\t\t\t\n\t\t\t\t<a href=\"#\" data-mfp-src=\"https:\/\/casaedianatiago-stp.com\/wp-content\/uploads\/2021\/08\/2-casa-rua-de-Moc\u0327ambique-copie-scaled-1-666x1024.jpeg\" class=\"ha-image-grid__item ha-js-lightbox __fltr-8\">\n\t\t\t\t\t<img loading=\"lazy\" decoding=\"async\" width=\"768\" height=\"1181\" src=\"https:\/\/casaedianatiago-stp.com\/wp-content\/uploads\/2021\/08\/2-casa-rua-de-Moc\u0327ambique-copie-scaled-1-768x1181.jpeg\" class=\"elementor-animation-grow\" alt=\"\" srcset=\"https:\/\/casaedianatiago-stp.com\/wp-content\/uploads\/2021\/08\/2-casa-rua-de-Moc\u0327ambique-copie-scaled-1-768x1181.jpeg 768w, https:\/\/casaedianatiago-stp.com\/wp-content\/uploads\/2021\/08\/2-casa-rua-de-Moc\u0327ambique-copie-scaled-1-195x300.jpeg 195w, https:\/\/casaedianatiago-stp.com\/wp-content\/uploads\/2021\/08\/2-casa-rua-de-Moc\u0327ambique-copie-scaled-1-666x1024.jpeg 666w, https:\/\/casaedianatiago-stp.com\/wp-content\/uploads\/2021\/08\/2-casa-rua-de-Moc\u0327ambique-copie-scaled-1-999x1536.jpeg 999w, https:\/\/casaedianatiago-stp.com\/wp-content\/uploads\/2021\/08\/2-casa-rua-de-Moc\u0327ambique-copie-scaled-1-1332x2048.jpeg 1332w, https:\/\/casaedianatiago-stp.com\/wp-content\/uploads\/2021\/08\/2-casa-rua-de-Moc\u0327ambique-copie-scaled-1.jpeg 1665w\" sizes=\"(max-width: 768px) 100vw, 768px\" \/>\t\t\t\t<\/a>\n\t\t\t\t\t\t\t\n\t\t\t\t<a href=\"#\" data-mfp-src=\"https:\/\/casaedianatiago-stp.com\/wp-content\/uploads\/2021\/08\/3-Banco-Central-Prac\u0327a-da-Independe\u0302ncia-scaled-1-1024x768.jpeg\" class=\"ha-image-grid__item ha-js-lightbox __fltr-8\">\n\t\t\t\t\t<img loading=\"lazy\" decoding=\"async\" width=\"768\" height=\"576\" src=\"https:\/\/casaedianatiago-stp.com\/wp-content\/uploads\/2021\/08\/3-Banco-Central-Prac\u0327a-da-Independe\u0302ncia-scaled-1-768x576.jpeg\" class=\"elementor-animation-grow\" alt=\"\" srcset=\"https:\/\/casaedianatiago-stp.com\/wp-content\/uploads\/2021\/08\/3-Banco-Central-Prac\u0327a-da-Independe\u0302ncia-scaled-1-768x576.jpeg 768w, https:\/\/casaedianatiago-stp.com\/wp-content\/uploads\/2021\/08\/3-Banco-Central-Prac\u0327a-da-Independe\u0302ncia-scaled-1-300x225.jpeg 300w, https:\/\/casaedianatiago-stp.com\/wp-content\/uploads\/2021\/08\/3-Banco-Central-Prac\u0327a-da-Independe\u0302ncia-scaled-1-1024x768.jpeg 1024w, https:\/\/casaedianatiago-stp.com\/wp-content\/uploads\/2021\/08\/3-Banco-Central-Prac\u0327a-da-Independe\u0302ncia-scaled-1-1536x1152.jpeg 1536w, https:\/\/casaedianatiago-stp.com\/wp-content\/uploads\/2021\/08\/3-Banco-Central-Prac\u0327a-da-Independe\u0302ncia-scaled-1-2048x1536.jpeg 2048w\" sizes=\"(max-width: 768px) 100vw, 768px\" \/>\t\t\t\t<\/a>\n\t\t\t\t\t\t\t\n\t\t\t\t<a href=\"#\" data-mfp-src=\"https:\/\/casaedianatiago-stp.com\/wp-content\/uploads\/2021\/08\/4-S.-Sebastiao-et-les-de\u0301couvreurs-scaled-1-1024x768.jpg\" class=\"ha-image-grid__item ha-js-lightbox __fltr-8\">\n\t\t\t\t\t<img loading=\"lazy\" decoding=\"async\" width=\"768\" height=\"576\" src=\"https:\/\/casaedianatiago-stp.com\/wp-content\/uploads\/2021\/08\/4-S.-Sebastiao-et-les-de\u0301couvreurs-scaled-1-768x576.jpg\" class=\"elementor-animation-grow\" alt=\"\" srcset=\"https:\/\/casaedianatiago-stp.com\/wp-content\/uploads\/2021\/08\/4-S.-Sebastiao-et-les-de\u0301couvreurs-scaled-1-768x576.jpg 768w, https:\/\/casaedianatiago-stp.com\/wp-content\/uploads\/2021\/08\/4-S.-Sebastiao-et-les-de\u0301couvreurs-scaled-1-300x225.jpg 300w, https:\/\/casaedianatiago-stp.com\/wp-content\/uploads\/2021\/08\/4-S.-Sebastiao-et-les-de\u0301couvreurs-scaled-1-1024x768.jpg 1024w, https:\/\/casaedianatiago-stp.com\/wp-content\/uploads\/2021\/08\/4-S.-Sebastiao-et-les-de\u0301couvreurs-scaled-1-1536x1152.jpg 1536w, https:\/\/casaedianatiago-stp.com\/wp-content\/uploads\/2021\/08\/4-S.-Sebastiao-et-les-de\u0301couvreurs-scaled-1-2048x1536.jpg 2048w\" sizes=\"(max-width: 768px) 100vw, 768px\" \/>\t\t\t\t<\/a>\n\t\t\t\t\t\t\t\n\t\t\t\t<a href=\"#\" data-mfp-src=\"https:\/\/casaedianatiago-stp.com\/wp-content\/uploads\/2021\/08\/5-SJ-Conceic\u0327ao-autelbaroque-2723-copie-scaled-1-768x1024.jpeg\" class=\"ha-image-grid__item ha-js-lightbox __fltr-8\">\n\t\t\t\t\t<img loading=\"lazy\" decoding=\"async\" width=\"768\" height=\"1025\" src=\"https:\/\/casaedianatiago-stp.com\/wp-content\/uploads\/2021\/08\/5-SJ-Conceic\u0327ao-autelbaroque-2723-copie-scaled-1-768x1025.jpeg\" class=\"elementor-animation-grow\" alt=\"\" srcset=\"https:\/\/casaedianatiago-stp.com\/wp-content\/uploads\/2021\/08\/5-SJ-Conceic\u0327ao-autelbaroque-2723-copie-scaled-1-768x1025.jpeg 768w, https:\/\/casaedianatiago-stp.com\/wp-content\/uploads\/2021\/08\/5-SJ-Conceic\u0327ao-autelbaroque-2723-copie-scaled-1-225x300.jpeg 225w, https:\/\/casaedianatiago-stp.com\/wp-content\/uploads\/2021\/08\/5-SJ-Conceic\u0327ao-autelbaroque-2723-copie-scaled-1-1151x1536.jpeg 1151w, https:\/\/casaedianatiago-stp.com\/wp-content\/uploads\/2021\/08\/5-SJ-Conceic\u0327ao-autelbaroque-2723-copie-scaled-1-1535x2048.jpeg 1535w, https:\/\/casaedianatiago-stp.com\/wp-content\/uploads\/2021\/08\/5-SJ-Conceic\u0327ao-autelbaroque-2723-copie-scaled-1.jpeg 1919w\" sizes=\"(max-width: 768px) 100vw, 768px\" \/>\t\t\t\t<\/a>\n\t\t\t\t\t\t\t\n\t\t\t\t<a href=\"#\" data-mfp-src=\"https:\/\/casaedianatiago-stp.com\/wp-content\/uploads\/2021\/08\/6-STome\u0301-Cidade-fe\u0302te-S-Tomas-cathe\u0301drale-scaled-1-1024x768.jpeg\" class=\"ha-image-grid__item ha-js-lightbox __fltr-8\">\n\t\t\t\t\t<img loading=\"lazy\" decoding=\"async\" width=\"768\" height=\"576\" src=\"https:\/\/casaedianatiago-stp.com\/wp-content\/uploads\/2021\/08\/6-STome\u0301-Cidade-fe\u0302te-S-Tomas-cathe\u0301drale-scaled-1-768x576.jpeg\" class=\"elementor-animation-grow\" alt=\"\" srcset=\"https:\/\/casaedianatiago-stp.com\/wp-content\/uploads\/2021\/08\/6-STome\u0301-Cidade-fe\u0302te-S-Tomas-cathe\u0301drale-scaled-1-768x576.jpeg 768w, https:\/\/casaedianatiago-stp.com\/wp-content\/uploads\/2021\/08\/6-STome\u0301-Cidade-fe\u0302te-S-Tomas-cathe\u0301drale-scaled-1-300x225.jpeg 300w, https:\/\/casaedianatiago-stp.com\/wp-content\/uploads\/2021\/08\/6-STome\u0301-Cidade-fe\u0302te-S-Tomas-cathe\u0301drale-scaled-1-1024x768.jpeg 1024w, https:\/\/casaedianatiago-stp.com\/wp-content\/uploads\/2021\/08\/6-STome\u0301-Cidade-fe\u0302te-S-Tomas-cathe\u0301drale-scaled-1-1536x1152.jpeg 1536w, https:\/\/casaedianatiago-stp.com\/wp-content\/uploads\/2021\/08\/6-STome\u0301-Cidade-fe\u0302te-S-Tomas-cathe\u0301drale-scaled-1-2048x1536.jpeg 2048w\" sizes=\"(max-width: 768px) 100vw, 768px\" \/>\t\t\t\t<\/a>\n\t\t\t\t\t\t\t\n\t\t\t\t<a href=\"#\" data-mfp-src=\"https:\/\/casaedianatiago-stp.com\/wp-content\/uploads\/2021\/08\/7-SJ-Casa-da-cultura-2553-copie-scaled-1-1024x768.jpeg\" class=\"ha-image-grid__item ha-js-lightbox __fltr-8\">\n\t\t\t\t\t<img loading=\"lazy\" decoding=\"async\" width=\"768\" height=\"576\" src=\"https:\/\/casaedianatiago-stp.com\/wp-content\/uploads\/2021\/08\/7-SJ-Casa-da-cultura-2553-copie-scaled-1-768x576.jpeg\" class=\"elementor-animation-grow\" alt=\"\" srcset=\"https:\/\/casaedianatiago-stp.com\/wp-content\/uploads\/2021\/08\/7-SJ-Casa-da-cultura-2553-copie-scaled-1-768x576.jpeg 768w, https:\/\/casaedianatiago-stp.com\/wp-content\/uploads\/2021\/08\/7-SJ-Casa-da-cultura-2553-copie-scaled-1-300x225.jpeg 300w, https:\/\/casaedianatiago-stp.com\/wp-content\/uploads\/2021\/08\/7-SJ-Casa-da-cultura-2553-copie-scaled-1-1024x768.jpeg 1024w, https:\/\/casaedianatiago-stp.com\/wp-content\/uploads\/2021\/08\/7-SJ-Casa-da-cultura-2553-copie-scaled-1-1536x1152.jpeg 1536w, https:\/\/casaedianatiago-stp.com\/wp-content\/uploads\/2021\/08\/7-SJ-Casa-da-cultura-2553-copie-scaled-1-2048x1536.jpeg 2048w\" sizes=\"(max-width: 768px) 100vw, 768px\" \/>\t\t\t\t<\/a>\n\t\t\t\t\t\t\t\n\t\t\t\t<a href=\"#\" data-mfp-src=\"https:\/\/casaedianatiago-stp.com\/wp-content\/uploads\/2021\/08\/8-Bar-Passante-1-scaled-1-1024x768.jpeg\" class=\"ha-image-grid__item ha-js-lightbox __fltr-8\">\n\t\t\t\t\t<img loading=\"lazy\" decoding=\"async\" width=\"768\" height=\"576\" src=\"https:\/\/casaedianatiago-stp.com\/wp-content\/uploads\/2021\/08\/8-Bar-Passante-1-scaled-1-768x576.jpeg\" class=\"elementor-animation-grow\" alt=\"\" srcset=\"https:\/\/casaedianatiago-stp.com\/wp-content\/uploads\/2021\/08\/8-Bar-Passante-1-scaled-1-768x576.jpeg 768w, https:\/\/casaedianatiago-stp.com\/wp-content\/uploads\/2021\/08\/8-Bar-Passante-1-scaled-1-300x225.jpeg 300w, https:\/\/casaedianatiago-stp.com\/wp-content\/uploads\/2021\/08\/8-Bar-Passante-1-scaled-1-1024x768.jpeg 1024w, https:\/\/casaedianatiago-stp.com\/wp-content\/uploads\/2021\/08\/8-Bar-Passante-1-scaled-1-1536x1152.jpeg 1536w, https:\/\/casaedianatiago-stp.com\/wp-content\/uploads\/2021\/08\/8-Bar-Passante-1-scaled-1-2048x1536.jpeg 2048w\" sizes=\"(max-width: 768px) 100vw, 768px\" \/>\t\t\t\t<\/a>\n\t\t\t\t\t\t\t\n\t\t\t\t<a href=\"#\" data-mfp-src=\"https:\/\/casaedianatiago-stp.com\/wp-content\/uploads\/2021\/08\/9-arrivage-du-poisson-dans-la-capitale-scaled-1-1024x768.jpeg\" class=\"ha-image-grid__item ha-js-lightbox __fltr-8\">\n\t\t\t\t\t<img loading=\"lazy\" decoding=\"async\" width=\"768\" height=\"576\" src=\"https:\/\/casaedianatiago-stp.com\/wp-content\/uploads\/2021\/08\/9-arrivage-du-poisson-dans-la-capitale-scaled-1-768x576.jpeg\" class=\"elementor-animation-grow\" alt=\"\" srcset=\"https:\/\/casaedianatiago-stp.com\/wp-content\/uploads\/2021\/08\/9-arrivage-du-poisson-dans-la-capitale-scaled-1-768x576.jpeg 768w, https:\/\/casaedianatiago-stp.com\/wp-content\/uploads\/2021\/08\/9-arrivage-du-poisson-dans-la-capitale-scaled-1-300x225.jpeg 300w, https:\/\/casaedianatiago-stp.com\/wp-content\/uploads\/2021\/08\/9-arrivage-du-poisson-dans-la-capitale-scaled-1-1024x768.jpeg 1024w, https:\/\/casaedianatiago-stp.com\/wp-content\/uploads\/2021\/08\/9-arrivage-du-poisson-dans-la-capitale-scaled-1-1536x1152.jpeg 1536w, https:\/\/casaedianatiago-stp.com\/wp-content\/uploads\/2021\/08\/9-arrivage-du-poisson-dans-la-capitale-scaled-1-2048x1536.jpeg 2048w\" sizes=\"(max-width: 768px) 100vw, 768px\" \/>\t\t\t\t<\/a>\n\t\t\t\t\t\t\t\n\t\t\t\t<a href=\"#\" data-mfp-src=\"https:\/\/casaedianatiago-stp.com\/wp-content\/uploads\/2021\/08\/10-rua-Cruz-Mami-Oque-del-Rei-scaled-1-1024x768.jpeg\" class=\"ha-image-grid__item ha-js-lightbox __fltr-8\">\n\t\t\t\t\t<img loading=\"lazy\" decoding=\"async\" width=\"768\" height=\"576\" src=\"https:\/\/casaedianatiago-stp.com\/wp-content\/uploads\/2021\/08\/10-rua-Cruz-Mami-Oque-del-Rei-scaled-1-768x576.jpeg\" class=\"elementor-animation-grow\" alt=\"\" srcset=\"https:\/\/casaedianatiago-stp.com\/wp-content\/uploads\/2021\/08\/10-rua-Cruz-Mami-Oque-del-Rei-scaled-1-768x576.jpeg 768w, https:\/\/casaedianatiago-stp.com\/wp-content\/uploads\/2021\/08\/10-rua-Cruz-Mami-Oque-del-Rei-scaled-1-300x225.jpeg 300w, https:\/\/casaedianatiago-stp.com\/wp-content\/uploads\/2021\/08\/10-rua-Cruz-Mami-Oque-del-Rei-scaled-1-1024x768.jpeg 1024w, https:\/\/casaedianatiago-stp.com\/wp-content\/uploads\/2021\/08\/10-rua-Cruz-Mami-Oque-del-Rei-scaled-1-1536x1152.jpeg 1536w, https:\/\/casaedianatiago-stp.com\/wp-content\/uploads\/2021\/08\/10-rua-Cruz-Mami-Oque-del-Rei-scaled-1-2048x1536.jpeg 2048w\" sizes=\"(max-width: 768px) 100vw, 768px\" \/>\t\t\t\t<\/a>\n\t\t\t\t\t\t\t\n\t\t\t\t<a href=\"#\" data-mfp-src=\"https:\/\/casaedianatiago-stp.com\/wp-content\/uploads\/2021\/08\/11-Praia-francesa-Bigodes-scaled-1-1024x768.jpeg\" class=\"ha-image-grid__item ha-js-lightbox __fltr-8\">\n\t\t\t\t\t<img loading=\"lazy\" decoding=\"async\" width=\"768\" height=\"576\" src=\"https:\/\/casaedianatiago-stp.com\/wp-content\/uploads\/2021\/08\/11-Praia-francesa-Bigodes-scaled-1-768x576.jpeg\" class=\"elementor-animation-grow\" alt=\"\" srcset=\"https:\/\/casaedianatiago-stp.com\/wp-content\/uploads\/2021\/08\/11-Praia-francesa-Bigodes-scaled-1-768x576.jpeg 768w, https:\/\/casaedianatiago-stp.com\/wp-content\/uploads\/2021\/08\/11-Praia-francesa-Bigodes-scaled-1-300x225.jpeg 300w, https:\/\/casaedianatiago-stp.com\/wp-content\/uploads\/2021\/08\/11-Praia-francesa-Bigodes-scaled-1-1024x768.jpeg 1024w, https:\/\/casaedianatiago-stp.com\/wp-content\/uploads\/2021\/08\/11-Praia-francesa-Bigodes-scaled-1-1536x1152.jpeg 1536w, https:\/\/casaedianatiago-stp.com\/wp-content\/uploads\/2021\/08\/11-Praia-francesa-Bigodes-scaled-1-2048x1536.jpeg 2048w\" sizes=\"(max-width: 768px) 100vw, 768px\" \/>\t\t\t\t<\/a>\n\t\t\t\t\t\t\t\n\t\t\t\t<a href=\"#\" data-mfp-src=\"https:\/\/casaedianatiago-stp.com\/wp-content\/uploads\/2021\/08\/12-Praia-Lagarto-2-SJ-scaled-1-1024x768.jpeg\" class=\"ha-image-grid__item ha-js-lightbox __fltr-8\">\n\t\t\t\t\t<img loading=\"lazy\" decoding=\"async\" width=\"768\" height=\"576\" src=\"https:\/\/casaedianatiago-stp.com\/wp-content\/uploads\/2021\/08\/12-Praia-Lagarto-2-SJ-scaled-1-768x576.jpeg\" class=\"elementor-animation-grow\" alt=\"\" srcset=\"https:\/\/casaedianatiago-stp.com\/wp-content\/uploads\/2021\/08\/12-Praia-Lagarto-2-SJ-scaled-1-768x576.jpeg 768w, https:\/\/casaedianatiago-stp.com\/wp-content\/uploads\/2021\/08\/12-Praia-Lagarto-2-SJ-scaled-1-300x225.jpeg 300w, https:\/\/casaedianatiago-stp.com\/wp-content\/uploads\/2021\/08\/12-Praia-Lagarto-2-SJ-scaled-1-1024x768.jpeg 1024w, https:\/\/casaedianatiago-stp.com\/wp-content\/uploads\/2021\/08\/12-Praia-Lagarto-2-SJ-scaled-1-1536x1152.jpeg 1536w, https:\/\/casaedianatiago-stp.com\/wp-content\/uploads\/2021\/08\/12-Praia-Lagarto-2-SJ-scaled-1-2048x1536.jpeg 2048w\" sizes=\"(max-width: 768px) 100vw, 768px\" \/>\t\t\t\t<\/a>\n\t\t\t\t\t\t\t\n\t\t\t\t<a href=\"#\" data-mfp-src=\"https:\/\/casaedianatiago-stp.com\/wp-content\/uploads\/2021\/08\/1-jour-de-fe\u0302te-a\u0300-Santana-scaled-1-1024x768.jpeg\" class=\"ha-image-grid__item ha-js-lightbox __fltr-9\">\n\t\t\t\t\t<img loading=\"lazy\" decoding=\"async\" width=\"768\" height=\"576\" src=\"https:\/\/casaedianatiago-stp.com\/wp-content\/uploads\/2021\/08\/1-jour-de-fe\u0302te-a\u0300-Santana-scaled-1-768x576.jpeg\" class=\"elementor-animation-grow\" alt=\"\" srcset=\"https:\/\/casaedianatiago-stp.com\/wp-content\/uploads\/2021\/08\/1-jour-de-fe\u0302te-a\u0300-Santana-scaled-1-768x576.jpeg 768w, https:\/\/casaedianatiago-stp.com\/wp-content\/uploads\/2021\/08\/1-jour-de-fe\u0302te-a\u0300-Santana-scaled-1-300x225.jpeg 300w, https:\/\/casaedianatiago-stp.com\/wp-content\/uploads\/2021\/08\/1-jour-de-fe\u0302te-a\u0300-Santana-scaled-1-1024x768.jpeg 1024w, https:\/\/casaedianatiago-stp.com\/wp-content\/uploads\/2021\/08\/1-jour-de-fe\u0302te-a\u0300-Santana-scaled-1-1536x1152.jpeg 1536w, https:\/\/casaedianatiago-stp.com\/wp-content\/uploads\/2021\/08\/1-jour-de-fe\u0302te-a\u0300-Santana-scaled-1-2048x1536.jpeg 2048w\" sizes=\"(max-width: 768px) 100vw, 768px\" \/>\t\t\t\t<\/a>\n\t\t\t\t\t\t\t\n\t\t\t\t<a href=\"#\" data-mfp-src=\"https:\/\/casaedianatiago-stp.com\/wp-content\/uploads\/2021\/08\/2-procession-fe\u0302te-de-Trindade-scaled-1-1024x768.jpeg\" class=\"ha-image-grid__item ha-js-lightbox __fltr-9\">\n\t\t\t\t\t<img loading=\"lazy\" decoding=\"async\" width=\"768\" height=\"576\" src=\"https:\/\/casaedianatiago-stp.com\/wp-content\/uploads\/2021\/08\/2-procession-fe\u0302te-de-Trindade-scaled-1-768x576.jpeg\" class=\"elementor-animation-grow\" alt=\"\" srcset=\"https:\/\/casaedianatiago-stp.com\/wp-content\/uploads\/2021\/08\/2-procession-fe\u0302te-de-Trindade-scaled-1-768x576.jpeg 768w, https:\/\/casaedianatiago-stp.com\/wp-content\/uploads\/2021\/08\/2-procession-fe\u0302te-de-Trindade-scaled-1-300x225.jpeg 300w, https:\/\/casaedianatiago-stp.com\/wp-content\/uploads\/2021\/08\/2-procession-fe\u0302te-de-Trindade-scaled-1-1024x768.jpeg 1024w, https:\/\/casaedianatiago-stp.com\/wp-content\/uploads\/2021\/08\/2-procession-fe\u0302te-de-Trindade-scaled-1-1536x1152.jpeg 1536w, https:\/\/casaedianatiago-stp.com\/wp-content\/uploads\/2021\/08\/2-procession-fe\u0302te-de-Trindade-scaled-1-2048x1536.jpeg 2048w\" sizes=\"(max-width: 768px) 100vw, 768px\" \/>\t\t\t\t<\/a>\n\t\t\t\t\t\t\t\n\t\t\t\t<a href=\"#\" data-mfp-src=\"https:\/\/casaedianatiago-stp.com\/wp-content\/uploads\/2021\/08\/3-jour-de-fe\u0302te-a\u0300-trindade-scaled-1-1024x768.jpeg\" class=\"ha-image-grid__item ha-js-lightbox __fltr-9\">\n\t\t\t\t\t<img loading=\"lazy\" decoding=\"async\" width=\"768\" height=\"576\" src=\"https:\/\/casaedianatiago-stp.com\/wp-content\/uploads\/2021\/08\/3-jour-de-fe\u0302te-a\u0300-trindade-scaled-1-768x576.jpeg\" class=\"elementor-animation-grow\" alt=\"\" srcset=\"https:\/\/casaedianatiago-stp.com\/wp-content\/uploads\/2021\/08\/3-jour-de-fe\u0302te-a\u0300-trindade-scaled-1-768x576.jpeg 768w, https:\/\/casaedianatiago-stp.com\/wp-content\/uploads\/2021\/08\/3-jour-de-fe\u0302te-a\u0300-trindade-scaled-1-300x225.jpeg 300w, https:\/\/casaedianatiago-stp.com\/wp-content\/uploads\/2021\/08\/3-jour-de-fe\u0302te-a\u0300-trindade-scaled-1-1024x768.jpeg 1024w, https:\/\/casaedianatiago-stp.com\/wp-content\/uploads\/2021\/08\/3-jour-de-fe\u0302te-a\u0300-trindade-scaled-1-1536x1152.jpeg 1536w, https:\/\/casaedianatiago-stp.com\/wp-content\/uploads\/2021\/08\/3-jour-de-fe\u0302te-a\u0300-trindade-scaled-1-2048x1536.jpeg 2048w\" sizes=\"(max-width: 768px) 100vw, 768px\" \/>\t\t\t\t<\/a>\n\t\t\t\t\t\t\t\n\t\t\t\t<a href=\"#\" data-mfp-src=\"https:\/\/casaedianatiago-stp.com\/wp-content\/uploads\/2021\/08\/4-Danc\u0327o-Congo-Trindade-de\u0301file\u0301.jpeg\" class=\"ha-image-grid__item ha-js-lightbox __fltr-9\">\n\t\t\t\t\t<img loading=\"lazy\" decoding=\"async\" width=\"512\" height=\"683\" src=\"https:\/\/casaedianatiago-stp.com\/wp-content\/uploads\/2021\/08\/4-Danc\u0327o-Congo-Trindade-de\u0301file\u0301.jpeg\" class=\"elementor-animation-grow\" alt=\"\" srcset=\"https:\/\/casaedianatiago-stp.com\/wp-content\/uploads\/2021\/08\/4-Danc\u0327o-Congo-Trindade-de\u0301file\u0301.jpeg 512w, https:\/\/casaedianatiago-stp.com\/wp-content\/uploads\/2021\/08\/4-Danc\u0327o-Congo-Trindade-de\u0301file\u0301-225x300.jpeg 225w\" sizes=\"(max-width: 512px) 100vw, 512px\" \/>\t\t\t\t<\/a>\n\t\t\t\t\t\t\t\n\t\t\t\t<a href=\"#\" data-mfp-src=\"https:\/\/casaedianatiago-stp.com\/wp-content\/uploads\/2021\/08\/5-Danc\u0327o-Congo-Le-diable-dompte\u0301-par-la-musique-des-anges.jpeg\" class=\"ha-image-grid__item ha-js-lightbox __fltr-9\">\n\t\t\t\t\t<img loading=\"lazy\" decoding=\"async\" width=\"512\" height=\"683\" src=\"https:\/\/casaedianatiago-stp.com\/wp-content\/uploads\/2021\/08\/5-Danc\u0327o-Congo-Le-diable-dompte\u0301-par-la-musique-des-anges.jpeg\" class=\"elementor-animation-grow\" alt=\"\" srcset=\"https:\/\/casaedianatiago-stp.com\/wp-content\/uploads\/2021\/08\/5-Danc\u0327o-Congo-Le-diable-dompte\u0301-par-la-musique-des-anges.jpeg 512w, https:\/\/casaedianatiago-stp.com\/wp-content\/uploads\/2021\/08\/5-Danc\u0327o-Congo-Le-diable-dompte\u0301-par-la-musique-des-anges-225x300.jpeg 225w\" sizes=\"(max-width: 512px) 100vw, 512px\" \/>\t\t\t\t<\/a>\n\t\t\t\t\t\t\t\n\t\t\t\t<a href=\"#\" data-mfp-src=\"https:\/\/casaedianatiago-stp.com\/wp-content\/uploads\/2021\/08\/6-Bele\u0301m-Danc\u0327o-Congo-sur-le-terrain-de-foot-scaled-1-1024x768.jpeg\" class=\"ha-image-grid__item ha-js-lightbox __fltr-9\">\n\t\t\t\t\t<img loading=\"lazy\" decoding=\"async\" width=\"768\" height=\"576\" src=\"https:\/\/casaedianatiago-stp.com\/wp-content\/uploads\/2021\/08\/6-Bele\u0301m-Danc\u0327o-Congo-sur-le-terrain-de-foot-scaled-1-768x576.jpeg\" class=\"elementor-animation-grow\" alt=\"\" srcset=\"https:\/\/casaedianatiago-stp.com\/wp-content\/uploads\/2021\/08\/6-Bele\u0301m-Danc\u0327o-Congo-sur-le-terrain-de-foot-scaled-1-768x576.jpeg 768w, https:\/\/casaedianatiago-stp.com\/wp-content\/uploads\/2021\/08\/6-Bele\u0301m-Danc\u0327o-Congo-sur-le-terrain-de-foot-scaled-1-300x225.jpeg 300w, https:\/\/casaedianatiago-stp.com\/wp-content\/uploads\/2021\/08\/6-Bele\u0301m-Danc\u0327o-Congo-sur-le-terrain-de-foot-scaled-1-1024x768.jpeg 1024w, https:\/\/casaedianatiago-stp.com\/wp-content\/uploads\/2021\/08\/6-Bele\u0301m-Danc\u0327o-Congo-sur-le-terrain-de-foot-scaled-1-1536x1152.jpeg 1536w, https:\/\/casaedianatiago-stp.com\/wp-content\/uploads\/2021\/08\/6-Bele\u0301m-Danc\u0327o-Congo-sur-le-terrain-de-foot-scaled-1-2048x1536.jpeg 2048w\" sizes=\"(max-width: 768px) 100vw, 768px\" \/>\t\t\t\t<\/a>\n\t\t\t\t\t\t\t\n\t\t\t\t<a href=\"#\" data-mfp-src=\"https:\/\/casaedianatiago-stp.com\/wp-content\/uploads\/2021\/08\/7-Tchiloli-interdit-de-stationner-scaled-1-1024x768.jpeg\" class=\"ha-image-grid__item ha-js-lightbox __fltr-9\">\n\t\t\t\t\t<img loading=\"lazy\" decoding=\"async\" width=\"768\" height=\"576\" src=\"https:\/\/casaedianatiago-stp.com\/wp-content\/uploads\/2021\/08\/7-Tchiloli-interdit-de-stationner-scaled-1-768x576.jpeg\" class=\"elementor-animation-grow\" alt=\"\" srcset=\"https:\/\/casaedianatiago-stp.com\/wp-content\/uploads\/2021\/08\/7-Tchiloli-interdit-de-stationner-scaled-1-768x576.jpeg 768w, https:\/\/casaedianatiago-stp.com\/wp-content\/uploads\/2021\/08\/7-Tchiloli-interdit-de-stationner-scaled-1-300x225.jpeg 300w, https:\/\/casaedianatiago-stp.com\/wp-content\/uploads\/2021\/08\/7-Tchiloli-interdit-de-stationner-scaled-1-1024x768.jpeg 1024w, https:\/\/casaedianatiago-stp.com\/wp-content\/uploads\/2021\/08\/7-Tchiloli-interdit-de-stationner-scaled-1-1536x1152.jpeg 1536w, https:\/\/casaedianatiago-stp.com\/wp-content\/uploads\/2021\/08\/7-Tchiloli-interdit-de-stationner-scaled-1-2048x1536.jpeg 2048w\" sizes=\"(max-width: 768px) 100vw, 768px\" \/>\t\t\t\t<\/a>\n\t\t\t\t\t\t\t\n\t\t\t\t<a href=\"#\" data-mfp-src=\"https:\/\/casaedianatiago-stp.com\/wp-content\/uploads\/2021\/08\/8-Tchiloli-danse-devant-le-cercueil-scaled-1-1024x768.jpeg\" class=\"ha-image-grid__item ha-js-lightbox __fltr-9\">\n\t\t\t\t\t<img loading=\"lazy\" decoding=\"async\" width=\"768\" height=\"576\" src=\"https:\/\/casaedianatiago-stp.com\/wp-content\/uploads\/2021\/08\/8-Tchiloli-danse-devant-le-cercueil-scaled-1-768x576.jpeg\" class=\"elementor-animation-grow\" alt=\"\" srcset=\"https:\/\/casaedianatiago-stp.com\/wp-content\/uploads\/2021\/08\/8-Tchiloli-danse-devant-le-cercueil-scaled-1-768x576.jpeg 768w, https:\/\/casaedianatiago-stp.com\/wp-content\/uploads\/2021\/08\/8-Tchiloli-danse-devant-le-cercueil-scaled-1-300x225.jpeg 300w, https:\/\/casaedianatiago-stp.com\/wp-content\/uploads\/2021\/08\/8-Tchiloli-danse-devant-le-cercueil-scaled-1-1024x768.jpeg 1024w, https:\/\/casaedianatiago-stp.com\/wp-content\/uploads\/2021\/08\/8-Tchiloli-danse-devant-le-cercueil-scaled-1-1536x1152.jpeg 1536w, https:\/\/casaedianatiago-stp.com\/wp-content\/uploads\/2021\/08\/8-Tchiloli-danse-devant-le-cercueil-scaled-1-2048x1536.jpeg 2048w\" sizes=\"(max-width: 768px) 100vw, 768px\" \/>\t\t\t\t<\/a>\n\t\t\t\t\t\t\t\n\t\t\t\t<a href=\"#\" data-mfp-src=\"https:\/\/casaedianatiago-stp.com\/wp-content\/uploads\/2021\/08\/9-Tchiloli-personnages-masque\u0301s-Pl.Inde\u0301pendencia-scaled-1-1024x768.jpg\" class=\"ha-image-grid__item ha-js-lightbox __fltr-9\">\n\t\t\t\t\t<img loading=\"lazy\" decoding=\"async\" width=\"768\" height=\"576\" src=\"https:\/\/casaedianatiago-stp.com\/wp-content\/uploads\/2021\/08\/9-Tchiloli-personnages-masque\u0301s-Pl.Inde\u0301pendencia-scaled-1-768x576.jpg\" class=\"elementor-animation-grow\" alt=\"\" srcset=\"https:\/\/casaedianatiago-stp.com\/wp-content\/uploads\/2021\/08\/9-Tchiloli-personnages-masque\u0301s-Pl.Inde\u0301pendencia-scaled-1-768x576.jpg 768w, https:\/\/casaedianatiago-stp.com\/wp-content\/uploads\/2021\/08\/9-Tchiloli-personnages-masque\u0301s-Pl.Inde\u0301pendencia-scaled-1-300x225.jpg 300w, https:\/\/casaedianatiago-stp.com\/wp-content\/uploads\/2021\/08\/9-Tchiloli-personnages-masque\u0301s-Pl.Inde\u0301pendencia-scaled-1-1024x768.jpg 1024w, https:\/\/casaedianatiago-stp.com\/wp-content\/uploads\/2021\/08\/9-Tchiloli-personnages-masque\u0301s-Pl.Inde\u0301pendencia-scaled-1-1536x1152.jpg 1536w, https:\/\/casaedianatiago-stp.com\/wp-content\/uploads\/2021\/08\/9-Tchiloli-personnages-masque\u0301s-Pl.Inde\u0301pendencia-scaled-1-2048x1536.jpg 2048w\" sizes=\"(max-width: 768px) 100vw, 768px\" \/>\t\t\t\t<\/a>\n\t\t\t\t\t\t\t\n\t\t\t\t<a href=\"#\" data-mfp-src=\"https:\/\/casaedianatiago-stp.com\/wp-content\/uploads\/2021\/08\/costumes-de-Tchiloli-scaled-1-1024x768.jpeg\" class=\"ha-image-grid__item ha-js-lightbox __fltr-9\">\n\t\t\t\t\t<img loading=\"lazy\" decoding=\"async\" width=\"768\" height=\"576\" src=\"https:\/\/casaedianatiago-stp.com\/wp-content\/uploads\/2021\/08\/costumes-de-Tchiloli-scaled-1-768x576.jpeg\" class=\"elementor-animation-grow\" alt=\"\" srcset=\"https:\/\/casaedianatiago-stp.com\/wp-content\/uploads\/2021\/08\/costumes-de-Tchiloli-scaled-1-768x576.jpeg 768w, https:\/\/casaedianatiago-stp.com\/wp-content\/uploads\/2021\/08\/costumes-de-Tchiloli-scaled-1-300x225.jpeg 300w, https:\/\/casaedianatiago-stp.com\/wp-content\/uploads\/2021\/08\/costumes-de-Tchiloli-scaled-1-1024x768.jpeg 1024w, https:\/\/casaedianatiago-stp.com\/wp-content\/uploads\/2021\/08\/costumes-de-Tchiloli-scaled-1-1536x1152.jpeg 1536w, https:\/\/casaedianatiago-stp.com\/wp-content\/uploads\/2021\/08\/costumes-de-Tchiloli-scaled-1-2048x1536.jpeg 2048w\" sizes=\"(max-width: 768px) 100vw, 768px\" \/>\t\t\t\t<\/a>\n\t\t\t\t\t\t\t\n\t\t\t\t<a href=\"#\" data-mfp-src=\"https:\/\/casaedianatiago-stp.com\/wp-content\/uploads\/2021\/08\/1-Cafe\u0301-Parque-2-scaled-1-768x1024.jpeg\" class=\"ha-image-grid__item ha-js-lightbox __fltr-10\">\n\t\t\t\t\t<img loading=\"lazy\" decoding=\"async\" width=\"768\" height=\"1024\" src=\"https:\/\/casaedianatiago-stp.com\/wp-content\/uploads\/2021\/08\/1-Cafe\u0301-Parque-2-scaled-1-768x1024.jpeg\" class=\"elementor-animation-grow\" alt=\"\" srcset=\"https:\/\/casaedianatiago-stp.com\/wp-content\/uploads\/2021\/08\/1-Cafe\u0301-Parque-2-scaled-1-768x1024.jpeg 768w, https:\/\/casaedianatiago-stp.com\/wp-content\/uploads\/2021\/08\/1-Cafe\u0301-Parque-2-scaled-1-225x300.jpeg 225w, https:\/\/casaedianatiago-stp.com\/wp-content\/uploads\/2021\/08\/1-Cafe\u0301-Parque-2-scaled-1-1152x1536.jpeg 1152w, https:\/\/casaedianatiago-stp.com\/wp-content\/uploads\/2021\/08\/1-Cafe\u0301-Parque-2-scaled-1-1536x2048.jpeg 1536w, https:\/\/casaedianatiago-stp.com\/wp-content\/uploads\/2021\/08\/1-Cafe\u0301-Parque-2-scaled-1.jpeg 1920w\" sizes=\"(max-width: 768px) 100vw, 768px\" \/>\t\t\t\t<\/a>\n\t\t\t\t\t\t\t\n\t\t\t\t<a href=\"#\" data-mfp-src=\"https:\/\/casaedianatiago-stp.com\/wp-content\/uploads\/2021\/08\/2-salon-de-the\u0301-Diogo-Vaz-scaled-1-1024x768.jpeg\" class=\"ha-image-grid__item ha-js-lightbox __fltr-10\">\n\t\t\t\t\t<img loading=\"lazy\" decoding=\"async\" width=\"768\" height=\"576\" src=\"https:\/\/casaedianatiago-stp.com\/wp-content\/uploads\/2021\/08\/2-salon-de-the\u0301-Diogo-Vaz-scaled-1-768x576.jpeg\" class=\"elementor-animation-grow\" alt=\"\" srcset=\"https:\/\/casaedianatiago-stp.com\/wp-content\/uploads\/2021\/08\/2-salon-de-the\u0301-Diogo-Vaz-scaled-1-768x576.jpeg 768w, https:\/\/casaedianatiago-stp.com\/wp-content\/uploads\/2021\/08\/2-salon-de-the\u0301-Diogo-Vaz-scaled-1-300x225.jpeg 300w, https:\/\/casaedianatiago-stp.com\/wp-content\/uploads\/2021\/08\/2-salon-de-the\u0301-Diogo-Vaz-scaled-1-1024x768.jpeg 1024w, https:\/\/casaedianatiago-stp.com\/wp-content\/uploads\/2021\/08\/2-salon-de-the\u0301-Diogo-Vaz-scaled-1-1536x1152.jpeg 1536w, https:\/\/casaedianatiago-stp.com\/wp-content\/uploads\/2021\/08\/2-salon-de-the\u0301-Diogo-Vaz-scaled-1-2048x1536.jpeg 2048w\" sizes=\"(max-width: 768px) 100vw, 768px\" \/>\t\t\t\t<\/a>\n\t\t\t\t\t\t\t\n\t\t\t\t<a href=\"#\" data-mfp-src=\"https:\/\/casaedianatiago-stp.com\/wp-content\/uploads\/2021\/08\/3-restaurant-Jasmin-le-patio-scaled-1-1024x768.jpeg\" class=\"ha-image-grid__item ha-js-lightbox __fltr-10\">\n\t\t\t\t\t<img loading=\"lazy\" decoding=\"async\" width=\"768\" height=\"576\" src=\"https:\/\/casaedianatiago-stp.com\/wp-content\/uploads\/2021\/08\/3-restaurant-Jasmin-le-patio-scaled-1-768x576.jpeg\" class=\"elementor-animation-grow\" alt=\"\" srcset=\"https:\/\/casaedianatiago-stp.com\/wp-content\/uploads\/2021\/08\/3-restaurant-Jasmin-le-patio-scaled-1-768x576.jpeg 768w, https:\/\/casaedianatiago-stp.com\/wp-content\/uploads\/2021\/08\/3-restaurant-Jasmin-le-patio-scaled-1-300x225.jpeg 300w, https:\/\/casaedianatiago-stp.com\/wp-content\/uploads\/2021\/08\/3-restaurant-Jasmin-le-patio-scaled-1-1024x768.jpeg 1024w, https:\/\/casaedianatiago-stp.com\/wp-content\/uploads\/2021\/08\/3-restaurant-Jasmin-le-patio-scaled-1-1536x1152.jpeg 1536w, https:\/\/casaedianatiago-stp.com\/wp-content\/uploads\/2021\/08\/3-restaurant-Jasmin-le-patio-scaled-1-2048x1536.jpeg 2048w\" sizes=\"(max-width: 768px) 100vw, 768px\" \/>\t\t\t\t<\/a>\n\t\t\t\t\t\t\t\n\t\t\t\t<a href=\"#\" data-mfp-src=\"https:\/\/casaedianatiago-stp.com\/wp-content\/uploads\/2021\/08\/4-restaurant-Pensao-Mionga-avec-clients-scaled-1-1024x768.jpeg\" class=\"ha-image-grid__item ha-js-lightbox __fltr-10\">\n\t\t\t\t\t<img loading=\"lazy\" decoding=\"async\" width=\"768\" height=\"576\" src=\"https:\/\/casaedianatiago-stp.com\/wp-content\/uploads\/2021\/08\/4-restaurant-Pensao-Mionga-avec-clients-scaled-1-768x576.jpeg\" class=\"elementor-animation-grow\" alt=\"\" srcset=\"https:\/\/casaedianatiago-stp.com\/wp-content\/uploads\/2021\/08\/4-restaurant-Pensao-Mionga-avec-clients-scaled-1-768x576.jpeg 768w, https:\/\/casaedianatiago-stp.com\/wp-content\/uploads\/2021\/08\/4-restaurant-Pensao-Mionga-avec-clients-scaled-1-300x225.jpeg 300w, https:\/\/casaedianatiago-stp.com\/wp-content\/uploads\/2021\/08\/4-restaurant-Pensao-Mionga-avec-clients-scaled-1-1024x768.jpeg 1024w, https:\/\/casaedianatiago-stp.com\/wp-content\/uploads\/2021\/08\/4-restaurant-Pensao-Mionga-avec-clients-scaled-1-1536x1152.jpeg 1536w, https:\/\/casaedianatiago-stp.com\/wp-content\/uploads\/2021\/08\/4-restaurant-Pensao-Mionga-avec-clients-scaled-1-2048x1536.jpeg 2048w\" sizes=\"(max-width: 768px) 100vw, 768px\" \/>\t\t\t\t<\/a>\n\t\t\t\t\t\t\t\n\t\t\t\t<a href=\"#\" data-mfp-src=\"https:\/\/casaedianatiago-stp.com\/wp-content\/uploads\/2021\/08\/5-Roc\u0327a-Monteforte-le-restaurant-scaled-1-1024x683.jpeg\" class=\"ha-image-grid__item ha-js-lightbox __fltr-10\">\n\t\t\t\t\t<img loading=\"lazy\" decoding=\"async\" width=\"768\" height=\"512\" src=\"https:\/\/casaedianatiago-stp.com\/wp-content\/uploads\/2021\/08\/5-Roc\u0327a-Monteforte-le-restaurant-scaled-1-768x512.jpeg\" class=\"elementor-animation-grow\" alt=\"\" srcset=\"https:\/\/casaedianatiago-stp.com\/wp-content\/uploads\/2021\/08\/5-Roc\u0327a-Monteforte-le-restaurant-scaled-1-768x512.jpeg 768w, https:\/\/casaedianatiago-stp.com\/wp-content\/uploads\/2021\/08\/5-Roc\u0327a-Monteforte-le-restaurant-scaled-1-300x200.jpeg 300w, https:\/\/casaedianatiago-stp.com\/wp-content\/uploads\/2021\/08\/5-Roc\u0327a-Monteforte-le-restaurant-scaled-1-1024x683.jpeg 1024w, https:\/\/casaedianatiago-stp.com\/wp-content\/uploads\/2021\/08\/5-Roc\u0327a-Monteforte-le-restaurant-scaled-1-1536x1024.jpeg 1536w, https:\/\/casaedianatiago-stp.com\/wp-content\/uploads\/2021\/08\/5-Roc\u0327a-Monteforte-le-restaurant-scaled-1-2048x1366.jpeg 2048w\" sizes=\"(max-width: 768px) 100vw, 768px\" \/>\t\t\t\t<\/a>\n\t\t\t\t\t\t\t\n\t\t\t\t<a href=\"#\" data-mfp-src=\"https:\/\/casaedianatiago-stp.com\/wp-content\/uploads\/2021\/08\/6-chefe-Joao-Carlos-Silva-1-1024x768.jpeg\" class=\"ha-image-grid__item ha-js-lightbox __fltr-10\">\n\t\t\t\t\t<img loading=\"lazy\" decoding=\"async\" width=\"768\" height=\"576\" src=\"https:\/\/casaedianatiago-stp.com\/wp-content\/uploads\/2021\/08\/6-chefe-Joao-Carlos-Silva-1-768x576.jpeg\" class=\"elementor-animation-grow\" alt=\"\" srcset=\"https:\/\/casaedianatiago-stp.com\/wp-content\/uploads\/2021\/08\/6-chefe-Joao-Carlos-Silva-1-768x576.jpeg 768w, https:\/\/casaedianatiago-stp.com\/wp-content\/uploads\/2021\/08\/6-chefe-Joao-Carlos-Silva-1-300x225.jpeg 300w, https:\/\/casaedianatiago-stp.com\/wp-content\/uploads\/2021\/08\/6-chefe-Joao-Carlos-Silva-1-1024x768.jpeg 1024w, https:\/\/casaedianatiago-stp.com\/wp-content\/uploads\/2021\/08\/6-chefe-Joao-Carlos-Silva-1.jpeg 1200w\" sizes=\"(max-width: 768px) 100vw, 768px\" \/>\t\t\t\t<\/a>\n\t\t\t\t\t\t\t\n\t\t\t\t<a href=\"#\" data-mfp-src=\"https:\/\/casaedianatiago-stp.com\/wp-content\/uploads\/2021\/08\/7-Almada-Negreiros-le-restaurant-en-terrasse-scaled-1-1024x768.jpeg\" class=\"ha-image-grid__item ha-js-lightbox __fltr-10\">\n\t\t\t\t\t<img loading=\"lazy\" decoding=\"async\" width=\"768\" height=\"576\" src=\"https:\/\/casaedianatiago-stp.com\/wp-content\/uploads\/2021\/08\/7-Almada-Negreiros-le-restaurant-en-terrasse-scaled-1-768x576.jpeg\" class=\"elementor-animation-grow\" alt=\"\" srcset=\"https:\/\/casaedianatiago-stp.com\/wp-content\/uploads\/2021\/08\/7-Almada-Negreiros-le-restaurant-en-terrasse-scaled-1-768x576.jpeg 768w, https:\/\/casaedianatiago-stp.com\/wp-content\/uploads\/2021\/08\/7-Almada-Negreiros-le-restaurant-en-terrasse-scaled-1-300x225.jpeg 300w, https:\/\/casaedianatiago-stp.com\/wp-content\/uploads\/2021\/08\/7-Almada-Negreiros-le-restaurant-en-terrasse-scaled-1-1024x768.jpeg 1024w, https:\/\/casaedianatiago-stp.com\/wp-content\/uploads\/2021\/08\/7-Almada-Negreiros-le-restaurant-en-terrasse-scaled-1-1536x1152.jpeg 1536w, https:\/\/casaedianatiago-stp.com\/wp-content\/uploads\/2021\/08\/7-Almada-Negreiros-le-restaurant-en-terrasse-scaled-1-2048x1536.jpeg 2048w\" sizes=\"(max-width: 768px) 100vw, 768px\" \/>\t\t\t\t<\/a>\n\t\t\t\t\t\t\t\n\t\t\t\t<a href=\"#\" data-mfp-src=\"https:\/\/casaedianatiago-stp.com\/wp-content\/uploads\/2021\/08\/8-Almada-Negreiros-salon-de-the\u0301-scaled-1-1024x768.jpeg\" class=\"ha-image-grid__item ha-js-lightbox __fltr-10\">\n\t\t\t\t\t<img loading=\"lazy\" decoding=\"async\" width=\"768\" height=\"576\" src=\"https:\/\/casaedianatiago-stp.com\/wp-content\/uploads\/2021\/08\/8-Almada-Negreiros-salon-de-the\u0301-scaled-1-768x576.jpeg\" class=\"elementor-animation-grow\" alt=\"\" srcset=\"https:\/\/casaedianatiago-stp.com\/wp-content\/uploads\/2021\/08\/8-Almada-Negreiros-salon-de-the\u0301-scaled-1-768x576.jpeg 768w, https:\/\/casaedianatiago-stp.com\/wp-content\/uploads\/2021\/08\/8-Almada-Negreiros-salon-de-the\u0301-scaled-1-300x225.jpeg 300w, https:\/\/casaedianatiago-stp.com\/wp-content\/uploads\/2021\/08\/8-Almada-Negreiros-salon-de-the\u0301-scaled-1-1024x768.jpeg 1024w, https:\/\/casaedianatiago-stp.com\/wp-content\/uploads\/2021\/08\/8-Almada-Negreiros-salon-de-the\u0301-scaled-1-1536x1152.jpeg 1536w, https:\/\/casaedianatiago-stp.com\/wp-content\/uploads\/2021\/08\/8-Almada-Negreiros-salon-de-the\u0301-scaled-1-2048x1536.jpeg 2048w\" sizes=\"(max-width: 768px) 100vw, 768px\" \/>\t\t\t\t<\/a>\n\t\t\t\t\t\t\t\n\t\t\t\t<a href=\"#\" data-mfp-src=\"https:\/\/casaedianatiago-stp.com\/wp-content\/uploads\/2021\/08\/9-Efraim-poisson-fume\u0301-au-cafe\u0301-2-scaled-1-1024x768.jpeg\" class=\"ha-image-grid__item ha-js-lightbox __fltr-10\">\n\t\t\t\t\t<img loading=\"lazy\" decoding=\"async\" width=\"768\" height=\"576\" src=\"https:\/\/casaedianatiago-stp.com\/wp-content\/uploads\/2021\/08\/9-Efraim-poisson-fume\u0301-au-cafe\u0301-2-scaled-1-768x576.jpeg\" class=\"elementor-animation-grow\" alt=\"\" srcset=\"https:\/\/casaedianatiago-stp.com\/wp-content\/uploads\/2021\/08\/9-Efraim-poisson-fume\u0301-au-cafe\u0301-2-scaled-1-768x576.jpeg 768w, https:\/\/casaedianatiago-stp.com\/wp-content\/uploads\/2021\/08\/9-Efraim-poisson-fume\u0301-au-cafe\u0301-2-scaled-1-300x225.jpeg 300w, https:\/\/casaedianatiago-stp.com\/wp-content\/uploads\/2021\/08\/9-Efraim-poisson-fume\u0301-au-cafe\u0301-2-scaled-1-1024x768.jpeg 1024w, https:\/\/casaedianatiago-stp.com\/wp-content\/uploads\/2021\/08\/9-Efraim-poisson-fume\u0301-au-cafe\u0301-2-scaled-1-1536x1152.jpeg 1536w, https:\/\/casaedianatiago-stp.com\/wp-content\/uploads\/2021\/08\/9-Efraim-poisson-fume\u0301-au-cafe\u0301-2-scaled-1-2048x1536.jpeg 2048w\" sizes=\"(max-width: 768px) 100vw, 768px\" \/>\t\t\t\t<\/a>\n\t\t\t\t\t\t\t\n\t\t\t\t<a href=\"#\" data-mfp-src=\"https:\/\/casaedianatiago-stp.com\/wp-content\/uploads\/2021\/08\/10-Efraim-dessert-glace-coco.jpeg\" class=\"ha-image-grid__item ha-js-lightbox __fltr-10\">\n\t\t\t\t\t<img loading=\"lazy\" decoding=\"async\" width=\"750\" height=\"677\" src=\"https:\/\/casaedianatiago-stp.com\/wp-content\/uploads\/2021\/08\/10-Efraim-dessert-glace-coco.jpeg\" class=\"elementor-animation-grow\" alt=\"\" srcset=\"https:\/\/casaedianatiago-stp.com\/wp-content\/uploads\/2021\/08\/10-Efraim-dessert-glace-coco.jpeg 750w, https:\/\/casaedianatiago-stp.com\/wp-content\/uploads\/2021\/08\/10-Efraim-dessert-glace-coco-300x271.jpeg 300w\" sizes=\"(max-width: 750px) 100vw, 750px\" \/>\t\t\t\t<\/a>\n\t\t\t\t\t\t\t\n\t\t\t\t<a href=\"#\" data-mfp-src=\"https:\/\/casaedianatiago-stp.com\/wp-content\/uploads\/2021\/08\/11-restaurant-Sombra-do-Caroceiro-inte\u0301rieur-1-scaled-1-1024x768.jpeg\" class=\"ha-image-grid__item ha-js-lightbox __fltr-10\">\n\t\t\t\t\t<img loading=\"lazy\" decoding=\"async\" width=\"768\" height=\"576\" src=\"https:\/\/casaedianatiago-stp.com\/wp-content\/uploads\/2021\/08\/11-restaurant-Sombra-do-Caroceiro-inte\u0301rieur-1-scaled-1-768x576.jpeg\" class=\"elementor-animation-grow\" alt=\"\" srcset=\"https:\/\/casaedianatiago-stp.com\/wp-content\/uploads\/2021\/08\/11-restaurant-Sombra-do-Caroceiro-inte\u0301rieur-1-scaled-1-768x576.jpeg 768w, https:\/\/casaedianatiago-stp.com\/wp-content\/uploads\/2021\/08\/11-restaurant-Sombra-do-Caroceiro-inte\u0301rieur-1-scaled-1-300x225.jpeg 300w, https:\/\/casaedianatiago-stp.com\/wp-content\/uploads\/2021\/08\/11-restaurant-Sombra-do-Caroceiro-inte\u0301rieur-1-scaled-1-1024x768.jpeg 1024w, https:\/\/casaedianatiago-stp.com\/wp-content\/uploads\/2021\/08\/11-restaurant-Sombra-do-Caroceiro-inte\u0301rieur-1-scaled-1-1536x1152.jpeg 1536w, https:\/\/casaedianatiago-stp.com\/wp-content\/uploads\/2021\/08\/11-restaurant-Sombra-do-Caroceiro-inte\u0301rieur-1-scaled-1-2048x1536.jpeg 2048w\" sizes=\"(max-width: 768px) 100vw, 768px\" \/>\t\t\t\t<\/a>\n\t\t\t\t\t\t\t\n\t\t\t\t<a href=\"#\" data-mfp-src=\"https:\/\/casaedianatiago-stp.com\/wp-content\/uploads\/2021\/08\/salut-devant-le-Paladar-2-819x1024.jpeg\" class=\"ha-image-grid__item ha-js-lightbox __fltr-10\">\n\t\t\t\t\t<img loading=\"lazy\" decoding=\"async\" width=\"768\" height=\"960\" src=\"https:\/\/casaedianatiago-stp.com\/wp-content\/uploads\/2021\/08\/salut-devant-le-Paladar-2-768x960.jpeg\" class=\"elementor-animation-grow\" alt=\"\" srcset=\"https:\/\/casaedianatiago-stp.com\/wp-content\/uploads\/2021\/08\/salut-devant-le-Paladar-2-768x960.jpeg 768w, https:\/\/casaedianatiago-stp.com\/wp-content\/uploads\/2021\/08\/salut-devant-le-Paladar-2-240x300.jpeg 240w, https:\/\/casaedianatiago-stp.com\/wp-content\/uploads\/2021\/08\/salut-devant-le-Paladar-2-819x1024.jpeg 819w, https:\/\/casaedianatiago-stp.com\/wp-content\/uploads\/2021\/08\/salut-devant-le-Paladar-2-1229x1536.jpeg 1229w, https:\/\/casaedianatiago-stp.com\/wp-content\/uploads\/2021\/08\/salut-devant-le-Paladar-2-1638x2048.jpeg 1638w, https:\/\/casaedianatiago-stp.com\/wp-content\/uploads\/2021\/08\/salut-devant-le-Paladar-2.jpeg 1859w\" sizes=\"(max-width: 768px) 100vw, 768px\" \/>\t\t\t\t<\/a>\n\t\t\t\t\t\t\t\n\t\t\t\t<a href=\"#\" data-mfp-src=\"https:\/\/casaedianatiago-stp.com\/wp-content\/uploads\/2021\/08\/12-Piquenique-en-randonne\u0301e-scaled-1-1024x683.jpeg\" class=\"ha-image-grid__item ha-js-lightbox __fltr-10\">\n\t\t\t\t\t<img loading=\"lazy\" decoding=\"async\" width=\"768\" height=\"512\" src=\"https:\/\/casaedianatiago-stp.com\/wp-content\/uploads\/2021\/08\/12-Piquenique-en-randonne\u0301e-scaled-1-768x512.jpeg\" class=\"elementor-animation-grow\" alt=\"\" srcset=\"https:\/\/casaedianatiago-stp.com\/wp-content\/uploads\/2021\/08\/12-Piquenique-en-randonne\u0301e-scaled-1-768x512.jpeg 768w, https:\/\/casaedianatiago-stp.com\/wp-content\/uploads\/2021\/08\/12-Piquenique-en-randonne\u0301e-scaled-1-300x200.jpeg 300w, https:\/\/casaedianatiago-stp.com\/wp-content\/uploads\/2021\/08\/12-Piquenique-en-randonne\u0301e-scaled-1-1024x683.jpeg 1024w, https:\/\/casaedianatiago-stp.com\/wp-content\/uploads\/2021\/08\/12-Piquenique-en-randonne\u0301e-scaled-1-1536x1024.jpeg 1536w, https:\/\/casaedianatiago-stp.com\/wp-content\/uploads\/2021\/08\/12-Piquenique-en-randonne\u0301e-scaled-1-2048x1366.jpeg 2048w\" sizes=\"(max-width: 768px) 100vw, 768px\" \/>\t\t\t\t<\/a>\n\t\t\t\t\t\t\t\n\t\t\t\t<a href=\"#\" data-mfp-src=\"https:\/\/casaedianatiago-stp.com\/wp-content\/uploads\/2021\/08\/1-Santana-le-port-scaled-2-1024x768.jpeg\" class=\"ha-image-grid__item ha-js-lightbox __fltr-11\">\n\t\t\t\t\t<img loading=\"lazy\" decoding=\"async\" width=\"768\" height=\"576\" src=\"https:\/\/casaedianatiago-stp.com\/wp-content\/uploads\/2021\/08\/1-Santana-le-port-scaled-2-768x576.jpeg\" class=\"elementor-animation-grow\" alt=\"\" srcset=\"https:\/\/casaedianatiago-stp.com\/wp-content\/uploads\/2021\/08\/1-Santana-le-port-scaled-2-768x576.jpeg 768w, https:\/\/casaedianatiago-stp.com\/wp-content\/uploads\/2021\/08\/1-Santana-le-port-scaled-2-300x225.jpeg 300w, https:\/\/casaedianatiago-stp.com\/wp-content\/uploads\/2021\/08\/1-Santana-le-port-scaled-2-1024x768.jpeg 1024w, https:\/\/casaedianatiago-stp.com\/wp-content\/uploads\/2021\/08\/1-Santana-le-port-scaled-2-1536x1152.jpeg 1536w, https:\/\/casaedianatiago-stp.com\/wp-content\/uploads\/2021\/08\/1-Santana-le-port-scaled-2-2048x1536.jpeg 2048w\" sizes=\"(max-width: 768px) 100vw, 768px\" \/>\t\t\t\t<\/a>\n\t\t\t\t\t\t\t\n\t\t\t\t<a href=\"#\" data-mfp-src=\"https:\/\/casaedianatiago-stp.com\/wp-content\/uploads\/2021\/08\/2-Agua-Ize\u0301-plage-1-scaled-2-1024x768.jpeg\" class=\"ha-image-grid__item ha-js-lightbox __fltr-11\">\n\t\t\t\t\t<img loading=\"lazy\" decoding=\"async\" width=\"768\" height=\"576\" src=\"https:\/\/casaedianatiago-stp.com\/wp-content\/uploads\/2021\/08\/2-Agua-Ize\u0301-plage-1-scaled-2-768x576.jpeg\" class=\"elementor-animation-grow\" alt=\"\" srcset=\"https:\/\/casaedianatiago-stp.com\/wp-content\/uploads\/2021\/08\/2-Agua-Ize\u0301-plage-1-scaled-2-768x576.jpeg 768w, https:\/\/casaedianatiago-stp.com\/wp-content\/uploads\/2021\/08\/2-Agua-Ize\u0301-plage-1-scaled-2-300x225.jpeg 300w, https:\/\/casaedianatiago-stp.com\/wp-content\/uploads\/2021\/08\/2-Agua-Ize\u0301-plage-1-scaled-2-1024x768.jpeg 1024w, https:\/\/casaedianatiago-stp.com\/wp-content\/uploads\/2021\/08\/2-Agua-Ize\u0301-plage-1-scaled-2-1536x1152.jpeg 1536w, https:\/\/casaedianatiago-stp.com\/wp-content\/uploads\/2021\/08\/2-Agua-Ize\u0301-plage-1-scaled-2-2048x1536.jpeg 2048w\" sizes=\"(max-width: 768px) 100vw, 768px\" \/>\t\t\t\t<\/a>\n\t\t\t\t\t\t\t\n\t\t\t\t<a href=\"#\" data-mfp-src=\"https:\/\/casaedianatiago-stp.com\/wp-content\/uploads\/2021\/08\/3-Agua-Ize\u0301-plage-scaled-2-1024x576.jpeg\" class=\"ha-image-grid__item ha-js-lightbox __fltr-11\">\n\t\t\t\t\t<img loading=\"lazy\" decoding=\"async\" width=\"768\" height=\"432\" src=\"https:\/\/casaedianatiago-stp.com\/wp-content\/uploads\/2021\/08\/3-Agua-Ize\u0301-plage-scaled-2-768x432.jpeg\" class=\"elementor-animation-grow\" alt=\"\" srcset=\"https:\/\/casaedianatiago-stp.com\/wp-content\/uploads\/2021\/08\/3-Agua-Ize\u0301-plage-scaled-2-768x432.jpeg 768w, https:\/\/casaedianatiago-stp.com\/wp-content\/uploads\/2021\/08\/3-Agua-Ize\u0301-plage-scaled-2-300x169.jpeg 300w, https:\/\/casaedianatiago-stp.com\/wp-content\/uploads\/2021\/08\/3-Agua-Ize\u0301-plage-scaled-2-1024x576.jpeg 1024w, https:\/\/casaedianatiago-stp.com\/wp-content\/uploads\/2021\/08\/3-Agua-Ize\u0301-plage-scaled-2-1536x864.jpeg 1536w, https:\/\/casaedianatiago-stp.com\/wp-content\/uploads\/2021\/08\/3-Agua-Ize\u0301-plage-scaled-2-2048x1152.jpeg 2048w\" sizes=\"(max-width: 768px) 100vw, 768px\" \/>\t\t\t\t<\/a>\n\t\t\t\t\t\t\t\n\t\t\t\t<a href=\"#\" data-mfp-src=\"https:\/\/casaedianatiago-stp.com\/wp-content\/uploads\/2021\/08\/4-entre\u0301e-de-la-Bouche-de-lEnfer-scaled-2-1024x768.jpeg\" class=\"ha-image-grid__item ha-js-lightbox __fltr-11\">\n\t\t\t\t\t<img loading=\"lazy\" decoding=\"async\" width=\"768\" height=\"576\" src=\"https:\/\/casaedianatiago-stp.com\/wp-content\/uploads\/2021\/08\/4-entre\u0301e-de-la-Bouche-de-lEnfer-scaled-2-768x576.jpeg\" class=\"elementor-animation-grow\" alt=\"\" srcset=\"https:\/\/casaedianatiago-stp.com\/wp-content\/uploads\/2021\/08\/4-entre\u0301e-de-la-Bouche-de-lEnfer-scaled-2-768x576.jpeg 768w, https:\/\/casaedianatiago-stp.com\/wp-content\/uploads\/2021\/08\/4-entre\u0301e-de-la-Bouche-de-lEnfer-scaled-2-300x225.jpeg 300w, https:\/\/casaedianatiago-stp.com\/wp-content\/uploads\/2021\/08\/4-entre\u0301e-de-la-Bouche-de-lEnfer-scaled-2-1024x768.jpeg 1024w, https:\/\/casaedianatiago-stp.com\/wp-content\/uploads\/2021\/08\/4-entre\u0301e-de-la-Bouche-de-lEnfer-scaled-2-1536x1152.jpeg 1536w, https:\/\/casaedianatiago-stp.com\/wp-content\/uploads\/2021\/08\/4-entre\u0301e-de-la-Bouche-de-lEnfer-scaled-2-2048x1536.jpeg 2048w\" sizes=\"(max-width: 768px) 100vw, 768px\" \/>\t\t\t\t<\/a>\n\t\t\t\t\t\t\t\n\t\t\t\t<a href=\"#\" data-mfp-src=\"https:\/\/casaedianatiago-stp.com\/wp-content\/uploads\/2021\/08\/5-montagne-pre\u0300s-de-Praia-das-7-Ondas-scaled-2-1024x768.jpeg\" class=\"ha-image-grid__item ha-js-lightbox __fltr-11\">\n\t\t\t\t\t<img loading=\"lazy\" decoding=\"async\" width=\"768\" height=\"576\" src=\"https:\/\/casaedianatiago-stp.com\/wp-content\/uploads\/2021\/08\/5-montagne-pre\u0300s-de-Praia-das-7-Ondas-scaled-2-768x576.jpeg\" class=\"elementor-animation-grow\" alt=\"\" srcset=\"https:\/\/casaedianatiago-stp.com\/wp-content\/uploads\/2021\/08\/5-montagne-pre\u0300s-de-Praia-das-7-Ondas-scaled-2-768x576.jpeg 768w, https:\/\/casaedianatiago-stp.com\/wp-content\/uploads\/2021\/08\/5-montagne-pre\u0300s-de-Praia-das-7-Ondas-scaled-2-300x225.jpeg 300w, https:\/\/casaedianatiago-stp.com\/wp-content\/uploads\/2021\/08\/5-montagne-pre\u0300s-de-Praia-das-7-Ondas-scaled-2-1024x768.jpeg 1024w, https:\/\/casaedianatiago-stp.com\/wp-content\/uploads\/2021\/08\/5-montagne-pre\u0300s-de-Praia-das-7-Ondas-scaled-2-1536x1152.jpeg 1536w, https:\/\/casaedianatiago-stp.com\/wp-content\/uploads\/2021\/08\/5-montagne-pre\u0300s-de-Praia-das-7-Ondas-scaled-2-2048x1536.jpeg 2048w\" sizes=\"(max-width: 768px) 100vw, 768px\" \/>\t\t\t\t<\/a>\n\t\t\t\t\t\t\t\n\t\t\t\t<a href=\"#\" data-mfp-src=\"https:\/\/casaedianatiago-stp.com\/wp-content\/uploads\/2021\/08\/6-montagne-au-dessus-de-Sao-Joao-scaled-2-1024x768.jpeg\" class=\"ha-image-grid__item ha-js-lightbox __fltr-11\">\n\t\t\t\t\t<img loading=\"lazy\" decoding=\"async\" width=\"768\" height=\"576\" src=\"https:\/\/casaedianatiago-stp.com\/wp-content\/uploads\/2021\/08\/6-montagne-au-dessus-de-Sao-Joao-scaled-2-768x576.jpeg\" class=\"elementor-animation-grow\" alt=\"\" srcset=\"https:\/\/casaedianatiago-stp.com\/wp-content\/uploads\/2021\/08\/6-montagne-au-dessus-de-Sao-Joao-scaled-2-768x576.jpeg 768w, https:\/\/casaedianatiago-stp.com\/wp-content\/uploads\/2021\/08\/6-montagne-au-dessus-de-Sao-Joao-scaled-2-300x225.jpeg 300w, https:\/\/casaedianatiago-stp.com\/wp-content\/uploads\/2021\/08\/6-montagne-au-dessus-de-Sao-Joao-scaled-2-1024x768.jpeg 1024w, https:\/\/casaedianatiago-stp.com\/wp-content\/uploads\/2021\/08\/6-montagne-au-dessus-de-Sao-Joao-scaled-2-1536x1152.jpeg 1536w, https:\/\/casaedianatiago-stp.com\/wp-content\/uploads\/2021\/08\/6-montagne-au-dessus-de-Sao-Joao-scaled-2-2048x1536.jpeg 2048w\" sizes=\"(max-width: 768px) 100vw, 768px\" \/>\t\t\t\t<\/a>\n\t\t\t\t\t\t\t\n\t\t\t\t<a href=\"#\" data-mfp-src=\"https:\/\/casaedianatiago-stp.com\/wp-content\/uploads\/2021\/08\/7-SJ-Baie-de-Vera-Cruz-3588-copie-scaled-2-1024x768.jpeg\" class=\"ha-image-grid__item ha-js-lightbox __fltr-11\">\n\t\t\t\t\t<img loading=\"lazy\" decoding=\"async\" width=\"768\" height=\"576\" src=\"https:\/\/casaedianatiago-stp.com\/wp-content\/uploads\/2021\/08\/7-SJ-Baie-de-Vera-Cruz-3588-copie-scaled-2-768x576.jpeg\" class=\"elementor-animation-grow\" alt=\"\" srcset=\"https:\/\/casaedianatiago-stp.com\/wp-content\/uploads\/2021\/08\/7-SJ-Baie-de-Vera-Cruz-3588-copie-scaled-2-768x576.jpeg 768w, https:\/\/casaedianatiago-stp.com\/wp-content\/uploads\/2021\/08\/7-SJ-Baie-de-Vera-Cruz-3588-copie-scaled-2-300x225.jpeg 300w, https:\/\/casaedianatiago-stp.com\/wp-content\/uploads\/2021\/08\/7-SJ-Baie-de-Vera-Cruz-3588-copie-scaled-2-1024x768.jpeg 1024w, https:\/\/casaedianatiago-stp.com\/wp-content\/uploads\/2021\/08\/7-SJ-Baie-de-Vera-Cruz-3588-copie-scaled-2-1536x1152.jpeg 1536w, https:\/\/casaedianatiago-stp.com\/wp-content\/uploads\/2021\/08\/7-SJ-Baie-de-Vera-Cruz-3588-copie-scaled-2-2048x1536.jpeg 2048w\" sizes=\"(max-width: 768px) 100vw, 768px\" \/>\t\t\t\t<\/a>\n\t\t\t\t\t\t\t\n\t\t\t\t<a href=\"#\" data-mfp-src=\"https:\/\/casaedianatiago-stp.com\/wp-content\/uploads\/2021\/08\/8-SJoao-restau-rouge-et-bleu-scaled-2-1024x768.jpeg\" class=\"ha-image-grid__item ha-js-lightbox __fltr-11\">\n\t\t\t\t\t<img loading=\"lazy\" decoding=\"async\" width=\"768\" height=\"576\" src=\"https:\/\/casaedianatiago-stp.com\/wp-content\/uploads\/2021\/08\/8-SJoao-restau-rouge-et-bleu-scaled-2-768x576.jpeg\" class=\"elementor-animation-grow\" alt=\"\" srcset=\"https:\/\/casaedianatiago-stp.com\/wp-content\/uploads\/2021\/08\/8-SJoao-restau-rouge-et-bleu-scaled-2-768x576.jpeg 768w, https:\/\/casaedianatiago-stp.com\/wp-content\/uploads\/2021\/08\/8-SJoao-restau-rouge-et-bleu-scaled-2-300x225.jpeg 300w, https:\/\/casaedianatiago-stp.com\/wp-content\/uploads\/2021\/08\/8-SJoao-restau-rouge-et-bleu-scaled-2-1024x768.jpeg 1024w, https:\/\/casaedianatiago-stp.com\/wp-content\/uploads\/2021\/08\/8-SJoao-restau-rouge-et-bleu-scaled-2-1536x1152.jpeg 1536w, https:\/\/casaedianatiago-stp.com\/wp-content\/uploads\/2021\/08\/8-SJoao-restau-rouge-et-bleu-scaled-2-2048x1536.jpeg 2048w\" sizes=\"(max-width: 768px) 100vw, 768px\" \/>\t\t\t\t<\/a>\n\t\t\t\t\t\t\t\n\t\t\t\t<a href=\"#\" data-mfp-src=\"https:\/\/casaedianatiago-stp.com\/wp-content\/uploads\/2021\/08\/9-PP-CA-01-Chapelle-de-la-roc\u0327a-Fraternidade-scaled-2-1024x768.jpeg\" class=\"ha-image-grid__item ha-js-lightbox __fltr-11\">\n\t\t\t\t\t<img loading=\"lazy\" decoding=\"async\" width=\"768\" height=\"576\" src=\"https:\/\/casaedianatiago-stp.com\/wp-content\/uploads\/2021\/08\/9-PP-CA-01-Chapelle-de-la-roc\u0327a-Fraternidade-scaled-2-768x576.jpeg\" class=\"elementor-animation-grow\" alt=\"\" srcset=\"https:\/\/casaedianatiago-stp.com\/wp-content\/uploads\/2021\/08\/9-PP-CA-01-Chapelle-de-la-roc\u0327a-Fraternidade-scaled-2-768x576.jpeg 768w, https:\/\/casaedianatiago-stp.com\/wp-content\/uploads\/2021\/08\/9-PP-CA-01-Chapelle-de-la-roc\u0327a-Fraternidade-scaled-2-300x225.jpeg 300w, https:\/\/casaedianatiago-stp.com\/wp-content\/uploads\/2021\/08\/9-PP-CA-01-Chapelle-de-la-roc\u0327a-Fraternidade-scaled-2-1024x768.jpeg 1024w, https:\/\/casaedianatiago-stp.com\/wp-content\/uploads\/2021\/08\/9-PP-CA-01-Chapelle-de-la-roc\u0327a-Fraternidade-scaled-2-1536x1152.jpeg 1536w, https:\/\/casaedianatiago-stp.com\/wp-content\/uploads\/2021\/08\/9-PP-CA-01-Chapelle-de-la-roc\u0327a-Fraternidade-scaled-2-2048x1536.jpeg 2048w\" sizes=\"(max-width: 768px) 100vw, 768px\" \/>\t\t\t\t<\/a>\n\t\t\t\t\t\t\t\n\t\t\t\t<a href=\"#\" data-mfp-src=\"https:\/\/casaedianatiago-stp.com\/wp-content\/uploads\/2021\/08\/10-P1010847-scaled-2-1024x768.jpeg\" class=\"ha-image-grid__item ha-js-lightbox __fltr-11\">\n\t\t\t\t\t<img loading=\"lazy\" decoding=\"async\" width=\"768\" height=\"576\" src=\"https:\/\/casaedianatiago-stp.com\/wp-content\/uploads\/2021\/08\/10-P1010847-scaled-2-768x576.jpeg\" class=\"elementor-animation-grow\" alt=\"\" srcset=\"https:\/\/casaedianatiago-stp.com\/wp-content\/uploads\/2021\/08\/10-P1010847-scaled-2-768x576.jpeg 768w, https:\/\/casaedianatiago-stp.com\/wp-content\/uploads\/2021\/08\/10-P1010847-scaled-2-300x225.jpeg 300w, https:\/\/casaedianatiago-stp.com\/wp-content\/uploads\/2021\/08\/10-P1010847-scaled-2-1024x768.jpeg 1024w, https:\/\/casaedianatiago-stp.com\/wp-content\/uploads\/2021\/08\/10-P1010847-scaled-2-1536x1152.jpeg 1536w, https:\/\/casaedianatiago-stp.com\/wp-content\/uploads\/2021\/08\/10-P1010847-scaled-2-2048x1536.jpeg 2048w\" sizes=\"(max-width: 768px) 100vw, 768px\" \/>\t\t\t\t<\/a>\n\t\t\t\t\t\t\t\n\t\t\t\t<a href=\"#\" data-mfp-src=\"https:\/\/casaedianatiago-stp.com\/wp-content\/uploads\/2021\/08\/11-PP-CA-03-arrive\u0301e-scaled-2-1024x768.jpeg\" class=\"ha-image-grid__item ha-js-lightbox __fltr-11\">\n\t\t\t\t\t<img loading=\"lazy\" decoding=\"async\" width=\"768\" height=\"576\" src=\"https:\/\/casaedianatiago-stp.com\/wp-content\/uploads\/2021\/08\/11-PP-CA-03-arrive\u0301e-scaled-2-768x576.jpeg\" class=\"elementor-animation-grow\" alt=\"\" srcset=\"https:\/\/casaedianatiago-stp.com\/wp-content\/uploads\/2021\/08\/11-PP-CA-03-arrive\u0301e-scaled-2-768x576.jpeg 768w, https:\/\/casaedianatiago-stp.com\/wp-content\/uploads\/2021\/08\/11-PP-CA-03-arrive\u0301e-scaled-2-300x225.jpeg 300w, https:\/\/casaedianatiago-stp.com\/wp-content\/uploads\/2021\/08\/11-PP-CA-03-arrive\u0301e-scaled-2-1024x768.jpeg 1024w, https:\/\/casaedianatiago-stp.com\/wp-content\/uploads\/2021\/08\/11-PP-CA-03-arrive\u0301e-scaled-2-1536x1152.jpeg 1536w, https:\/\/casaedianatiago-stp.com\/wp-content\/uploads\/2021\/08\/11-PP-CA-03-arrive\u0301e-scaled-2-2048x1536.jpeg 2048w\" sizes=\"(max-width: 768px) 100vw, 768px\" \/>\t\t\t\t<\/a>\n\t\t\t\t\t\t\t\n\t\t\t\t<a href=\"#\" data-mfp-src=\"https:\/\/casaedianatiago-stp.com\/wp-content\/uploads\/2021\/08\/12-Io-Grande-vu-du-pont-scaled-2-1024x768.jpeg\" class=\"ha-image-grid__item ha-js-lightbox __fltr-11\">\n\t\t\t\t\t<img loading=\"lazy\" decoding=\"async\" width=\"768\" height=\"576\" src=\"https:\/\/casaedianatiago-stp.com\/wp-content\/uploads\/2021\/08\/12-Io-Grande-vu-du-pont-scaled-2-768x576.jpeg\" class=\"elementor-animation-grow\" alt=\"\" srcset=\"https:\/\/casaedianatiago-stp.com\/wp-content\/uploads\/2021\/08\/12-Io-Grande-vu-du-pont-scaled-2-768x576.jpeg 768w, https:\/\/casaedianatiago-stp.com\/wp-content\/uploads\/2021\/08\/12-Io-Grande-vu-du-pont-scaled-2-300x225.jpeg 300w, https:\/\/casaedianatiago-stp.com\/wp-content\/uploads\/2021\/08\/12-Io-Grande-vu-du-pont-scaled-2-1024x768.jpeg 1024w, https:\/\/casaedianatiago-stp.com\/wp-content\/uploads\/2021\/08\/12-Io-Grande-vu-du-pont-scaled-2-1536x1152.jpeg 1536w, https:\/\/casaedianatiago-stp.com\/wp-content\/uploads\/2021\/08\/12-Io-Grande-vu-du-pont-scaled-2-2048x1536.jpeg 2048w\" sizes=\"(max-width: 768px) 100vw, 768px\" \/>\t\t\t\t<\/a>\n\t\t\t\t\t\t\t\n\t\t\t\t<a href=\"#\" data-mfp-src=\"https:\/\/casaedianatiago-stp.com\/wp-content\/uploads\/2021\/08\/13-Io-Grande-foz-baigneurs-scaled-2-1024x768.jpeg\" class=\"ha-image-grid__item ha-js-lightbox __fltr-11\">\n\t\t\t\t\t<img loading=\"lazy\" decoding=\"async\" width=\"768\" height=\"576\" src=\"https:\/\/casaedianatiago-stp.com\/wp-content\/uploads\/2021\/08\/13-Io-Grande-foz-baigneurs-scaled-2-768x576.jpeg\" class=\"elementor-animation-grow\" alt=\"\" srcset=\"https:\/\/casaedianatiago-stp.com\/wp-content\/uploads\/2021\/08\/13-Io-Grande-foz-baigneurs-scaled-2-768x576.jpeg 768w, https:\/\/casaedianatiago-stp.com\/wp-content\/uploads\/2021\/08\/13-Io-Grande-foz-baigneurs-scaled-2-300x225.jpeg 300w, https:\/\/casaedianatiago-stp.com\/wp-content\/uploads\/2021\/08\/13-Io-Grande-foz-baigneurs-scaled-2-1024x768.jpeg 1024w, https:\/\/casaedianatiago-stp.com\/wp-content\/uploads\/2021\/08\/13-Io-Grande-foz-baigneurs-scaled-2-1536x1152.jpeg 1536w, https:\/\/casaedianatiago-stp.com\/wp-content\/uploads\/2021\/08\/13-Io-Grande-foz-baigneurs-scaled-2-2048x1536.jpeg 2048w\" sizes=\"(max-width: 768px) 100vw, 768px\" \/>\t\t\t\t<\/a>\n\t\t\t\t\t\t\t\n\t\t\t\t<a href=\"#\" data-mfp-src=\"https:\/\/casaedianatiago-stp.com\/wp-content\/uploads\/2021\/08\/14-cascata-Miomba-Praia-Pesqueira-scaled-2-1024x768.jpeg\" class=\"ha-image-grid__item ha-js-lightbox __fltr-11\">\n\t\t\t\t\t<img loading=\"lazy\" decoding=\"async\" width=\"768\" height=\"576\" src=\"https:\/\/casaedianatiago-stp.com\/wp-content\/uploads\/2021\/08\/14-cascata-Miomba-Praia-Pesqueira-scaled-2-768x576.jpeg\" class=\"elementor-animation-grow\" alt=\"\" srcset=\"https:\/\/casaedianatiago-stp.com\/wp-content\/uploads\/2021\/08\/14-cascata-Miomba-Praia-Pesqueira-scaled-2-768x576.jpeg 768w, https:\/\/casaedianatiago-stp.com\/wp-content\/uploads\/2021\/08\/14-cascata-Miomba-Praia-Pesqueira-scaled-2-300x225.jpeg 300w, https:\/\/casaedianatiago-stp.com\/wp-content\/uploads\/2021\/08\/14-cascata-Miomba-Praia-Pesqueira-scaled-2-1024x768.jpeg 1024w, https:\/\/casaedianatiago-stp.com\/wp-content\/uploads\/2021\/08\/14-cascata-Miomba-Praia-Pesqueira-scaled-2-1536x1152.jpeg 1536w, https:\/\/casaedianatiago-stp.com\/wp-content\/uploads\/2021\/08\/14-cascata-Miomba-Praia-Pesqueira-scaled-2-2048x1536.jpeg 2048w\" sizes=\"(max-width: 768px) 100vw, 768px\" \/>\t\t\t\t<\/a>\n\t\t\t\t\t\t\t\n\t\t\t\t<a href=\"#\" data-mfp-src=\"https:\/\/casaedianatiago-stp.com\/wp-content\/uploads\/2021\/08\/15-Praia-Pesqueira-lavandie\u0300re-scaled-2-1024x768.jpeg\" class=\"ha-image-grid__item ha-js-lightbox __fltr-11\">\n\t\t\t\t\t<img loading=\"lazy\" decoding=\"async\" width=\"768\" height=\"576\" src=\"https:\/\/casaedianatiago-stp.com\/wp-content\/uploads\/2021\/08\/15-Praia-Pesqueira-lavandie\u0300re-scaled-2-768x576.jpeg\" class=\"elementor-animation-grow\" alt=\"\" srcset=\"https:\/\/casaedianatiago-stp.com\/wp-content\/uploads\/2021\/08\/15-Praia-Pesqueira-lavandie\u0300re-scaled-2-768x576.jpeg 768w, https:\/\/casaedianatiago-stp.com\/wp-content\/uploads\/2021\/08\/15-Praia-Pesqueira-lavandie\u0300re-scaled-2-300x225.jpeg 300w, https:\/\/casaedianatiago-stp.com\/wp-content\/uploads\/2021\/08\/15-Praia-Pesqueira-lavandie\u0300re-scaled-2-1024x768.jpeg 1024w, https:\/\/casaedianatiago-stp.com\/wp-content\/uploads\/2021\/08\/15-Praia-Pesqueira-lavandie\u0300re-scaled-2-1536x1152.jpeg 1536w, https:\/\/casaedianatiago-stp.com\/wp-content\/uploads\/2021\/08\/15-Praia-Pesqueira-lavandie\u0300re-scaled-2-2048x1536.jpeg 2048w\" sizes=\"(max-width: 768px) 100vw, 768px\" \/>\t\t\t\t<\/a>\n\t\t\t\t\t\t\t\n\t\t\t\t<a href=\"#\" data-mfp-src=\"https:\/\/casaedianatiago-stp.com\/wp-content\/uploads\/2021\/08\/16-Praia-Pesqueira-la-plage-scaled-2-1024x768.jpeg\" class=\"ha-image-grid__item ha-js-lightbox __fltr-11\">\n\t\t\t\t\t<img loading=\"lazy\" decoding=\"async\" width=\"768\" height=\"576\" src=\"https:\/\/casaedianatiago-stp.com\/wp-content\/uploads\/2021\/08\/16-Praia-Pesqueira-la-plage-scaled-2-768x576.jpeg\" class=\"elementor-animation-grow\" alt=\"\" srcset=\"https:\/\/casaedianatiago-stp.com\/wp-content\/uploads\/2021\/08\/16-Praia-Pesqueira-la-plage-scaled-2-768x576.jpeg 768w, https:\/\/casaedianatiago-stp.com\/wp-content\/uploads\/2021\/08\/16-Praia-Pesqueira-la-plage-scaled-2-300x225.jpeg 300w, https:\/\/casaedianatiago-stp.com\/wp-content\/uploads\/2021\/08\/16-Praia-Pesqueira-la-plage-scaled-2-1024x768.jpeg 1024w, https:\/\/casaedianatiago-stp.com\/wp-content\/uploads\/2021\/08\/16-Praia-Pesqueira-la-plage-scaled-2-1536x1152.jpeg 1536w, https:\/\/casaedianatiago-stp.com\/wp-content\/uploads\/2021\/08\/16-Praia-Pesqueira-la-plage-scaled-2-2048x1536.jpeg 2048w\" sizes=\"(max-width: 768px) 100vw, 768px\" \/>\t\t\t\t<\/a>\n\t\t\t\t\t\t\t\n\t\t\t\t<a href=\"#\" data-mfp-src=\"https:\/\/casaedianatiago-stp.com\/wp-content\/uploads\/2021\/08\/17-PP-CA-02-Praia-Muteca-scaled-2-1024x768.jpeg\" class=\"ha-image-grid__item ha-js-lightbox __fltr-11\">\n\t\t\t\t\t<img loading=\"lazy\" decoding=\"async\" width=\"768\" height=\"576\" src=\"https:\/\/casaedianatiago-stp.com\/wp-content\/uploads\/2021\/08\/17-PP-CA-02-Praia-Muteca-scaled-2-768x576.jpeg\" class=\"elementor-animation-grow\" alt=\"\" srcset=\"https:\/\/casaedianatiago-stp.com\/wp-content\/uploads\/2021\/08\/17-PP-CA-02-Praia-Muteca-scaled-2-768x576.jpeg 768w, https:\/\/casaedianatiago-stp.com\/wp-content\/uploads\/2021\/08\/17-PP-CA-02-Praia-Muteca-scaled-2-300x225.jpeg 300w, https:\/\/casaedianatiago-stp.com\/wp-content\/uploads\/2021\/08\/17-PP-CA-02-Praia-Muteca-scaled-2-1024x768.jpeg 1024w, https:\/\/casaedianatiago-stp.com\/wp-content\/uploads\/2021\/08\/17-PP-CA-02-Praia-Muteca-scaled-2-1536x1152.jpeg 1536w, https:\/\/casaedianatiago-stp.com\/wp-content\/uploads\/2021\/08\/17-PP-CA-02-Praia-Muteca-scaled-2-2048x1536.jpeg 2048w\" sizes=\"(max-width: 768px) 100vw, 768px\" \/>\t\t\t\t<\/a>\n\t\t\t\t\t\t\t\n\t\t\t\t<a href=\"#\" data-mfp-src=\"https:\/\/casaedianatiago-stp.com\/wp-content\/uploads\/2021\/08\/18-PPCA-02-Mangrove-a\u0300-Praia-Muteca-scaled-2-1024x768.jpeg\" class=\"ha-image-grid__item ha-js-lightbox __fltr-11\">\n\t\t\t\t\t<img loading=\"lazy\" decoding=\"async\" width=\"768\" height=\"576\" src=\"https:\/\/casaedianatiago-stp.com\/wp-content\/uploads\/2021\/08\/18-PPCA-02-Mangrove-a\u0300-Praia-Muteca-scaled-2-768x576.jpeg\" class=\"elementor-animation-grow\" alt=\"\" srcset=\"https:\/\/casaedianatiago-stp.com\/wp-content\/uploads\/2021\/08\/18-PPCA-02-Mangrove-a\u0300-Praia-Muteca-scaled-2-768x576.jpeg 768w, https:\/\/casaedianatiago-stp.com\/wp-content\/uploads\/2021\/08\/18-PPCA-02-Mangrove-a\u0300-Praia-Muteca-scaled-2-300x225.jpeg 300w, https:\/\/casaedianatiago-stp.com\/wp-content\/uploads\/2021\/08\/18-PPCA-02-Mangrove-a\u0300-Praia-Muteca-scaled-2-1024x768.jpeg 1024w, https:\/\/casaedianatiago-stp.com\/wp-content\/uploads\/2021\/08\/18-PPCA-02-Mangrove-a\u0300-Praia-Muteca-scaled-2-1536x1152.jpeg 1536w, https:\/\/casaedianatiago-stp.com\/wp-content\/uploads\/2021\/08\/18-PPCA-02-Mangrove-a\u0300-Praia-Muteca-scaled-2-2048x1536.jpeg 2048w\" sizes=\"(max-width: 768px) 100vw, 768px\" \/>\t\t\t\t<\/a>\n\t\t\t\t\t\t\t\n\t\t\t\t<a href=\"#\" data-mfp-src=\"https:\/\/casaedianatiago-stp.com\/wp-content\/uploads\/2021\/08\/19-Pici-do-Cao-Grande-scaled-2-768x1024.jpeg\" class=\"ha-image-grid__item ha-js-lightbox __fltr-11\">\n\t\t\t\t\t<img loading=\"lazy\" decoding=\"async\" width=\"768\" height=\"1024\" src=\"https:\/\/casaedianatiago-stp.com\/wp-content\/uploads\/2021\/08\/19-Pici-do-Cao-Grande-scaled-2-768x1024.jpeg\" class=\"elementor-animation-grow\" alt=\"\" srcset=\"https:\/\/casaedianatiago-stp.com\/wp-content\/uploads\/2021\/08\/19-Pici-do-Cao-Grande-scaled-2-768x1024.jpeg 768w, https:\/\/casaedianatiago-stp.com\/wp-content\/uploads\/2021\/08\/19-Pici-do-Cao-Grande-scaled-2-225x300.jpeg 225w, https:\/\/casaedianatiago-stp.com\/wp-content\/uploads\/2021\/08\/19-Pici-do-Cao-Grande-scaled-2-1152x1536.jpeg 1152w, https:\/\/casaedianatiago-stp.com\/wp-content\/uploads\/2021\/08\/19-Pici-do-Cao-Grande-scaled-2-1536x2048.jpeg 1536w, https:\/\/casaedianatiago-stp.com\/wp-content\/uploads\/2021\/08\/19-Pici-do-Cao-Grande-scaled-2.jpeg 1920w\" sizes=\"(max-width: 768px) 100vw, 768px\" \/>\t\t\t\t<\/a>\n\t\t\t\t\t\t\t\n\t\t\t\t<a href=\"#\" data-mfp-src=\"https:\/\/casaedianatiago-stp.com\/wp-content\/uploads\/2021\/08\/20-Pico-do-Cao-Grande-sur-mer-de-palmes-scaled-2-768x1024.jpeg\" class=\"ha-image-grid__item ha-js-lightbox __fltr-11\">\n\t\t\t\t\t<img loading=\"lazy\" decoding=\"async\" width=\"768\" height=\"1024\" src=\"https:\/\/casaedianatiago-stp.com\/wp-content\/uploads\/2021\/08\/20-Pico-do-Cao-Grande-sur-mer-de-palmes-scaled-2-768x1024.jpeg\" class=\"elementor-animation-grow\" alt=\"\" srcset=\"https:\/\/casaedianatiago-stp.com\/wp-content\/uploads\/2021\/08\/20-Pico-do-Cao-Grande-sur-mer-de-palmes-scaled-2-768x1024.jpeg 768w, https:\/\/casaedianatiago-stp.com\/wp-content\/uploads\/2021\/08\/20-Pico-do-Cao-Grande-sur-mer-de-palmes-scaled-2-225x300.jpeg 225w, https:\/\/casaedianatiago-stp.com\/wp-content\/uploads\/2021\/08\/20-Pico-do-Cao-Grande-sur-mer-de-palmes-scaled-2-1152x1536.jpeg 1152w, https:\/\/casaedianatiago-stp.com\/wp-content\/uploads\/2021\/08\/20-Pico-do-Cao-Grande-sur-mer-de-palmes-scaled-2-1536x2048.jpeg 1536w, https:\/\/casaedianatiago-stp.com\/wp-content\/uploads\/2021\/08\/20-Pico-do-Cao-Grande-sur-mer-de-palmes-scaled-2.jpeg 1920w\" sizes=\"(max-width: 768px) 100vw, 768px\" \/>\t\t\t\t<\/a>\n\t\t\t\t\t\t\t\n\t\t\t\t<a href=\"#\" data-mfp-src=\"https:\/\/casaedianatiago-stp.com\/wp-content\/uploads\/2021\/08\/21-Mangrove-Malanza-scaled-2-1024x768.jpeg\" class=\"ha-image-grid__item ha-js-lightbox __fltr-11\">\n\t\t\t\t\t<img loading=\"lazy\" decoding=\"async\" width=\"768\" height=\"576\" src=\"https:\/\/casaedianatiago-stp.com\/wp-content\/uploads\/2021\/08\/21-Mangrove-Malanza-scaled-2-768x576.jpeg\" class=\"elementor-animation-grow\" alt=\"\" srcset=\"https:\/\/casaedianatiago-stp.com\/wp-content\/uploads\/2021\/08\/21-Mangrove-Malanza-scaled-2-768x576.jpeg 768w, https:\/\/casaedianatiago-stp.com\/wp-content\/uploads\/2021\/08\/21-Mangrove-Malanza-scaled-2-300x225.jpeg 300w, https:\/\/casaedianatiago-stp.com\/wp-content\/uploads\/2021\/08\/21-Mangrove-Malanza-scaled-2-1024x768.jpeg 1024w, https:\/\/casaedianatiago-stp.com\/wp-content\/uploads\/2021\/08\/21-Mangrove-Malanza-scaled-2-1536x1152.jpeg 1536w, https:\/\/casaedianatiago-stp.com\/wp-content\/uploads\/2021\/08\/21-Mangrove-Malanza-scaled-2-2048x1536.jpeg 2048w\" sizes=\"(max-width: 768px) 100vw, 768px\" \/>\t\t\t\t<\/a>\n\t\t\t\t\t\t\t\n\t\t\t\t<a href=\"#\" data-mfp-src=\"https:\/\/casaedianatiago-stp.com\/wp-content\/uploads\/2021\/08\/22-promenade-en-barque-dans-la-mangrove-scaled-2-1024x768.jpeg\" class=\"ha-image-grid__item ha-js-lightbox __fltr-11\">\n\t\t\t\t\t<img loading=\"lazy\" decoding=\"async\" width=\"768\" height=\"576\" src=\"https:\/\/casaedianatiago-stp.com\/wp-content\/uploads\/2021\/08\/22-promenade-en-barque-dans-la-mangrove-scaled-2-768x576.jpeg\" class=\"elementor-animation-grow\" alt=\"\" srcset=\"https:\/\/casaedianatiago-stp.com\/wp-content\/uploads\/2021\/08\/22-promenade-en-barque-dans-la-mangrove-scaled-2-768x576.jpeg 768w, https:\/\/casaedianatiago-stp.com\/wp-content\/uploads\/2021\/08\/22-promenade-en-barque-dans-la-mangrove-scaled-2-300x225.jpeg 300w, https:\/\/casaedianatiago-stp.com\/wp-content\/uploads\/2021\/08\/22-promenade-en-barque-dans-la-mangrove-scaled-2-1024x768.jpeg 1024w, https:\/\/casaedianatiago-stp.com\/wp-content\/uploads\/2021\/08\/22-promenade-en-barque-dans-la-mangrove-scaled-2-1536x1152.jpeg 1536w, https:\/\/casaedianatiago-stp.com\/wp-content\/uploads\/2021\/08\/22-promenade-en-barque-dans-la-mangrove-scaled-2-2048x1536.jpeg 2048w\" sizes=\"(max-width: 768px) 100vw, 768px\" \/>\t\t\t\t<\/a>\n\t\t\t\t\t\t\t\n\t\t\t\t<a href=\"#\" data-mfp-src=\"https:\/\/casaedianatiago-stp.com\/wp-content\/uploads\/2021\/08\/23-Porto-Alegre-porto-scaled-2-1024x768.jpeg\" class=\"ha-image-grid__item ha-js-lightbox __fltr-11\">\n\t\t\t\t\t<img loading=\"lazy\" decoding=\"async\" width=\"768\" height=\"576\" src=\"https:\/\/casaedianatiago-stp.com\/wp-content\/uploads\/2021\/08\/23-Porto-Alegre-porto-scaled-2-768x576.jpeg\" class=\"elementor-animation-grow\" alt=\"\" srcset=\"https:\/\/casaedianatiago-stp.com\/wp-content\/uploads\/2021\/08\/23-Porto-Alegre-porto-scaled-2-768x576.jpeg 768w, https:\/\/casaedianatiago-stp.com\/wp-content\/uploads\/2021\/08\/23-Porto-Alegre-porto-scaled-2-300x225.jpeg 300w, https:\/\/casaedianatiago-stp.com\/wp-content\/uploads\/2021\/08\/23-Porto-Alegre-porto-scaled-2-1024x768.jpeg 1024w, https:\/\/casaedianatiago-stp.com\/wp-content\/uploads\/2021\/08\/23-Porto-Alegre-porto-scaled-2-1536x1152.jpeg 1536w, https:\/\/casaedianatiago-stp.com\/wp-content\/uploads\/2021\/08\/23-Porto-Alegre-porto-scaled-2-2048x1536.jpeg 2048w\" sizes=\"(max-width: 768px) 100vw, 768px\" \/>\t\t\t\t<\/a>\n\t\t\t\t\t\t\t\n\t\t\t\t<a href=\"#\" data-mfp-src=\"https:\/\/casaedianatiago-stp.com\/wp-content\/uploads\/2021\/08\/1-SJ-Roc\u0327a-BelaVista-S.Amaro_-scaled-1-1024x768.jpg\" class=\"ha-image-grid__item ha-js-lightbox __fltr-12\">\n\t\t\t\t\t<img loading=\"lazy\" decoding=\"async\" width=\"768\" height=\"576\" src=\"https:\/\/casaedianatiago-stp.com\/wp-content\/uploads\/2021\/08\/1-SJ-Roc\u0327a-BelaVista-S.Amaro_-scaled-1-768x576.jpg\" class=\"elementor-animation-grow\" alt=\"\" srcset=\"https:\/\/casaedianatiago-stp.com\/wp-content\/uploads\/2021\/08\/1-SJ-Roc\u0327a-BelaVista-S.Amaro_-scaled-1-768x576.jpg 768w, https:\/\/casaedianatiago-stp.com\/wp-content\/uploads\/2021\/08\/1-SJ-Roc\u0327a-BelaVista-S.Amaro_-scaled-1-300x225.jpg 300w, https:\/\/casaedianatiago-stp.com\/wp-content\/uploads\/2021\/08\/1-SJ-Roc\u0327a-BelaVista-S.Amaro_-scaled-1-1024x768.jpg 1024w, https:\/\/casaedianatiago-stp.com\/wp-content\/uploads\/2021\/08\/1-SJ-Roc\u0327a-BelaVista-S.Amaro_-scaled-1-1536x1152.jpg 1536w, https:\/\/casaedianatiago-stp.com\/wp-content\/uploads\/2021\/08\/1-SJ-Roc\u0327a-BelaVista-S.Amaro_-scaled-1-2048x1536.jpg 2048w\" sizes=\"(max-width: 768px) 100vw, 768px\" \/>\t\t\t\t<\/a>\n\t\t\t\t\t\t\t\n\t\t\t\t<a href=\"#\" data-mfp-src=\"https:\/\/casaedianatiago-stp.com\/wp-content\/uploads\/2021\/08\/2-savane-et-mer-entre-Guadalupe-et-Praia-das-Conchas-scaled-1-1024x768.jpeg\" class=\"ha-image-grid__item ha-js-lightbox __fltr-12\">\n\t\t\t\t\t<img loading=\"lazy\" decoding=\"async\" width=\"768\" height=\"576\" src=\"https:\/\/casaedianatiago-stp.com\/wp-content\/uploads\/2021\/08\/2-savane-et-mer-entre-Guadalupe-et-Praia-das-Conchas-scaled-1-768x576.jpeg\" class=\"elementor-animation-grow\" alt=\"\" srcset=\"https:\/\/casaedianatiago-stp.com\/wp-content\/uploads\/2021\/08\/2-savane-et-mer-entre-Guadalupe-et-Praia-das-Conchas-scaled-1-768x576.jpeg 768w, https:\/\/casaedianatiago-stp.com\/wp-content\/uploads\/2021\/08\/2-savane-et-mer-entre-Guadalupe-et-Praia-das-Conchas-scaled-1-300x225.jpeg 300w, https:\/\/casaedianatiago-stp.com\/wp-content\/uploads\/2021\/08\/2-savane-et-mer-entre-Guadalupe-et-Praia-das-Conchas-scaled-1-1024x768.jpeg 1024w, https:\/\/casaedianatiago-stp.com\/wp-content\/uploads\/2021\/08\/2-savane-et-mer-entre-Guadalupe-et-Praia-das-Conchas-scaled-1-1536x1152.jpeg 1536w, https:\/\/casaedianatiago-stp.com\/wp-content\/uploads\/2021\/08\/2-savane-et-mer-entre-Guadalupe-et-Praia-das-Conchas-scaled-1-2048x1536.jpeg 2048w\" sizes=\"(max-width: 768px) 100vw, 768px\" \/>\t\t\t\t<\/a>\n\t\t\t\t\t\t\t\n\t\t\t\t<a href=\"#\" data-mfp-src=\"https:\/\/casaedianatiago-stp.com\/wp-content\/uploads\/2021\/08\/3-praia-dos-tamarindos-202104-in-extenso-scaled-1-1024x768.jpeg\" class=\"ha-image-grid__item ha-js-lightbox __fltr-12\">\n\t\t\t\t\t<img loading=\"lazy\" decoding=\"async\" width=\"768\" height=\"576\" src=\"https:\/\/casaedianatiago-stp.com\/wp-content\/uploads\/2021\/08\/3-praia-dos-tamarindos-202104-in-extenso-scaled-1-768x576.jpeg\" class=\"elementor-animation-grow\" alt=\"\" srcset=\"https:\/\/casaedianatiago-stp.com\/wp-content\/uploads\/2021\/08\/3-praia-dos-tamarindos-202104-in-extenso-scaled-1-768x576.jpeg 768w, https:\/\/casaedianatiago-stp.com\/wp-content\/uploads\/2021\/08\/3-praia-dos-tamarindos-202104-in-extenso-scaled-1-300x225.jpeg 300w, https:\/\/casaedianatiago-stp.com\/wp-content\/uploads\/2021\/08\/3-praia-dos-tamarindos-202104-in-extenso-scaled-1-1024x768.jpeg 1024w, https:\/\/casaedianatiago-stp.com\/wp-content\/uploads\/2021\/08\/3-praia-dos-tamarindos-202104-in-extenso-scaled-1-1536x1152.jpeg 1536w, https:\/\/casaedianatiago-stp.com\/wp-content\/uploads\/2021\/08\/3-praia-dos-tamarindos-202104-in-extenso-scaled-1-2048x1536.jpeg 2048w\" sizes=\"(max-width: 768px) 100vw, 768px\" \/>\t\t\t\t<\/a>\n\t\t\t\t\t\t\t\n\t\t\t\t<a href=\"#\" data-mfp-src=\"https:\/\/casaedianatiago-stp.com\/wp-content\/uploads\/2021\/08\/4-Praia-das-Conchas-promenade-sous-les-cocotiers-scaled-1-1024x768.jpeg\" class=\"ha-image-grid__item ha-js-lightbox __fltr-12\">\n\t\t\t\t\t<img loading=\"lazy\" decoding=\"async\" width=\"768\" height=\"576\" src=\"https:\/\/casaedianatiago-stp.com\/wp-content\/uploads\/2021\/08\/4-Praia-das-Conchas-promenade-sous-les-cocotiers-scaled-1-768x576.jpeg\" class=\"elementor-animation-grow\" alt=\"\" srcset=\"https:\/\/casaedianatiago-stp.com\/wp-content\/uploads\/2021\/08\/4-Praia-das-Conchas-promenade-sous-les-cocotiers-scaled-1-768x576.jpeg 768w, https:\/\/casaedianatiago-stp.com\/wp-content\/uploads\/2021\/08\/4-Praia-das-Conchas-promenade-sous-les-cocotiers-scaled-1-300x225.jpeg 300w, https:\/\/casaedianatiago-stp.com\/wp-content\/uploads\/2021\/08\/4-Praia-das-Conchas-promenade-sous-les-cocotiers-scaled-1-1024x768.jpeg 1024w, https:\/\/casaedianatiago-stp.com\/wp-content\/uploads\/2021\/08\/4-Praia-das-Conchas-promenade-sous-les-cocotiers-scaled-1-1536x1152.jpeg 1536w, https:\/\/casaedianatiago-stp.com\/wp-content\/uploads\/2021\/08\/4-Praia-das-Conchas-promenade-sous-les-cocotiers-scaled-1-2048x1536.jpeg 2048w\" sizes=\"(max-width: 768px) 100vw, 768px\" \/>\t\t\t\t<\/a>\n\t\t\t\t\t\t\t\n\t\t\t\t<a href=\"#\" data-mfp-src=\"https:\/\/casaedianatiago-stp.com\/wp-content\/uploads\/2021\/08\/5-Lagoa-Azul-vue-depuis-le-promontoire-2-SJ-scaled-1-1024x768.jpeg\" class=\"ha-image-grid__item ha-js-lightbox __fltr-12\">\n\t\t\t\t\t<img loading=\"lazy\" decoding=\"async\" width=\"768\" height=\"576\" src=\"https:\/\/casaedianatiago-stp.com\/wp-content\/uploads\/2021\/08\/5-Lagoa-Azul-vue-depuis-le-promontoire-2-SJ-scaled-1-768x576.jpeg\" class=\"elementor-animation-grow\" alt=\"\" srcset=\"https:\/\/casaedianatiago-stp.com\/wp-content\/uploads\/2021\/08\/5-Lagoa-Azul-vue-depuis-le-promontoire-2-SJ-scaled-1-768x576.jpeg 768w, https:\/\/casaedianatiago-stp.com\/wp-content\/uploads\/2021\/08\/5-Lagoa-Azul-vue-depuis-le-promontoire-2-SJ-scaled-1-300x225.jpeg 300w, https:\/\/casaedianatiago-stp.com\/wp-content\/uploads\/2021\/08\/5-Lagoa-Azul-vue-depuis-le-promontoire-2-SJ-scaled-1-1024x768.jpeg 1024w, https:\/\/casaedianatiago-stp.com\/wp-content\/uploads\/2021\/08\/5-Lagoa-Azul-vue-depuis-le-promontoire-2-SJ-scaled-1-1536x1152.jpeg 1536w, https:\/\/casaedianatiago-stp.com\/wp-content\/uploads\/2021\/08\/5-Lagoa-Azul-vue-depuis-le-promontoire-2-SJ-scaled-1-2048x1536.jpeg 2048w\" sizes=\"(max-width: 768px) 100vw, 768px\" \/>\t\t\t\t<\/a>\n\t\t\t\t\t\t\t\n\t\t\t\t<a href=\"#\" data-mfp-src=\"https:\/\/casaedianatiago-stp.com\/wp-content\/uploads\/2021\/08\/6-SJ-baobab-a\u0300-Lagoa-Azul-scaled-1-1024x768.jpeg\" class=\"ha-image-grid__item ha-js-lightbox __fltr-12\">\n\t\t\t\t\t<img loading=\"lazy\" decoding=\"async\" width=\"768\" height=\"576\" src=\"https:\/\/casaedianatiago-stp.com\/wp-content\/uploads\/2021\/08\/6-SJ-baobab-a\u0300-Lagoa-Azul-scaled-1-768x576.jpeg\" class=\"elementor-animation-grow\" alt=\"\" srcset=\"https:\/\/casaedianatiago-stp.com\/wp-content\/uploads\/2021\/08\/6-SJ-baobab-a\u0300-Lagoa-Azul-scaled-1-768x576.jpeg 768w, https:\/\/casaedianatiago-stp.com\/wp-content\/uploads\/2021\/08\/6-SJ-baobab-a\u0300-Lagoa-Azul-scaled-1-300x225.jpeg 300w, https:\/\/casaedianatiago-stp.com\/wp-content\/uploads\/2021\/08\/6-SJ-baobab-a\u0300-Lagoa-Azul-scaled-1-1024x768.jpeg 1024w, https:\/\/casaedianatiago-stp.com\/wp-content\/uploads\/2021\/08\/6-SJ-baobab-a\u0300-Lagoa-Azul-scaled-1-1536x1152.jpeg 1536w, https:\/\/casaedianatiago-stp.com\/wp-content\/uploads\/2021\/08\/6-SJ-baobab-a\u0300-Lagoa-Azul-scaled-1-2048x1536.jpeg 2048w\" sizes=\"(max-width: 768px) 100vw, 768px\" \/>\t\t\t\t<\/a>\n\t\t\t\t\t\t\t\n\t\t\t\t<a href=\"#\" data-mfp-src=\"https:\/\/casaedianatiago-stp.com\/wp-content\/uploads\/2021\/08\/7-co\u0302te-nord-pre\u0300s-de-Neves-scaled-1-1024x768.jpeg\" class=\"ha-image-grid__item ha-js-lightbox __fltr-12\">\n\t\t\t\t\t<img loading=\"lazy\" decoding=\"async\" width=\"768\" height=\"576\" src=\"https:\/\/casaedianatiago-stp.com\/wp-content\/uploads\/2021\/08\/7-co\u0302te-nord-pre\u0300s-de-Neves-scaled-1-768x576.jpeg\" class=\"elementor-animation-grow\" alt=\"\" srcset=\"https:\/\/casaedianatiago-stp.com\/wp-content\/uploads\/2021\/08\/7-co\u0302te-nord-pre\u0300s-de-Neves-scaled-1-768x576.jpeg 768w, https:\/\/casaedianatiago-stp.com\/wp-content\/uploads\/2021\/08\/7-co\u0302te-nord-pre\u0300s-de-Neves-scaled-1-300x225.jpeg 300w, https:\/\/casaedianatiago-stp.com\/wp-content\/uploads\/2021\/08\/7-co\u0302te-nord-pre\u0300s-de-Neves-scaled-1-1024x768.jpeg 1024w, https:\/\/casaedianatiago-stp.com\/wp-content\/uploads\/2021\/08\/7-co\u0302te-nord-pre\u0300s-de-Neves-scaled-1-1536x1152.jpeg 1536w, https:\/\/casaedianatiago-stp.com\/wp-content\/uploads\/2021\/08\/7-co\u0302te-nord-pre\u0300s-de-Neves-scaled-1-2048x1536.jpeg 2048w\" sizes=\"(max-width: 768px) 100vw, 768px\" \/>\t\t\t\t<\/a>\n\t\t\t\t\t\t\t\n\t\t\t\t<a href=\"#\" data-mfp-src=\"https:\/\/casaedianatiago-stp.com\/wp-content\/uploads\/2021\/08\/8-Vers-Roc\u0327a-Rosema-scaled-1-1024x768.jpeg\" class=\"ha-image-grid__item ha-js-lightbox __fltr-12\">\n\t\t\t\t\t<img loading=\"lazy\" decoding=\"async\" width=\"768\" height=\"576\" src=\"https:\/\/casaedianatiago-stp.com\/wp-content\/uploads\/2021\/08\/8-Vers-Roc\u0327a-Rosema-scaled-1-768x576.jpeg\" class=\"elementor-animation-grow\" alt=\"\" srcset=\"https:\/\/casaedianatiago-stp.com\/wp-content\/uploads\/2021\/08\/8-Vers-Roc\u0327a-Rosema-scaled-1-768x576.jpeg 768w, https:\/\/casaedianatiago-stp.com\/wp-content\/uploads\/2021\/08\/8-Vers-Roc\u0327a-Rosema-scaled-1-300x225.jpeg 300w, https:\/\/casaedianatiago-stp.com\/wp-content\/uploads\/2021\/08\/8-Vers-Roc\u0327a-Rosema-scaled-1-1024x768.jpeg 1024w, https:\/\/casaedianatiago-stp.com\/wp-content\/uploads\/2021\/08\/8-Vers-Roc\u0327a-Rosema-scaled-1-1536x1152.jpeg 1536w, https:\/\/casaedianatiago-stp.com\/wp-content\/uploads\/2021\/08\/8-Vers-Roc\u0327a-Rosema-scaled-1-2048x1536.jpeg 2048w\" sizes=\"(max-width: 768px) 100vw, 768px\" \/>\t\t\t\t<\/a>\n\t\t\t\t\t\t\t\n\t\t\t\t<a href=\"#\" data-mfp-src=\"https:\/\/casaedianatiago-stp.com\/wp-content\/uploads\/2021\/08\/9-Roc\u0327a-Monteforte-vue-sur-Prainha-2-scaled-1-1024x768.jpeg\" class=\"ha-image-grid__item ha-js-lightbox __fltr-12\">\n\t\t\t\t\t<img loading=\"lazy\" decoding=\"async\" width=\"768\" height=\"576\" src=\"https:\/\/casaedianatiago-stp.com\/wp-content\/uploads\/2021\/08\/9-Roc\u0327a-Monteforte-vue-sur-Prainha-2-scaled-1-768x576.jpeg\" class=\"elementor-animation-grow\" alt=\"\" srcset=\"https:\/\/casaedianatiago-stp.com\/wp-content\/uploads\/2021\/08\/9-Roc\u0327a-Monteforte-vue-sur-Prainha-2-scaled-1-768x576.jpeg 768w, https:\/\/casaedianatiago-stp.com\/wp-content\/uploads\/2021\/08\/9-Roc\u0327a-Monteforte-vue-sur-Prainha-2-scaled-1-300x225.jpeg 300w, https:\/\/casaedianatiago-stp.com\/wp-content\/uploads\/2021\/08\/9-Roc\u0327a-Monteforte-vue-sur-Prainha-2-scaled-1-1024x768.jpeg 1024w, https:\/\/casaedianatiago-stp.com\/wp-content\/uploads\/2021\/08\/9-Roc\u0327a-Monteforte-vue-sur-Prainha-2-scaled-1-1536x1152.jpeg 1536w, https:\/\/casaedianatiago-stp.com\/wp-content\/uploads\/2021\/08\/9-Roc\u0327a-Monteforte-vue-sur-Prainha-2-scaled-1-2048x1536.jpeg 2048w\" sizes=\"(max-width: 768px) 100vw, 768px\" \/>\t\t\t\t<\/a>\n\t\t\t\t\t\t\t\n\t\t\t\t<a href=\"#\" data-mfp-src=\"https:\/\/casaedianatiago-stp.com\/wp-content\/uploads\/2021\/08\/10-plage-de-Monteforte-barque-scaled-1-1024x768.jpeg\" class=\"ha-image-grid__item ha-js-lightbox __fltr-12\">\n\t\t\t\t\t<img loading=\"lazy\" decoding=\"async\" width=\"768\" height=\"576\" src=\"https:\/\/casaedianatiago-stp.com\/wp-content\/uploads\/2021\/08\/10-plage-de-Monteforte-barque-scaled-1-768x576.jpeg\" class=\"elementor-animation-grow\" alt=\"\" srcset=\"https:\/\/casaedianatiago-stp.com\/wp-content\/uploads\/2021\/08\/10-plage-de-Monteforte-barque-scaled-1-768x576.jpeg 768w, https:\/\/casaedianatiago-stp.com\/wp-content\/uploads\/2021\/08\/10-plage-de-Monteforte-barque-scaled-1-300x225.jpeg 300w, https:\/\/casaedianatiago-stp.com\/wp-content\/uploads\/2021\/08\/10-plage-de-Monteforte-barque-scaled-1-1024x768.jpeg 1024w, https:\/\/casaedianatiago-stp.com\/wp-content\/uploads\/2021\/08\/10-plage-de-Monteforte-barque-scaled-1-1536x1152.jpeg 1536w, https:\/\/casaedianatiago-stp.com\/wp-content\/uploads\/2021\/08\/10-plage-de-Monteforte-barque-scaled-1-2048x1536.jpeg 2048w\" sizes=\"(max-width: 768px) 100vw, 768px\" \/>\t\t\t\t<\/a>\n\t\t\t\t\t\t\t\n\t\t\t\t<a href=\"#\" data-mfp-src=\"https:\/\/casaedianatiago-stp.com\/wp-content\/uploads\/2021\/08\/11-Roc\u0327a-Monteforte-vue-sur-montagne-scaled-1-1024x768.jpeg\" class=\"ha-image-grid__item ha-js-lightbox __fltr-12\">\n\t\t\t\t\t<img loading=\"lazy\" decoding=\"async\" width=\"768\" height=\"576\" src=\"https:\/\/casaedianatiago-stp.com\/wp-content\/uploads\/2021\/08\/11-Roc\u0327a-Monteforte-vue-sur-montagne-scaled-1-768x576.jpeg\" class=\"elementor-animation-grow\" alt=\"\" srcset=\"https:\/\/casaedianatiago-stp.com\/wp-content\/uploads\/2021\/08\/11-Roc\u0327a-Monteforte-vue-sur-montagne-scaled-1-768x576.jpeg 768w, https:\/\/casaedianatiago-stp.com\/wp-content\/uploads\/2021\/08\/11-Roc\u0327a-Monteforte-vue-sur-montagne-scaled-1-300x225.jpeg 300w, https:\/\/casaedianatiago-stp.com\/wp-content\/uploads\/2021\/08\/11-Roc\u0327a-Monteforte-vue-sur-montagne-scaled-1-1024x768.jpeg 1024w, https:\/\/casaedianatiago-stp.com\/wp-content\/uploads\/2021\/08\/11-Roc\u0327a-Monteforte-vue-sur-montagne-scaled-1-1536x1152.jpeg 1536w, https:\/\/casaedianatiago-stp.com\/wp-content\/uploads\/2021\/08\/11-Roc\u0327a-Monteforte-vue-sur-montagne-scaled-1-2048x1536.jpeg 2048w\" sizes=\"(max-width: 768px) 100vw, 768px\" \/>\t\t\t\t<\/a>\n\t\t\t\t\t\t\t\n\t\t\t\t<a href=\"#\" data-mfp-src=\"https:\/\/casaedianatiago-stp.com\/wp-content\/uploads\/2021\/08\/12-Anambo-2-scaled-1-1024x768.jpeg\" class=\"ha-image-grid__item ha-js-lightbox __fltr-12\">\n\t\t\t\t\t<img loading=\"lazy\" decoding=\"async\" width=\"768\" height=\"576\" src=\"https:\/\/casaedianatiago-stp.com\/wp-content\/uploads\/2021\/08\/12-Anambo-2-scaled-1-768x576.jpeg\" class=\"elementor-animation-grow\" alt=\"\" srcset=\"https:\/\/casaedianatiago-stp.com\/wp-content\/uploads\/2021\/08\/12-Anambo-2-scaled-1-768x576.jpeg 768w, https:\/\/casaedianatiago-stp.com\/wp-content\/uploads\/2021\/08\/12-Anambo-2-scaled-1-300x225.jpeg 300w, https:\/\/casaedianatiago-stp.com\/wp-content\/uploads\/2021\/08\/12-Anambo-2-scaled-1-1024x768.jpeg 1024w, https:\/\/casaedianatiago-stp.com\/wp-content\/uploads\/2021\/08\/12-Anambo-2-scaled-1-1536x1152.jpeg 1536w, https:\/\/casaedianatiago-stp.com\/wp-content\/uploads\/2021\/08\/12-Anambo-2-scaled-1-2048x1536.jpeg 2048w\" sizes=\"(max-width: 768px) 100vw, 768px\" \/>\t\t\t\t<\/a>\n\t\t\t\t\t\t\t\n\t\t\t\t<a href=\"#\" data-mfp-src=\"https:\/\/casaedianatiago-stp.com\/wp-content\/uploads\/2021\/08\/13-promenade-a\u0300-dos-da\u0302ne-scaled-1-1024x768.jpeg\" class=\"ha-image-grid__item ha-js-lightbox __fltr-12\">\n\t\t\t\t\t<img loading=\"lazy\" decoding=\"async\" width=\"768\" height=\"576\" src=\"https:\/\/casaedianatiago-stp.com\/wp-content\/uploads\/2021\/08\/13-promenade-a\u0300-dos-da\u0302ne-scaled-1-768x576.jpeg\" class=\"elementor-animation-grow\" alt=\"\" srcset=\"https:\/\/casaedianatiago-stp.com\/wp-content\/uploads\/2021\/08\/13-promenade-a\u0300-dos-da\u0302ne-scaled-1-768x576.jpeg 768w, https:\/\/casaedianatiago-stp.com\/wp-content\/uploads\/2021\/08\/13-promenade-a\u0300-dos-da\u0302ne-scaled-1-300x225.jpeg 300w, https:\/\/casaedianatiago-stp.com\/wp-content\/uploads\/2021\/08\/13-promenade-a\u0300-dos-da\u0302ne-scaled-1-1024x768.jpeg 1024w, https:\/\/casaedianatiago-stp.com\/wp-content\/uploads\/2021\/08\/13-promenade-a\u0300-dos-da\u0302ne-scaled-1-1536x1152.jpeg 1536w, https:\/\/casaedianatiago-stp.com\/wp-content\/uploads\/2021\/08\/13-promenade-a\u0300-dos-da\u0302ne-scaled-1-2048x1536.jpeg 2048w\" sizes=\"(max-width: 768px) 100vw, 768px\" \/>\t\t\t\t<\/a>\n\t\t\t\t\t\t\t\n\t\t\t\t<a href=\"#\" data-mfp-src=\"https:\/\/casaedianatiago-stp.com\/wp-content\/uploads\/2021\/08\/14-apic-sur-la-gre\u0300ve-scaled-1-1024x685.jpeg\" class=\"ha-image-grid__item ha-js-lightbox __fltr-12\">\n\t\t\t\t\t<img loading=\"lazy\" decoding=\"async\" width=\"768\" height=\"514\" src=\"https:\/\/casaedianatiago-stp.com\/wp-content\/uploads\/2021\/08\/14-apic-sur-la-gre\u0300ve-scaled-1-768x514.jpeg\" class=\"elementor-animation-grow\" alt=\"\" srcset=\"https:\/\/casaedianatiago-stp.com\/wp-content\/uploads\/2021\/08\/14-apic-sur-la-gre\u0300ve-scaled-1-768x514.jpeg 768w, https:\/\/casaedianatiago-stp.com\/wp-content\/uploads\/2021\/08\/14-apic-sur-la-gre\u0300ve-scaled-1-300x201.jpeg 300w, https:\/\/casaedianatiago-stp.com\/wp-content\/uploads\/2021\/08\/14-apic-sur-la-gre\u0300ve-scaled-1-1024x685.jpeg 1024w, https:\/\/casaedianatiago-stp.com\/wp-content\/uploads\/2021\/08\/14-apic-sur-la-gre\u0300ve-scaled-1-1536x1027.jpeg 1536w, https:\/\/casaedianatiago-stp.com\/wp-content\/uploads\/2021\/08\/14-apic-sur-la-gre\u0300ve-scaled-1-2048x1370.jpeg 2048w\" sizes=\"(max-width: 768px) 100vw, 768px\" \/>\t\t\t\t<\/a>\n\t\t\t\t\t\t\t\n\t\t\t\t<a href=\"#\" data-mfp-src=\"https:\/\/casaedianatiago-stp.com\/wp-content\/uploads\/2021\/08\/15-obrigado-pela-visita-scaled-1-1024x768.jpeg\" class=\"ha-image-grid__item ha-js-lightbox __fltr-12\">\n\t\t\t\t\t<img loading=\"lazy\" decoding=\"async\" width=\"768\" height=\"576\" src=\"https:\/\/casaedianatiago-stp.com\/wp-content\/uploads\/2021\/08\/15-obrigado-pela-visita-scaled-1-768x576.jpeg\" class=\"elementor-animation-grow\" alt=\"\" srcset=\"https:\/\/casaedianatiago-stp.com\/wp-content\/uploads\/2021\/08\/15-obrigado-pela-visita-scaled-1-768x576.jpeg 768w, https:\/\/casaedianatiago-stp.com\/wp-content\/uploads\/2021\/08\/15-obrigado-pela-visita-scaled-1-300x225.jpeg 300w, https:\/\/casaedianatiago-stp.com\/wp-content\/uploads\/2021\/08\/15-obrigado-pela-visita-scaled-1-1024x768.jpeg 1024w, https:\/\/casaedianatiago-stp.com\/wp-content\/uploads\/2021\/08\/15-obrigado-pela-visita-scaled-1-1536x1152.jpeg 1536w, https:\/\/casaedianatiago-stp.com\/wp-content\/uploads\/2021\/08\/15-obrigado-pela-visita-scaled-1-2048x1536.jpeg 2048w\" sizes=\"(max-width: 768px) 100vw, 768px\" \/>\t\t\t\t<\/a>\n\t\t\t\t\t<\/div>\n\n\t\t\t\t\t\t<\/div>\n\t\t\t\t<\/div>\n\t\t\t\t\t<\/div>\n\t\t<\/div>\n\t\t\t\t\t<\/div>\n\t\t<\/section>\n\t\t\t\t<\/div>\n\t\t","protected":false},"excerpt":{"rendered":"<p>All Casa Ediana Casa Tiago Casa Cadio Bel\u00e9m Trindade Parque Natural de Ob\u00f4 e Jardim Bot\u00e2nico Passeios e caminhadas no distrito de M\u00e9-Zochi Passeios na capital Festas e espet\u00e1culos de rua Conv\u00edvio e gastronomia Excurs\u00f5es na estrada do sul Excurs\u00f5es na estrada do norte<\/p>\n","protected":false},"author":1,"featured_media":0,"parent":0,"menu_order":0,"comment_status":"closed","ping_status":"closed","template":"","meta":{"footnotes":""},"class_list":["post-426","page","type-page","status-publish"],"_links":{"self":[{"href":"https:\/\/casaedianatiago-stp.com\/index.php\/wp-json\/wp\/v2\/pages\/426","targetHints":{"allow":["GET"]}}],"collection":[{"href":"https:\/\/casaedianatiago-stp.com\/index.php\/wp-json\/wp\/v2\/pages"}],"about":[{"href":"https:\/\/casaedianatiago-stp.com\/index.php\/wp-json\/wp\/v2\/types\/page"}],"author":[{"embeddable":true,"href":"https:\/\/casaedianatiago-stp.com\/index.php\/wp-json\/wp\/v2\/users\/1"}],"replies":[{"embeddable":true,"href":"https:\/\/casaedianatiago-stp.com\/index.php\/wp-json\/wp\/v2\/comments?post=426"}],"version-history":[{"count":31,"href":"https:\/\/casaedianatiago-stp.com\/index.php\/wp-json\/wp\/v2\/pages\/426\/revisions"}],"predecessor-version":[{"id":1223,"href":"https:\/\/casaedianatiago-stp.com\/index.php\/wp-json\/wp\/v2\/pages\/426\/revisions\/1223"}],"wp:attachment":[{"href":"https:\/\/casaedianatiago-stp.com\/index.php\/wp-json\/wp\/v2\/media?parent=426"}],"curies":[{"name":"wp","href":"https:\/\/api.w.org\/{rel}","templated":true}]}}